{"id":199,"date":"2022-02-05T13:04:46","date_gmt":"2022-02-05T13:04:46","guid":{"rendered":"http:\/\/sebastienparmentelot.com\/?page_id=199"},"modified":"2025-11-17T10:33:26","modified_gmt":"2025-11-17T10:33:26","slug":"galerie-photo-video-visite-virtuelle","status":"publish","type":"page","link":"https:\/\/sebastienparmentelot.com\/en\/photo-video-virtual-tour-gallery\/","title":{"rendered":"Gallery"},"content":{"rendered":"<div data-elementor-type=\"wp-page\" data-elementor-id=\"199\" class=\"elementor elementor-199\">\n\t\t\t\t\t\t<section class=\"elementor-section elementor-top-section elementor-element elementor-element-4c3d0120 elementor-section-boxed elementor-section-height-default elementor-section-height-default exad-glass-effect-no exad-sticky-section-no\" data-id=\"4c3d0120\" data-element_type=\"section\" data-e-type=\"section\">\n\t\t\t\t\t\t<div class=\"elementor-container elementor-column-gap-default\">\n\t\t\t\t\t<div class=\"elementor-column elementor-col-100 elementor-top-column elementor-element elementor-element-747b0e58 exad-glass-effect-no exad-sticky-section-no\" data-id=\"747b0e58\" data-element_type=\"column\" data-e-type=\"column\">\n\t\t\t<div class=\"elementor-widget-wrap elementor-element-populated\">\n\t\t\t\t\t\t<div class=\"elementor-element elementor-element-532ce26e exad-sticky-section-no exad-glass-effect-no elementor-widget elementor-widget-heading\" data-id=\"532ce26e\" data-element_type=\"widget\" data-e-type=\"widget\" data-widget_type=\"heading.default\">\n\t\t\t\t<div class=\"elementor-widget-container\">\n\t\t\t\t\t<h1 class=\"elementor-heading-title elementor-size-default\">GALLERY<\/h1>\t\t\t\t<\/div>\n\t\t\t\t<\/div>\n\t\t\t\t\t<\/div>\n\t\t<\/div>\n\t\t\t\t\t<\/div>\n\t\t<\/section>\n\t\t\t\t<section class=\"elementor-section elementor-top-section elementor-element elementor-element-e75eb06 gallery-wrap elementor-section-boxed elementor-section-height-default elementor-section-height-default exad-glass-effect-no exad-sticky-section-no\" data-id=\"e75eb06\" data-element_type=\"section\" data-e-type=\"section\">\n\t\t\t\t\t\t<div class=\"elementor-container elementor-column-gap-default\">\n\t\t\t\t\t<div class=\"elementor-column elementor-col-33 elementor-top-column elementor-element elementor-element-65ce5800 exad-glass-effect-no exad-sticky-section-no\" data-id=\"65ce5800\" data-element_type=\"column\" data-e-type=\"column\">\n\t\t\t<div class=\"elementor-widget-wrap elementor-element-populated\">\n\t\t\t\t\t\t<div class=\"exad-link-anything-wrapper elementor-element elementor-element-73b72f91 elementor-position-top exad-sticky-section-no exad-glass-effect-no elementor-widget elementor-widget-image-box\" data-exad-element-link=\"{&quot;url&quot;:&quot;http:\\\/\\\/sebastienparmentelot.com\\\/photographe-architecture-interieur-cannes\\\/&quot;,&quot;is_external&quot;:&quot;&quot;,&quot;nofollow&quot;:&quot;&quot;,&quot;custom_attributes&quot;:&quot;&quot;}\" style=\"cursor: pointer\" data-id=\"73b72f91\" data-element_type=\"widget\" data-e-type=\"widget\" data-widget_type=\"image-box.default\">\n\t\t\t\t<div class=\"elementor-widget-container\">\n\t\t\t\t\t<div class=\"elementor-image-box-wrapper\"><figure class=\"elementor-image-box-img\"><a href=\"https:\/\/sebastienparmentelot.com\/en\/interior-architecture-photographer-cannes\/\" tabindex=\"-1\"><img fetchpriority=\"high\" decoding=\"async\" width=\"1536\" height=\"1024\" src=\"https:\/\/sebastienparmentelot.com\/wp-content\/uploads\/2025\/03\/Villa-Saint-Maxime-Sebastien-Parmentelot-Optimise-70-2.avif\" class=\"attachment-1536x1536 size-1536x1536 wp-image-12119\" alt=\"\" title=\"\" srcset=\"https:\/\/sebastienparmentelot.com\/wp-content\/uploads\/2025\/03\/Villa-Saint-Maxime-Sebastien-Parmentelot-Optimise-70-2.avif 1536w, https:\/\/sebastienparmentelot.com\/wp-content\/uploads\/2025\/03\/Villa-Saint-Maxime-Sebastien-Parmentelot-Optimise-70-2-300x200.avif 300w, https:\/\/sebastienparmentelot.com\/wp-content\/uploads\/2025\/03\/Villa-Saint-Maxime-Sebastien-Parmentelot-Optimise-70-2-150x100.avif 150w, https:\/\/sebastienparmentelot.com\/wp-content\/uploads\/2025\/03\/Villa-Saint-Maxime-Sebastien-Parmentelot-Optimise-70-2-768x512.avif 768w, https:\/\/sebastienparmentelot.com\/wp-content\/uploads\/2025\/03\/Villa-Saint-Maxime-Sebastien-Parmentelot-Optimise-70-2-18x12.avif 18w\" sizes=\"(max-width: 1536px) 100vw, 1536px\" \/><\/a><\/figure><div class=\"elementor-image-box-content\"><h1 class=\"elementor-image-box-title\"><a href=\"https:\/\/sebastienparmentelot.com\/en\/interior-architecture-photographer-cannes\/\">PHOTOGRAPHER<\/a><\/h1><p class=\"elementor-image-box-description\">INTERIOR ARCHITECTURE<\/p><\/div><\/div>\t\t\t\t<\/div>\n\t\t\t\t<\/div>\n\t\t\t\t\t<\/div>\n\t\t<\/div>\n\t\t\t\t<div class=\"elementor-column elementor-col-33 elementor-top-column elementor-element elementor-element-74705078 exad-glass-effect-no exad-sticky-section-no\" data-id=\"74705078\" data-element_type=\"column\" data-e-type=\"column\">\n\t\t\t<div class=\"elementor-widget-wrap elementor-element-populated\">\n\t\t\t\t\t\t<div class=\"exad-link-anything-wrapper elementor-element elementor-element-35cc0371 elementor-position-top exad-sticky-section-no exad-glass-effect-no elementor-widget elementor-widget-image-box\" data-exad-element-link=\"{&quot;url&quot;:&quot;http:\\\/\\\/sebastienparmentelot.com\\\/photographe-hotel-cannes-nice-monaco\\\/&quot;,&quot;is_external&quot;:&quot;&quot;,&quot;nofollow&quot;:&quot;&quot;,&quot;custom_attributes&quot;:&quot;&quot;}\" style=\"cursor: pointer\" data-id=\"35cc0371\" data-element_type=\"widget\" data-e-type=\"widget\" data-widget_type=\"image-box.default\">\n\t\t\t\t<div class=\"elementor-widget-container\">\n\t\t\t\t\t<div class=\"elementor-image-box-wrapper\"><figure class=\"elementor-image-box-img\"><a href=\"https:\/\/sebastienparmentelot.com\/en\/architecture-photographer\/\" tabindex=\"-1\"><img decoding=\"async\" width=\"1536\" height=\"1024\" src=\"https:\/\/sebastienparmentelot.com\/wp-content\/uploads\/2025\/11\/Hotel-Sheraton-Nice-Sebastien-Parmentelot-4-1536x1024.avif\" class=\"attachment-1536x1536 size-1536x1536 wp-image-13095\" alt=\"\" title=\"\" srcset=\"https:\/\/sebastienparmentelot.com\/wp-content\/uploads\/2025\/11\/Hotel-Sheraton-Nice-Sebastien-Parmentelot-4-1536x1024.avif 1536w, https:\/\/sebastienparmentelot.com\/wp-content\/uploads\/2025\/11\/Hotel-Sheraton-Nice-Sebastien-Parmentelot-4-300x200.avif 300w, https:\/\/sebastienparmentelot.com\/wp-content\/uploads\/2025\/11\/Hotel-Sheraton-Nice-Sebastien-Parmentelot-4-150x100.avif 150w, https:\/\/sebastienparmentelot.com\/wp-content\/uploads\/2025\/11\/Hotel-Sheraton-Nice-Sebastien-Parmentelot-4-768x512.avif 768w, https:\/\/sebastienparmentelot.com\/wp-content\/uploads\/2025\/11\/Hotel-Sheraton-Nice-Sebastien-Parmentelot-4-18x12.avif 18w, https:\/\/sebastienparmentelot.com\/wp-content\/uploads\/2025\/11\/Hotel-Sheraton-Nice-Sebastien-Parmentelot-4.avif 2048w\" sizes=\"(max-width: 1536px) 100vw, 1536px\" \/><\/a><\/figure><div class=\"elementor-image-box-content\"><h1 class=\"elementor-image-box-title\"><a href=\"https:\/\/sebastienparmentelot.com\/en\/architecture-photographer\/\">PHOTOGRAPHER<\/a><\/h1><p class=\"elementor-image-box-description\">EXTERIOR ARCHITECTURE<\/p><\/div><\/div>\t\t\t\t<\/div>\n\t\t\t\t<\/div>\n\t\t\t\t\t<\/div>\n\t\t<\/div>\n\t\t\t\t<div class=\"elementor-column elementor-col-33 elementor-top-column elementor-element elementor-element-3de012e0 exad-glass-effect-no exad-sticky-section-no\" data-id=\"3de012e0\" data-element_type=\"column\" data-e-type=\"column\">\n\t\t\t<div class=\"elementor-widget-wrap elementor-element-populated\">\n\t\t\t\t\t\t<div class=\"exad-link-anything-wrapper elementor-element elementor-element-481d5936 elementor-position-top exad-sticky-section-no exad-glass-effect-no elementor-widget elementor-widget-image-box\" data-exad-element-link=\"{&quot;url&quot;:&quot;http:\\\/\\\/sebastienparmentelot.com\\\/photographe-architecture-paysagere&quot;,&quot;is_external&quot;:&quot;&quot;,&quot;nofollow&quot;:&quot;&quot;,&quot;custom_attributes&quot;:&quot;&quot;}\" style=\"cursor: pointer\" data-id=\"481d5936\" data-element_type=\"widget\" data-e-type=\"widget\" data-widget_type=\"image-box.default\">\n\t\t\t\t<div class=\"elementor-widget-container\">\n\t\t\t\t\t<div class=\"elementor-image-box-wrapper\"><figure class=\"elementor-image-box-img\"><a href=\"https:\/\/sebastienparmentelot.com\/en\/hotel-photographer-cannes-nice-monaco\/\" tabindex=\"-1\"><img decoding=\"async\" width=\"2048\" height=\"1365\" src=\"https:\/\/sebastienparmentelot.com\/wp-content\/uploads\/2025\/03\/Hotel-Tiara-Yaktsa-Theoules-sur-mer-Sebastien-Parmentelot-13.avif\" class=\"attachment-full size-full wp-image-11829\" alt=\"\" title=\"\" srcset=\"https:\/\/sebastienparmentelot.com\/wp-content\/uploads\/2025\/03\/Hotel-Tiara-Yaktsa-Theoules-sur-mer-Sebastien-Parmentelot-13.avif 2048w, https:\/\/sebastienparmentelot.com\/wp-content\/uploads\/2025\/03\/Hotel-Tiara-Yaktsa-Theoules-sur-mer-Sebastien-Parmentelot-13-300x200.avif 300w, https:\/\/sebastienparmentelot.com\/wp-content\/uploads\/2025\/03\/Hotel-Tiara-Yaktsa-Theoules-sur-mer-Sebastien-Parmentelot-13-150x100.avif 150w, https:\/\/sebastienparmentelot.com\/wp-content\/uploads\/2025\/03\/Hotel-Tiara-Yaktsa-Theoules-sur-mer-Sebastien-Parmentelot-13-768x512.avif 768w, https:\/\/sebastienparmentelot.com\/wp-content\/uploads\/2025\/03\/Hotel-Tiara-Yaktsa-Theoules-sur-mer-Sebastien-Parmentelot-13-1536x1024.avif 1536w, https:\/\/sebastienparmentelot.com\/wp-content\/uploads\/2025\/03\/Hotel-Tiara-Yaktsa-Theoules-sur-mer-Sebastien-Parmentelot-13-18x12.avif 18w\" sizes=\"(max-width: 2048px) 100vw, 2048px\" \/><\/a><\/figure><div class=\"elementor-image-box-content\"><h1 class=\"elementor-image-box-title\"><a href=\"https:\/\/sebastienparmentelot.com\/en\/hotel-photographer-cannes-nice-monaco\/\">PHOTOGRAPHER<\/a><\/h1><p class=\"elementor-image-box-description\">HOTEL<\/p><\/div><\/div>\t\t\t\t<\/div>\n\t\t\t\t<\/div>\n\t\t\t\t\t<\/div>\n\t\t<\/div>\n\t\t\t\t\t<\/div>\n\t\t<\/section>\n\t\t\t\t<section class=\"elementor-section elementor-top-section elementor-element elementor-element-3f2fcbb8 gallery-wrap elementor-section-boxed elementor-section-height-default elementor-section-height-default exad-glass-effect-no exad-sticky-section-no\" data-id=\"3f2fcbb8\" data-element_type=\"section\" data-e-type=\"section\">\n\t\t\t\t\t\t<div class=\"elementor-container elementor-column-gap-default\">\n\t\t\t\t\t<div class=\"elementor-column elementor-col-33 elementor-top-column elementor-element elementor-element-734b4828 exad-glass-effect-no exad-sticky-section-no\" data-id=\"734b4828\" data-element_type=\"column\" data-e-type=\"column\">\n\t\t\t<div class=\"elementor-widget-wrap elementor-element-populated\">\n\t\t\t\t\t\t<div class=\"exad-link-anything-wrapper elementor-element elementor-element-8857b0e elementor-position-top exad-sticky-section-no exad-glass-effect-no elementor-widget elementor-widget-image-box\" data-exad-element-link=\"{&quot;url&quot;:&quot;http:\\\/\\\/sebastienparmentelot.com\\\/photographe-architecture-heure-bleue&quot;,&quot;is_external&quot;:&quot;&quot;,&quot;nofollow&quot;:&quot;&quot;,&quot;custom_attributes&quot;:&quot;&quot;}\" style=\"cursor: pointer\" data-id=\"8857b0e\" data-element_type=\"widget\" data-e-type=\"widget\" data-widget_type=\"image-box.default\">\n\t\t\t\t<div class=\"elementor-widget-container\">\n\t\t\t\t\t<div class=\"elementor-image-box-wrapper\"><figure class=\"elementor-image-box-img\"><a href=\"https:\/\/sebastienparmentelot.com\/en\/photographe-bureaux\/\" tabindex=\"-1\"><img loading=\"lazy\" decoding=\"async\" width=\"1536\" height=\"1024\" src=\"https:\/\/sebastienparmentelot.com\/wp-content\/uploads\/2025\/03\/Bureaux-Monaco-Sebastien-Parmentelot-14-1536x1024.avif\" class=\"attachment-1536x1536 size-1536x1536 wp-image-12269\" alt=\"\" title=\"\" srcset=\"https:\/\/sebastienparmentelot.com\/wp-content\/uploads\/2025\/03\/Bureaux-Monaco-Sebastien-Parmentelot-14-1536x1024.avif 1536w, https:\/\/sebastienparmentelot.com\/wp-content\/uploads\/2025\/03\/Bureaux-Monaco-Sebastien-Parmentelot-14-300x200.avif 300w, https:\/\/sebastienparmentelot.com\/wp-content\/uploads\/2025\/03\/Bureaux-Monaco-Sebastien-Parmentelot-14-150x100.avif 150w, https:\/\/sebastienparmentelot.com\/wp-content\/uploads\/2025\/03\/Bureaux-Monaco-Sebastien-Parmentelot-14-768x512.avif 768w, https:\/\/sebastienparmentelot.com\/wp-content\/uploads\/2025\/03\/Bureaux-Monaco-Sebastien-Parmentelot-14-18x12.avif 18w, https:\/\/sebastienparmentelot.com\/wp-content\/uploads\/2025\/03\/Bureaux-Monaco-Sebastien-Parmentelot-14.avif 2048w\" sizes=\"(max-width: 1536px) 100vw, 1536px\" \/><\/a><\/figure><div class=\"elementor-image-box-content\"><h1 class=\"elementor-image-box-title\"><a href=\"https:\/\/sebastienparmentelot.com\/en\/photographe-bureaux\/\">PHOTOGRAPHER<\/a><\/h1><p class=\"elementor-image-box-description\">OFFICES<\/p><\/div><\/div>\t\t\t\t<\/div>\n\t\t\t\t<\/div>\n\t\t\t\t\t<\/div>\n\t\t<\/div>\n\t\t\t\t<div class=\"elementor-column elementor-col-33 elementor-top-column elementor-element elementor-element-4a75d6a4 exad-glass-effect-no exad-sticky-section-no\" data-id=\"4a75d6a4\" data-element_type=\"column\" data-e-type=\"column\">\n\t\t\t<div class=\"elementor-widget-wrap elementor-element-populated\">\n\t\t\t\t\t\t<div class=\"exad-link-anything-wrapper elementor-element elementor-element-2976475b elementor-position-top exad-sticky-section-no exad-glass-effect-no elementor-widget elementor-widget-image-box\" data-exad-element-link=\"{&quot;url&quot;:&quot;http:\\\/\\\/sebastienparmentelot.com\\\/photographe-yacht-monaco-cannes-antibes\\\/&quot;,&quot;is_external&quot;:&quot;&quot;,&quot;nofollow&quot;:&quot;&quot;,&quot;custom_attributes&quot;:&quot;&quot;}\" style=\"cursor: pointer\" data-id=\"2976475b\" data-element_type=\"widget\" data-e-type=\"widget\" data-widget_type=\"image-box.default\">\n\t\t\t\t<div class=\"elementor-widget-container\">\n\t\t\t\t\t<div class=\"elementor-image-box-wrapper\"><figure class=\"elementor-image-box-img\"><a href=\"https:\/\/sebastienparmentelot.com\/en\/photographe-architecture-commerciale-retail\/\" tabindex=\"-1\"><img loading=\"lazy\" decoding=\"async\" width=\"1536\" height=\"1024\" src=\"https:\/\/sebastienparmentelot.com\/wp-content\/uploads\/2025\/11\/Commercial-Architecture-Sebastien-Parmentelot-5-1536x1024.avif\" class=\"attachment-1536x1536 size-1536x1536 wp-image-13099\" alt=\"\" title=\"\" srcset=\"https:\/\/sebastienparmentelot.com\/wp-content\/uploads\/2025\/11\/Commercial-Architecture-Sebastien-Parmentelot-5-1536x1024.avif 1536w, https:\/\/sebastienparmentelot.com\/wp-content\/uploads\/2025\/11\/Commercial-Architecture-Sebastien-Parmentelot-5-300x200.avif 300w, https:\/\/sebastienparmentelot.com\/wp-content\/uploads\/2025\/11\/Commercial-Architecture-Sebastien-Parmentelot-5-150x100.avif 150w, https:\/\/sebastienparmentelot.com\/wp-content\/uploads\/2025\/11\/Commercial-Architecture-Sebastien-Parmentelot-5-768x512.avif 768w, https:\/\/sebastienparmentelot.com\/wp-content\/uploads\/2025\/11\/Commercial-Architecture-Sebastien-Parmentelot-5-18x12.avif 18w, https:\/\/sebastienparmentelot.com\/wp-content\/uploads\/2025\/11\/Commercial-Architecture-Sebastien-Parmentelot-5.avif 2048w\" sizes=\"(max-width: 1536px) 100vw, 1536px\" \/><\/a><\/figure><div class=\"elementor-image-box-content\"><h1 class=\"elementor-image-box-title\"><a href=\"https:\/\/sebastienparmentelot.com\/en\/photographe-architecture-commerciale-retail\/\">PHOTOGRAPHER<\/a><\/h1><p class=\"elementor-image-box-description\">COMMERCIAL ARCHITECTURE<\/p><\/div><\/div>\t\t\t\t<\/div>\n\t\t\t\t<\/div>\n\t\t\t\t\t<\/div>\n\t\t<\/div>\n\t\t\t\t<div class=\"elementor-column elementor-col-33 elementor-top-column elementor-element elementor-element-77c102ab exad-glass-effect-no exad-sticky-section-no\" data-id=\"77c102ab\" data-element_type=\"column\" data-e-type=\"column\">\n\t\t\t<div class=\"elementor-widget-wrap elementor-element-populated\">\n\t\t\t\t\t\t<div class=\"exad-link-anything-wrapper elementor-element elementor-element-44a52e0f elementor-position-top exad-sticky-section-no exad-glass-effect-no elementor-widget elementor-widget-image-box\" data-exad-element-link=\"{&quot;url&quot;:&quot;http:\\\/\\\/sebastienparmentelot.com\\\/photographe-immobilier-cannes-mougins-antibes-nice-monaco\\\/&quot;,&quot;is_external&quot;:&quot;&quot;,&quot;nofollow&quot;:&quot;&quot;,&quot;custom_attributes&quot;:&quot;&quot;}\" style=\"cursor: pointer\" data-id=\"44a52e0f\" data-element_type=\"widget\" data-e-type=\"widget\" data-widget_type=\"image-box.default\">\n\t\t\t\t<div class=\"elementor-widget-container\">\n\t\t\t\t\t<div class=\"elementor-image-box-wrapper\"><figure class=\"elementor-image-box-img\"><a href=\"https:\/\/sebastienparmentelot.com\/en\/real-estate-photographer-cannes-mougins-antibes-nice-monaco\/\" tabindex=\"-1\"><img loading=\"lazy\" decoding=\"async\" width=\"1536\" height=\"1023\" src=\"https:\/\/sebastienparmentelot.com\/wp-content\/uploads\/2025\/03\/Villa-de-luxe-Ramatuelle-Sebastien-Parmentelot-24-1536x1023.avif\" class=\"attachment-1536x1536 size-1536x1536 wp-image-12041\" alt=\"\" title=\"\" srcset=\"https:\/\/sebastienparmentelot.com\/wp-content\/uploads\/2025\/03\/Villa-de-luxe-Ramatuelle-Sebastien-Parmentelot-24-1536x1023.avif 1536w, https:\/\/sebastienparmentelot.com\/wp-content\/uploads\/2025\/03\/Villa-de-luxe-Ramatuelle-Sebastien-Parmentelot-24-300x200.avif 300w, https:\/\/sebastienparmentelot.com\/wp-content\/uploads\/2025\/03\/Villa-de-luxe-Ramatuelle-Sebastien-Parmentelot-24-150x100.avif 150w, https:\/\/sebastienparmentelot.com\/wp-content\/uploads\/2025\/03\/Villa-de-luxe-Ramatuelle-Sebastien-Parmentelot-24-768x512.avif 768w, https:\/\/sebastienparmentelot.com\/wp-content\/uploads\/2025\/03\/Villa-de-luxe-Ramatuelle-Sebastien-Parmentelot-24-18x12.avif 18w, https:\/\/sebastienparmentelot.com\/wp-content\/uploads\/2025\/03\/Villa-de-luxe-Ramatuelle-Sebastien-Parmentelot-24.avif 2048w\" sizes=\"(max-width: 1536px) 100vw, 1536px\" \/><\/a><\/figure><div class=\"elementor-image-box-content\"><h1 class=\"elementor-image-box-title\"><a href=\"https:\/\/sebastienparmentelot.com\/en\/real-estate-photographer-cannes-mougins-antibes-nice-monaco\/\">PHOTOGRAPHER<\/a><\/h1><p class=\"elementor-image-box-description\">REAL ESTATE<\/p><\/div><\/div>\t\t\t\t<\/div>\n\t\t\t\t<\/div>\n\t\t\t\t\t<\/div>\n\t\t<\/div>\n\t\t\t\t\t<\/div>\n\t\t<\/section>\n\t\t\t\t<section class=\"elementor-section elementor-top-section elementor-element elementor-element-211ebce5 gallery-wrap elementor-section-boxed elementor-section-height-default elementor-section-height-default exad-glass-effect-no exad-sticky-section-no\" data-id=\"211ebce5\" data-element_type=\"section\" data-e-type=\"section\">\n\t\t\t\t\t\t<div class=\"elementor-container elementor-column-gap-default\">\n\t\t\t\t\t<div class=\"elementor-column elementor-col-33 elementor-top-column elementor-element elementor-element-19d3d6e1 exad-glass-effect-no exad-sticky-section-no\" data-id=\"19d3d6e1\" data-element_type=\"column\" data-e-type=\"column\">\n\t\t\t<div class=\"elementor-widget-wrap elementor-element-populated\">\n\t\t\t\t\t\t<div class=\"exad-link-anything-wrapper elementor-element elementor-element-292eb23 elementor-position-top exad-sticky-section-no exad-glass-effect-no elementor-widget elementor-widget-image-box\" data-exad-element-link=\"{&quot;url&quot;:&quot;http:\\\/\\\/sebastienparmentelot.com\\\/photographe-drone-cannes-mougins-antibes&quot;,&quot;is_external&quot;:&quot;&quot;,&quot;nofollow&quot;:&quot;&quot;,&quot;custom_attributes&quot;:&quot;&quot;}\" style=\"cursor: pointer\" data-id=\"292eb23\" data-element_type=\"widget\" data-e-type=\"widget\" data-widget_type=\"image-box.default\">\n\t\t\t\t<div class=\"elementor-widget-container\">\n\t\t\t\t\t<div class=\"elementor-image-box-wrapper\"><figure class=\"elementor-image-box-img\"><a href=\"https:\/\/sebastienparmentelot.com\/en\/blue-hour-architecture-photographer\/\" tabindex=\"-1\"><img loading=\"lazy\" decoding=\"async\" width=\"1536\" height=\"1024\" src=\"https:\/\/sebastienparmentelot.com\/wp-content\/uploads\/2025\/03\/Le-Grand-Jardin-Ile-de-Lerins-Cannes-Sebastien-Parmentelot-Optimise-70-3.avif\" class=\"attachment-1536x1536 size-1536x1536 wp-image-12125\" alt=\"\" title=\"\" srcset=\"https:\/\/sebastienparmentelot.com\/wp-content\/uploads\/2025\/03\/Le-Grand-Jardin-Ile-de-Lerins-Cannes-Sebastien-Parmentelot-Optimise-70-3.avif 1536w, https:\/\/sebastienparmentelot.com\/wp-content\/uploads\/2025\/03\/Le-Grand-Jardin-Ile-de-Lerins-Cannes-Sebastien-Parmentelot-Optimise-70-3-300x200.avif 300w, https:\/\/sebastienparmentelot.com\/wp-content\/uploads\/2025\/03\/Le-Grand-Jardin-Ile-de-Lerins-Cannes-Sebastien-Parmentelot-Optimise-70-3-150x100.avif 150w, https:\/\/sebastienparmentelot.com\/wp-content\/uploads\/2025\/03\/Le-Grand-Jardin-Ile-de-Lerins-Cannes-Sebastien-Parmentelot-Optimise-70-3-768x512.avif 768w, https:\/\/sebastienparmentelot.com\/wp-content\/uploads\/2025\/03\/Le-Grand-Jardin-Ile-de-Lerins-Cannes-Sebastien-Parmentelot-Optimise-70-3-18x12.avif 18w\" sizes=\"(max-width: 1536px) 100vw, 1536px\" \/><\/a><\/figure><div class=\"elementor-image-box-content\"><h1 class=\"elementor-image-box-title\"><a href=\"https:\/\/sebastienparmentelot.com\/en\/blue-hour-architecture-photographer\/\">PHOTOGRAPHER<\/a><\/h1><p class=\"elementor-image-box-description\">BLUE HOUR - NIGHT<\/p><\/div><\/div>\t\t\t\t<\/div>\n\t\t\t\t<\/div>\n\t\t\t\t\t<\/div>\n\t\t<\/div>\n\t\t\t\t<div class=\"elementor-column elementor-col-33 elementor-top-column elementor-element elementor-element-35d1de exad-glass-effect-no exad-sticky-section-no\" data-id=\"35d1de\" data-element_type=\"column\" data-e-type=\"column\">\n\t\t\t<div class=\"elementor-widget-wrap elementor-element-populated\">\n\t\t\t\t\t\t<div class=\"exad-link-anything-wrapper elementor-element elementor-element-53976a4a elementor-position-top exad-sticky-section-no exad-glass-effect-no elementor-widget elementor-widget-image-box\" data-exad-element-link=\"{&quot;url&quot;:&quot;http:\\\/\\\/sebastienparmentelot.com\\\/video-immobilier-alpes-maritimes-monaco&quot;,&quot;is_external&quot;:&quot;&quot;,&quot;nofollow&quot;:&quot;&quot;,&quot;custom_attributes&quot;:&quot;&quot;}\" style=\"cursor: pointer\" data-id=\"53976a4a\" data-element_type=\"widget\" data-e-type=\"widget\" data-widget_type=\"image-box.default\">\n\t\t\t\t<div class=\"elementor-widget-container\">\n\t\t\t\t\t<div class=\"elementor-image-box-wrapper\"><figure class=\"elementor-image-box-img\"><a href=\"https:\/\/sebastienparmentelot.com\/en\/real-estate-video-french-riviera\/\" tabindex=\"-1\"><img loading=\"lazy\" decoding=\"async\" width=\"1536\" height=\"1024\" src=\"https:\/\/sebastienparmentelot.com\/wp-content\/uploads\/2022\/02\/Bouton-Play-Video-drone-2-1536x1024.jpg\" class=\"attachment-1536x1536 size-1536x1536 wp-image-664\" alt=\"Bouton Play Video drone 2\" title=\"\" srcset=\"https:\/\/sebastienparmentelot.com\/wp-content\/uploads\/2022\/02\/Bouton-Play-Video-drone-2-1536x1024.jpg 1536w, https:\/\/sebastienparmentelot.com\/wp-content\/uploads\/2022\/02\/Bouton-Play-Video-drone-2-300x200.jpg 300w, https:\/\/sebastienparmentelot.com\/wp-content\/uploads\/2022\/02\/Bouton-Play-Video-drone-2-1024x683.jpg 1024w, https:\/\/sebastienparmentelot.com\/wp-content\/uploads\/2022\/02\/Bouton-Play-Video-drone-2-768x512.jpg 768w, https:\/\/sebastienparmentelot.com\/wp-content\/uploads\/2022\/02\/Bouton-Play-Video-drone-2.jpg 1900w\" sizes=\"(max-width: 1536px) 100vw, 1536px\" \/><\/a><\/figure><div class=\"elementor-image-box-content\"><h1 class=\"elementor-image-box-title\"><a href=\"https:\/\/sebastienparmentelot.com\/en\/real-estate-video-french-riviera\/\">VIDEO<\/a><\/h1><p class=\"elementor-image-box-description\">REAL ESTATE - ARCHITECTURE<\/p><\/div><\/div>\t\t\t\t<\/div>\n\t\t\t\t<\/div>\n\t\t\t\t\t<\/div>\n\t\t<\/div>\n\t\t\t\t<div class=\"elementor-column elementor-col-33 elementor-top-column elementor-element elementor-element-70a8ac82 exad-glass-effect-no exad-sticky-section-no\" data-id=\"70a8ac82\" data-element_type=\"column\" data-e-type=\"column\">\n\t\t\t<div class=\"elementor-widget-wrap elementor-element-populated\">\n\t\t\t\t\t\t<div class=\"exad-link-anything-wrapper elementor-element elementor-element-4670f7f0 elementor-position-top exad-sticky-section-no exad-glass-effect-no elementor-widget elementor-widget-image-box\" data-exad-element-link=\"{&quot;url&quot;:&quot;http:\\\/\\\/sebastienparmentelot.com\\\/visite-virtuelle-3d-alpes-maritimes&quot;,&quot;is_external&quot;:&quot;&quot;,&quot;nofollow&quot;:&quot;&quot;,&quot;custom_attributes&quot;:&quot;&quot;}\" style=\"cursor: pointer\" data-id=\"4670f7f0\" data-element_type=\"widget\" data-e-type=\"widget\" data-widget_type=\"image-box.default\">\n\t\t\t\t<div class=\"elementor-widget-container\">\n\t\t\t\t\t<div class=\"elementor-image-box-wrapper\"><figure class=\"elementor-image-box-img\"><a href=\"https:\/\/sebastienparmentelot.com\/en\/3d-virtual-tour-french-riviera\/\" tabindex=\"-1\"><img loading=\"lazy\" decoding=\"async\" width=\"1536\" height=\"1025\" src=\"https:\/\/sebastienparmentelot.com\/wp-content\/uploads\/2022\/02\/Tiny-Planet-Cap-dAntibes2-e1644239519516-1536x1025.jpg\" class=\"attachment-1536x1536 size-1536x1536 wp-image-673\" alt=\"Virtual visit French Riviera\" title=\"\" srcset=\"https:\/\/sebastienparmentelot.com\/wp-content\/uploads\/2022\/02\/Tiny-Planet-Cap-dAntibes2-e1644239519516-1536x1025.jpg 1536w, https:\/\/sebastienparmentelot.com\/wp-content\/uploads\/2022\/02\/Tiny-Planet-Cap-dAntibes2-e1644239519516-300x200.jpg 300w, https:\/\/sebastienparmentelot.com\/wp-content\/uploads\/2022\/02\/Tiny-Planet-Cap-dAntibes2-e1644239519516-1024x683.jpg 1024w, https:\/\/sebastienparmentelot.com\/wp-content\/uploads\/2022\/02\/Tiny-Planet-Cap-dAntibes2-e1644239519516-768x513.jpg 768w, https:\/\/sebastienparmentelot.com\/wp-content\/uploads\/2022\/02\/Tiny-Planet-Cap-dAntibes2-e1644239519516.jpg 1999w\" sizes=\"(max-width: 1536px) 100vw, 1536px\" \/><\/a><\/figure><div class=\"elementor-image-box-content\"><h1 class=\"elementor-image-box-title\"><a href=\"https:\/\/sebastienparmentelot.com\/en\/3d-virtual-tour-french-riviera\/\">3D VIRTUAL TOUR<\/a><\/h1><p class=\"elementor-image-box-description\">3D MATTERPORT - 360 DSLR<\/p><\/div><\/div>\t\t\t\t<\/div>\n\t\t\t\t<\/div>\n\t\t\t\t\t<\/div>\n\t\t<\/div>\n\t\t\t\t\t<\/div>\n\t\t<\/section>\n\t\t\t\t<\/div>","protected":false},"excerpt":{"rendered":"<p>GALERIE PHOTOGRAPHEARCHITECTURE D&rsquo;INT\u00c9RIEUR PHOTOGRAPHEARCHITECTURE EXT\u00c9RIEURE PHOTOGRAPHEH\u00d4TEL PHOTOGRAPHEBUREAUX PHOTOGRAPHEARCHITECTURE COMMERCIALE PHOTOGRAPHEIMMOBILIER PHOTOGRAPHEHEURE BLEUE &#8211; NUIT VID\u00c9OIMMOBILIER &#8211; ARCHITECTURE VISITE VIRTUELLE3D MATTERPORT &#8211; 360 DSLR<\/p>","protected":false},"author":1,"featured_media":0,"parent":0,"menu_order":0,"comment_status":"closed","ping_status":"closed","template":"page-templates\/home.php","meta":{"footnotes":""},"class_list":["post-199","page","type-page","status-publish","hentry"],"_links":{"self":[{"href":"https:\/\/sebastienparmentelot.com\/en\/wp-json\/wp\/v2\/pages\/199","targetHints":{"allow":["GET"]}}],"collection":[{"href":"https:\/\/sebastienparmentelot.com\/en\/wp-json\/wp\/v2\/pages"}],"about":[{"href":"https:\/\/sebastienparmentelot.com\/en\/wp-json\/wp\/v2\/types\/page"}],"author":[{"embeddable":true,"href":"https:\/\/sebastienparmentelot.com\/en\/wp-json\/wp\/v2\/users\/1"}],"replies":[{"embeddable":true,"href":"https:\/\/sebastienparmentelot.com\/en\/wp-json\/wp\/v2\/comments?post=199"}],"version-history":[{"count":131,"href":"https:\/\/sebastienparmentelot.com\/en\/wp-json\/wp\/v2\/pages\/199\/revisions"}],"predecessor-version":[{"id":13311,"href":"https:\/\/sebastienparmentelot.com\/en\/wp-json\/wp\/v2\/pages\/199\/revisions\/13311"}],"wp:attachment":[{"href":"https:\/\/sebastienparmentelot.com\/en\/wp-json\/wp\/v2\/media?parent=199"}],"curies":[{"name":"wp","href":"https:\/\/api.w.org\/{rel}","templated":true}]}}