{"id":504,"date":"2022-02-05T23:39:02","date_gmt":"2022-02-05T23:39:02","guid":{"rendered":"http:\/\/sebastienparmentelot.com\/?page_id=504"},"modified":"2022-12-07T14:02:58","modified_gmt":"2022-12-07T14:02:58","slug":"photographe-drone-360-alpes-maritimes","status":"publish","type":"page","link":"https:\/\/sebastienparmentelot.com\/en\/drone-360-photographer-french-riviera\/","title":{"rendered":"Photographe Drone 360"},"content":{"rendered":"<div data-elementor-type=\"wp-page\" data-elementor-id=\"504\" class=\"elementor elementor-504\">\n\t\t\t\t\t\t<section class=\"elementor-section elementor-top-section elementor-element elementor-element-18740c85 elementor-section-boxed elementor-section-height-default elementor-section-height-default exad-glass-effect-no exad-sticky-section-no\" data-id=\"18740c85\" data-element_type=\"section\" data-e-type=\"section\">\n\t\t\t\t\t\t<div class=\"elementor-container elementor-column-gap-default\">\n\t\t\t\t\t<div class=\"elementor-column elementor-col-100 elementor-top-column elementor-element elementor-element-4a10dfbb exad-glass-effect-no exad-sticky-section-no\" data-id=\"4a10dfbb\" data-element_type=\"column\" data-e-type=\"column\">\n\t\t\t<div class=\"elementor-widget-wrap elementor-element-populated\">\n\t\t\t\t\t\t<div class=\"elementor-element elementor-element-3078fb57 exad-sticky-section-no exad-glass-effect-no elementor-invisible elementor-widget elementor-widget-heading\" data-id=\"3078fb57\" data-element_type=\"widget\" data-e-type=\"widget\" data-settings=\"{&quot;_animation&quot;:&quot;fadeInUp&quot;}\" data-widget_type=\"heading.default\">\n\t\t\t\t<div class=\"elementor-widget-container\">\n\t\t\t\t\t<h1 class=\"elementor-heading-title elementor-size-default\">DRONE PHOTOGRAPHER <span>360 DRONE<\/span><\/h1>\t\t\t\t<\/div>\n\t\t\t\t<\/div>\n\t\t\t\t<div class=\"elementor-element elementor-element-7328f17a exad-sticky-section-no exad-glass-effect-no elementor-widget elementor-widget-heading\" data-id=\"7328f17a\" data-element_type=\"widget\" data-e-type=\"widget\" data-widget_type=\"heading.default\">\n\t\t\t\t<div class=\"elementor-widget-container\">\n\t\t\t\t\t<h2 class=\"elementor-heading-title elementor-size-default\">Drone photographer, professional remote pilot based in Antibes, I take your 360\u00b0 aerial photos by drone throughout the French Riviera. \n<br><br>\nThe 360\u00b0 aerial view offers a unique panorama and allows a better understanding and enhancement of the project. <\/h2>\t\t\t\t<\/div>\n\t\t\t\t<\/div>\n\t\t\t\t\t<\/div>\n\t\t<\/div>\n\t\t\t\t\t<\/div>\n\t\t<\/section>\n\t\t\t\t<section class=\"elementor-section elementor-top-section elementor-element elementor-element-54ce5849 elementor-section-full_width elementor-section-height-default elementor-section-height-default exad-glass-effect-no exad-sticky-section-no\" data-id=\"54ce5849\" data-element_type=\"section\" data-e-type=\"section\">\n\t\t\t\t\t\t<div class=\"elementor-container elementor-column-gap-default\">\n\t\t\t\t\t<div class=\"elementor-column elementor-col-100 elementor-top-column elementor-element elementor-element-4a3b92b6 exad-glass-effect-no exad-sticky-section-no\" data-id=\"4a3b92b6\" data-element_type=\"column\" data-e-type=\"column\">\n\t\t\t<div class=\"elementor-widget-wrap elementor-element-populated\">\n\t\t\t\t\t\t<div class=\"elementor-element elementor-element-af4cbd1 exad-sticky-section-no exad-glass-effect-no elementor-widget elementor-widget-heading\" data-id=\"af4cbd1\" data-element_type=\"widget\" data-e-type=\"widget\" data-widget_type=\"heading.default\">\n\t\t\t\t<div class=\"elementor-widget-container\">\n\t\t\t\t\t<h3 class=\"elementor-heading-title elementor-size-default\"><span>\u00ceLES DE LERINS CANNES<\/span><\/h3>\t\t\t\t<\/div>\n\t\t\t\t<\/div>\n\t\t\t\t<div class=\"elementor-element elementor-element-47f129bf exad-sticky-section-no exad-glass-effect-no elementor-widget elementor-widget-html\" data-id=\"47f129bf\" data-element_type=\"widget\" data-e-type=\"widget\" data-widget_type=\"html.default\">\n\t\t\t\t<div class=\"elementor-widget-container\">\n\t\t\t\t\t<iframe width=\"100%\" height=\"640\" style=\"width: 100%; height: 640px; border: none; max-width: 100%;\" frameborder=\"0\" allowfullscreen allow=\"xr-spatial-tracking; gyroscope; accelerometer\" scrolling=\"no\" src=\"https:\/\/www.explore-en-3d.com\/visite-virtuelle-cannes-iles-de-lereins\/\"><\/iframe>\t\t\t\t<\/div>\n\t\t\t\t<\/div>\n\t\t\t\t<div class=\"elementor-element elementor-element-356486e0 exad-sticky-section-no exad-glass-effect-no elementor-widget elementor-widget-heading\" data-id=\"356486e0\" data-element_type=\"widget\" data-e-type=\"widget\" data-widget_type=\"heading.default\">\n\t\t\t\t<div class=\"elementor-widget-container\">\n\t\t\t\t\t<h3 class=\"elementor-heading-title elementor-size-default\"><span>SAINT JEAN CAP FERRAT<\/span><\/h3>\t\t\t\t<\/div>\n\t\t\t\t<\/div>\n\t\t\t\t<div class=\"elementor-element elementor-element-ecfdfea exad-sticky-section-no exad-glass-effect-no elementor-widget elementor-widget-html\" data-id=\"ecfdfea\" data-element_type=\"widget\" data-e-type=\"widget\" data-widget_type=\"html.default\">\n\t\t\t\t<div class=\"elementor-widget-container\">\n\t\t\t\t\t<iframe width=\"100%\" height=\"640\" style=\"width: 100%; height: 640px; border: none; max-width: 100%;\" frameborder=\"0\" allowfullscreen allow=\"xr-spatial-tracking; gyroscope; accelerometer\" scrolling=\"no\" src=\"https:\/\/www.explore-en-3d.com\/visite-virtuelle-saint-jean-cap-ferrat\/\"><\/iframe>\t\t\t\t<\/div>\n\t\t\t\t<\/div>\n\t\t\t\t<div class=\"elementor-element elementor-element-365e6b81 exad-sticky-section-no exad-glass-effect-no elementor-widget elementor-widget-heading\" data-id=\"365e6b81\" data-element_type=\"widget\" data-e-type=\"widget\" data-widget_type=\"heading.default\">\n\t\t\t\t<div class=\"elementor-widget-container\">\n\t\t\t\t\t<h3 class=\"elementor-heading-title elementor-size-default\"><span> \u00c8ZE VILLAGE<\/span><\/h3>\t\t\t\t<\/div>\n\t\t\t\t<\/div>\n\t\t\t\t<div class=\"elementor-element elementor-element-61ba39a9 exad-sticky-section-no exad-glass-effect-no elementor-widget elementor-widget-html\" data-id=\"61ba39a9\" data-element_type=\"widget\" data-e-type=\"widget\" data-widget_type=\"html.default\">\n\t\t\t\t<div class=\"elementor-widget-container\">\n\t\t\t\t\t<iframe width=\"100%\" height=\"640\" style=\"width: 100%; height: 640px; border: none; max-width: 100%;\" frameborder=\"0\" allowfullscreen allow=\"xr-spatial-tracking; gyroscope; accelerometer\" scrolling=\"no\" src=\"https:\/\/www.explore-en-3d.com\/visite-virtuelle-eze-village\/\"><\/iframe>\t\t\t\t<\/div>\n\t\t\t\t<\/div>\n\t\t\t\t<div class=\"elementor-element elementor-element-18a2316f exad-sticky-section-no exad-glass-effect-no elementor-widget elementor-widget-heading\" data-id=\"18a2316f\" data-element_type=\"widget\" data-e-type=\"widget\" data-widget_type=\"heading.default\">\n\t\t\t\t<div class=\"elementor-widget-container\">\n\t\t\t\t\t<h3 class=\"elementor-heading-title elementor-size-default\"> <span> CAP D'ANTIBES<\/h3>\t\t\t\t<\/div>\n\t\t\t\t<\/div>\n\t\t\t\t<div class=\"elementor-element elementor-element-1137a055 exad-sticky-section-no exad-glass-effect-no elementor-widget elementor-widget-html\" data-id=\"1137a055\" data-element_type=\"widget\" data-e-type=\"widget\" data-widget_type=\"html.default\">\n\t\t\t\t<div class=\"elementor-widget-container\">\n\t\t\t\t\t<iframe width=\"100%\" height=\"640\" style=\"width: 100%; height: 640px; border: none; max-width: 100%;\" frameborder=\"0\" allowfullscreen allow=\"xr-spatial-tracking; gyroscope; accelerometer\" scrolling=\"no\" src=\"https:\/\/www.explore-en-3d.com\/visite-virtuelle-antibes\/\"><\/iframe>\n\t\t\t\t<\/div>\n\t\t\t\t<\/div>\n\t\t\t\t\t<\/div>\n\t\t<\/div>\n\t\t\t\t\t<\/div>\n\t\t<\/section>\n\t\t\t\t<\/div>","protected":false},"excerpt":{"rendered":"<p>PHOTOGRAPHE A\u00c9RIEN 360 DRONE Photographe drone, t\u00e9l\u00e9pilote professionnel bas\u00e9 \u00e0 Antibes, je r\u00e9alise vos photos a\u00e9riennes 360\u00b0 par drone sur toute la C\u00f4te d&rsquo;Azur. La vues a\u00e9rienne 360\u00b0 offre un panorama unique et permet une meilleure compr\u00e9hension et mise en valeur du projet. \u00ceLES DE LERINS CANNES SAINT JEAN CAP FERRAT \u00c8ZE VILLAGE CAP D&rsquo;ANTIBES<\/p>","protected":false},"author":1,"featured_media":0,"parent":0,"menu_order":0,"comment_status":"closed","ping_status":"closed","template":"page-templates\/home.php","meta":{"footnotes":""},"class_list":["post-504","page","type-page","status-publish","hentry"],"_links":{"self":[{"href":"https:\/\/sebastienparmentelot.com\/en\/wp-json\/wp\/v2\/pages\/504","targetHints":{"allow":["GET"]}}],"collection":[{"href":"https:\/\/sebastienparmentelot.com\/en\/wp-json\/wp\/v2\/pages"}],"about":[{"href":"https:\/\/sebastienparmentelot.com\/en\/wp-json\/wp\/v2\/types\/page"}],"author":[{"embeddable":true,"href":"https:\/\/sebastienparmentelot.com\/en\/wp-json\/wp\/v2\/users\/1"}],"replies":[{"embeddable":true,"href":"https:\/\/sebastienparmentelot.com\/en\/wp-json\/wp\/v2\/comments?post=504"}],"version-history":[{"count":38,"href":"https:\/\/sebastienparmentelot.com\/en\/wp-json\/wp\/v2\/pages\/504\/revisions"}],"predecessor-version":[{"id":7437,"href":"https:\/\/sebastienparmentelot.com\/en\/wp-json\/wp\/v2\/pages\/504\/revisions\/7437"}],"wp:attachment":[{"href":"https:\/\/sebastienparmentelot.com\/en\/wp-json\/wp\/v2\/media?parent=504"}],"curies":[{"name":"wp","href":"https:\/\/api.w.org\/{rel}","templated":true}]}}