{"id":548,"date":"2022-02-06T01:02:50","date_gmt":"2022-02-06T01:02:50","guid":{"rendered":"http:\/\/sebastienparmentelot.com\/?page_id=548"},"modified":"2025-07-01T13:40:06","modified_gmt":"2025-07-01T13:40:06","slug":"photographe-hotel-cannes-nice-monaco","status":"publish","type":"page","link":"https:\/\/sebastienparmentelot.com\/en\/hotel-photographer-cannes-nice-monaco\/","title":{"rendered":"Hotel Photographer"},"content":{"rendered":"<div data-elementor-type=\"wp-page\" data-elementor-id=\"548\" class=\"elementor elementor-548\">\n\t\t\t\t\t\t<section class=\"elementor-section elementor-top-section elementor-element elementor-element-61d2076b elementor-section-boxed elementor-section-height-default elementor-section-height-default exad-glass-effect-no exad-sticky-section-no\" data-id=\"61d2076b\" data-element_type=\"section\" data-e-type=\"section\">\n\t\t\t\t\t\t<div class=\"elementor-container elementor-column-gap-default\">\n\t\t\t\t\t<div class=\"elementor-column elementor-col-100 elementor-top-column elementor-element elementor-element-1f9372c4 exad-glass-effect-no exad-sticky-section-no\" data-id=\"1f9372c4\" data-element_type=\"column\" data-e-type=\"column\">\n\t\t\t<div class=\"elementor-widget-wrap elementor-element-populated\">\n\t\t\t\t\t\t<div class=\"elementor-element elementor-element-54ddc26d exad-sticky-section-no exad-glass-effect-no elementor-invisible elementor-widget elementor-widget-heading\" data-id=\"54ddc26d\" data-element_type=\"widget\" data-e-type=\"widget\" data-settings=\"{&quot;_animation&quot;:&quot;fadeInUp&quot;}\" data-widget_type=\"heading.default\">\n\t\t\t\t<div class=\"elementor-widget-container\">\n\t\t\t\t\t<h1 class=\"elementor-heading-title elementor-size-default translation-block\">HOTEL <span>PHOTOGRAPHER<\/span><\/h1>\t\t\t\t<\/div>\n\t\t\t\t<\/div>\n\t\t\t\t<div class=\"elementor-element elementor-element-667d59c8 exad-sticky-section-no exad-glass-effect-no elementor-widget elementor-widget-heading\" data-id=\"667d59c8\" data-element_type=\"widget\" data-e-type=\"widget\" data-widget_type=\"heading.default\">\n\t\t\t\t<div class=\"elementor-widget-container\">\n\t\t\t\t\t<h2 class=\"elementor-heading-title elementor-size-default\">Photographer specialized in the production of photo reports in the hotel industry (hotel, resort, golf course, bastide, castle, vineyard, etc.), I travel from Saint-Tropez to Monaco via Nice, Cannes, Antibes and throughout the French Riviera.\n<br><br>\nThe hospitality industry requires a particular knowledge of the sector, in particular on the values \u200b\u200bto be transmitted throughout the customer experience, where the image and every detail are important.\n<br><br>\nTo meet these needs, I produce high-end images that meet your specifications (the brief) and your objectives in the context of internal communication, press publication or via social networks.\n<br><br>\nDepending on your needs, I produce photo reports of the exteriors \/ interiors of the hotel, the rooms, bars, restaurants, seminar rooms, spa, golf course, etc.\n<br><br> <\/h2>\t\t\t\t<\/div>\n\t\t\t\t<\/div>\n\t\t\t\t\t<\/div>\n\t\t<\/div>\n\t\t\t\t\t<\/div>\n\t\t<\/section>\n\t\t\t\t<section class=\"elementor-section elementor-top-section elementor-element elementor-element-68e4f9f7 elementor-section-full_width elementor-section-height-default elementor-section-height-default exad-glass-effect-no exad-sticky-section-no\" data-id=\"68e4f9f7\" data-element_type=\"section\" data-e-type=\"section\">\n\t\t\t\t\t\t<div class=\"elementor-container elementor-column-gap-default\">\n\t\t\t\t\t<div class=\"elementor-column elementor-col-100 elementor-top-column elementor-element elementor-element-7cfcf5de exad-glass-effect-no exad-sticky-section-no\" data-id=\"7cfcf5de\" data-element_type=\"column\" data-e-type=\"column\">\n\t\t\t<div class=\"elementor-widget-wrap elementor-element-populated\">\n\t\t\t\t\t\t<div class=\"elementor-element elementor-element-66862bc9 exad-sticky-section-no exad-glass-effect-no elementor-widget elementor-widget-gallery\" data-id=\"66862bc9\" data-element_type=\"widget\" data-e-type=\"widget\" data-settings=\"{&quot;gap&quot;:{&quot;unit&quot;:&quot;px&quot;,&quot;size&quot;:30,&quot;sizes&quot;:[]},&quot;columns&quot;:3,&quot;lazyload&quot;:&quot;yes&quot;,&quot;gallery_layout&quot;:&quot;grid&quot;,&quot;columns_tablet&quot;:2,&quot;columns_mobile&quot;:1,&quot;gap_tablet_extra&quot;:{&quot;unit&quot;:&quot;px&quot;,&quot;size&quot;:10,&quot;sizes&quot;:[]},&quot;gap_tablet&quot;:{&quot;unit&quot;:&quot;px&quot;,&quot;size&quot;:10,&quot;sizes&quot;:[]},&quot;gap_mobile_extra&quot;:{&quot;unit&quot;:&quot;px&quot;,&quot;size&quot;:10,&quot;sizes&quot;:[]},&quot;gap_mobile&quot;:{&quot;unit&quot;:&quot;px&quot;,&quot;size&quot;:10,&quot;sizes&quot;:[]},&quot;link_to&quot;:&quot;file&quot;,&quot;aspect_ratio&quot;:&quot;3:2&quot;,&quot;content_hover_animation&quot;:&quot;fade-in&quot;}\" data-widget_type=\"gallery.default\">\n\t\t\t\t<div class=\"elementor-widget-container\">\n\t\t\t\t\t\t\t<div class=\"elementor-gallery__container\">\n\t\t\t\t\t\t\t<a class=\"e-gallery-item elementor-gallery-item elementor-animated-content\" href=\"https:\/\/sebastienparmentelot.com\/wp-content\/uploads\/2025\/03\/Le-Grand-Jardin-Ile-de-Lerins-Cannes-Sebastien-Parmentelot-67.avif\" data-elementor-open-lightbox=\"yes\" data-elementor-lightbox-slideshow=\"all-66862bc9\" data-elementor-lightbox-title=\"Le Grand Jardin Ile de Lerins Cannes S\u00e9bastien Parmentelot-67\" data-e-action-hash=\"#elementor-action%3Aaction%3Dlightbox%26settings%3DeyJpZCI6MTE3MzQsInVybCI6Imh0dHBzOlwvXC9zZWJhc3RpZW5wYXJtZW50ZWxvdC5jb21cL3dwLWNvbnRlbnRcL3VwbG9hZHNcLzIwMjVcLzAzXC9MZS1HcmFuZC1KYXJkaW4tSWxlLWRlLUxlcmlucy1DYW5uZXMtU2ViYXN0aWVuLVBhcm1lbnRlbG90LTY3LmF2aWYiLCJzbGlkZXNob3ciOiJhbGwtNjY4NjJiYzkifQ%3D%3D\" data-lbwps-width=\"2048\" data-lbwps-height=\"1364\" data-lbwps-srcsmall=\"https:\/\/sebastienparmentelot.com\/wp-content\/uploads\/2025\/03\/Le-Grand-Jardin-Ile-de-Lerins-Cannes-Sebastien-Parmentelot-67-18x12.avif\">\n\t\t\t\t\t<div class=\"e-gallery-image elementor-gallery-item__image\" data-thumbnail=\"https:\/\/sebastienparmentelot.com\/wp-content\/uploads\/2025\/03\/Le-Grand-Jardin-Ile-de-Lerins-Cannes-Sebastien-Parmentelot-67.avif\" data-width=\"2048\" data-height=\"1364\" alt=\"\" ><\/div>\n\t\t\t\t\t\t\t\t\t\t\t\t\t\t<\/a>\n\t\t\t\t\t\t\t<a class=\"e-gallery-item elementor-gallery-item elementor-animated-content\" href=\"https:\/\/sebastienparmentelot.com\/wp-content\/uploads\/2025\/03\/Le-Grand-Jardin-Ile-de-Lerins-Cannes-Sebastien-Parmentelot-65.avif\" data-elementor-open-lightbox=\"yes\" data-elementor-lightbox-slideshow=\"all-66862bc9\" data-elementor-lightbox-title=\"Le Grand Jardin Ile de Lerins Cannes S\u00e9bastien Parmentelot-65\" data-e-action-hash=\"#elementor-action%3Aaction%3Dlightbox%26settings%3DeyJpZCI6MTE3MzIsInVybCI6Imh0dHBzOlwvXC9zZWJhc3RpZW5wYXJtZW50ZWxvdC5jb21cL3dwLWNvbnRlbnRcL3VwbG9hZHNcLzIwMjVcLzAzXC9MZS1HcmFuZC1KYXJkaW4tSWxlLWRlLUxlcmlucy1DYW5uZXMtU2ViYXN0aWVuLVBhcm1lbnRlbG90LTY1LmF2aWYiLCJzbGlkZXNob3ciOiJhbGwtNjY4NjJiYzkifQ%3D%3D\" data-lbwps-width=\"2048\" data-lbwps-height=\"1364\" data-lbwps-srcsmall=\"https:\/\/sebastienparmentelot.com\/wp-content\/uploads\/2025\/03\/Le-Grand-Jardin-Ile-de-Lerins-Cannes-Sebastien-Parmentelot-65-18x12.avif\">\n\t\t\t\t\t<div class=\"e-gallery-image elementor-gallery-item__image\" data-thumbnail=\"https:\/\/sebastienparmentelot.com\/wp-content\/uploads\/2025\/03\/Le-Grand-Jardin-Ile-de-Lerins-Cannes-Sebastien-Parmentelot-65.avif\" data-width=\"2048\" data-height=\"1364\" alt=\"\" ><\/div>\n\t\t\t\t\t\t\t\t\t\t\t\t\t\t<\/a>\n\t\t\t\t\t\t\t<a class=\"e-gallery-item elementor-gallery-item elementor-animated-content\" href=\"https:\/\/sebastienparmentelot.com\/wp-content\/uploads\/2025\/03\/Le-Grand-Jardin-Ile-de-Lerins-Cannes-Sebastien-Parmentelot-68.avif\" data-elementor-open-lightbox=\"yes\" data-elementor-lightbox-slideshow=\"all-66862bc9\" data-elementor-lightbox-title=\"Le Grand Jardin Ile de Lerins Cannes S\u00e9bastien Parmentelot-68\" data-e-action-hash=\"#elementor-action%3Aaction%3Dlightbox%26settings%3DeyJpZCI6MTE3MzUsInVybCI6Imh0dHBzOlwvXC9zZWJhc3RpZW5wYXJtZW50ZWxvdC5jb21cL3dwLWNvbnRlbnRcL3VwbG9hZHNcLzIwMjVcLzAzXC9MZS1HcmFuZC1KYXJkaW4tSWxlLWRlLUxlcmlucy1DYW5uZXMtU2ViYXN0aWVuLVBhcm1lbnRlbG90LTY4LmF2aWYiLCJzbGlkZXNob3ciOiJhbGwtNjY4NjJiYzkifQ%3D%3D\" data-lbwps-width=\"2048\" data-lbwps-height=\"1364\" data-lbwps-srcsmall=\"https:\/\/sebastienparmentelot.com\/wp-content\/uploads\/2025\/03\/Le-Grand-Jardin-Ile-de-Lerins-Cannes-Sebastien-Parmentelot-68-18x12.avif\">\n\t\t\t\t\t<div class=\"e-gallery-image elementor-gallery-item__image\" data-thumbnail=\"https:\/\/sebastienparmentelot.com\/wp-content\/uploads\/2025\/03\/Le-Grand-Jardin-Ile-de-Lerins-Cannes-Sebastien-Parmentelot-68.avif\" data-width=\"2048\" data-height=\"1364\" alt=\"\" ><\/div>\n\t\t\t\t\t\t\t\t\t\t\t\t\t\t<\/a>\n\t\t\t\t\t\t\t<a class=\"e-gallery-item elementor-gallery-item elementor-animated-content\" href=\"https:\/\/sebastienparmentelot.com\/wp-content\/uploads\/2025\/03\/Le-Grand-Jardin-Ile-de-Lerins-Cannes-Sebastien-Parmentelot-69.avif\" data-elementor-open-lightbox=\"yes\" data-elementor-lightbox-slideshow=\"all-66862bc9\" data-elementor-lightbox-title=\"Le Grand Jardin Ile de Lerins Cannes S\u00e9bastien Parmentelot-69\" data-e-action-hash=\"#elementor-action%3Aaction%3Dlightbox%26settings%3DeyJpZCI6MTE3MzYsInVybCI6Imh0dHBzOlwvXC9zZWJhc3RpZW5wYXJtZW50ZWxvdC5jb21cL3dwLWNvbnRlbnRcL3VwbG9hZHNcLzIwMjVcLzAzXC9MZS1HcmFuZC1KYXJkaW4tSWxlLWRlLUxlcmlucy1DYW5uZXMtU2ViYXN0aWVuLVBhcm1lbnRlbG90LTY5LmF2aWYiLCJzbGlkZXNob3ciOiJhbGwtNjY4NjJiYzkifQ%3D%3D\" data-lbwps-width=\"2048\" data-lbwps-height=\"1364\" data-lbwps-srcsmall=\"https:\/\/sebastienparmentelot.com\/wp-content\/uploads\/2025\/03\/Le-Grand-Jardin-Ile-de-Lerins-Cannes-Sebastien-Parmentelot-69-18x12.avif\">\n\t\t\t\t\t<div class=\"e-gallery-image elementor-gallery-item__image\" data-thumbnail=\"https:\/\/sebastienparmentelot.com\/wp-content\/uploads\/2025\/03\/Le-Grand-Jardin-Ile-de-Lerins-Cannes-Sebastien-Parmentelot-69.avif\" data-width=\"2048\" data-height=\"1364\" alt=\"\" ><\/div>\n\t\t\t\t\t\t\t\t\t\t\t\t\t\t<\/a>\n\t\t\t\t\t\t\t<a class=\"e-gallery-item elementor-gallery-item elementor-animated-content\" href=\"https:\/\/sebastienparmentelot.com\/wp-content\/uploads\/2025\/03\/Le-Grand-Jardin-Ile-de-Lerins-Cannes-Sebastien-Parmentelot-72.avif\" data-elementor-open-lightbox=\"yes\" data-elementor-lightbox-slideshow=\"all-66862bc9\" data-elementor-lightbox-title=\"Le Grand Jardin Ile de Lerins Cannes S\u00e9bastien Parmentelot-72\" data-e-action-hash=\"#elementor-action%3Aaction%3Dlightbox%26settings%3DeyJpZCI6MTE3MzksInVybCI6Imh0dHBzOlwvXC9zZWJhc3RpZW5wYXJtZW50ZWxvdC5jb21cL3dwLWNvbnRlbnRcL3VwbG9hZHNcLzIwMjVcLzAzXC9MZS1HcmFuZC1KYXJkaW4tSWxlLWRlLUxlcmlucy1DYW5uZXMtU2ViYXN0aWVuLVBhcm1lbnRlbG90LTcyLmF2aWYiLCJzbGlkZXNob3ciOiJhbGwtNjY4NjJiYzkifQ%3D%3D\" data-lbwps-width=\"2048\" data-lbwps-height=\"1364\" data-lbwps-srcsmall=\"https:\/\/sebastienparmentelot.com\/wp-content\/uploads\/2025\/03\/Le-Grand-Jardin-Ile-de-Lerins-Cannes-Sebastien-Parmentelot-72-18x12.avif\">\n\t\t\t\t\t<div class=\"e-gallery-image elementor-gallery-item__image\" data-thumbnail=\"https:\/\/sebastienparmentelot.com\/wp-content\/uploads\/2025\/03\/Le-Grand-Jardin-Ile-de-Lerins-Cannes-Sebastien-Parmentelot-72.avif\" data-width=\"2048\" data-height=\"1364\" alt=\"\" ><\/div>\n\t\t\t\t\t\t\t\t\t\t\t\t\t\t<\/a>\n\t\t\t\t\t\t\t<a class=\"e-gallery-item elementor-gallery-item elementor-animated-content\" href=\"https:\/\/sebastienparmentelot.com\/wp-content\/uploads\/2025\/03\/Le-Grand-Jardin-Ile-de-Lerins-Cannes-Sebastien-Parmentelot-82.avif\" data-elementor-open-lightbox=\"yes\" data-elementor-lightbox-slideshow=\"all-66862bc9\" data-elementor-lightbox-title=\"Le Grand Jardin Ile de Lerins Cannes S\u00e9bastien Parmentelot-82\" data-e-action-hash=\"#elementor-action%3Aaction%3Dlightbox%26settings%3DeyJpZCI6MTE3NDksInVybCI6Imh0dHBzOlwvXC9zZWJhc3RpZW5wYXJtZW50ZWxvdC5jb21cL3dwLWNvbnRlbnRcL3VwbG9hZHNcLzIwMjVcLzAzXC9MZS1HcmFuZC1KYXJkaW4tSWxlLWRlLUxlcmlucy1DYW5uZXMtU2ViYXN0aWVuLVBhcm1lbnRlbG90LTgyLmF2aWYiLCJzbGlkZXNob3ciOiJhbGwtNjY4NjJiYzkifQ%3D%3D\" data-lbwps-width=\"2048\" data-lbwps-height=\"1365\" data-lbwps-srcsmall=\"https:\/\/sebastienparmentelot.com\/wp-content\/uploads\/2025\/03\/Le-Grand-Jardin-Ile-de-Lerins-Cannes-Sebastien-Parmentelot-82-18x12.avif\">\n\t\t\t\t\t<div class=\"e-gallery-image elementor-gallery-item__image\" data-thumbnail=\"https:\/\/sebastienparmentelot.com\/wp-content\/uploads\/2025\/03\/Le-Grand-Jardin-Ile-de-Lerins-Cannes-Sebastien-Parmentelot-82.avif\" data-width=\"2048\" data-height=\"1365\" alt=\"\" ><\/div>\n\t\t\t\t\t\t\t\t\t\t\t\t\t\t<\/a>\n\t\t\t\t\t\t\t<a class=\"e-gallery-item elementor-gallery-item elementor-animated-content\" href=\"https:\/\/sebastienparmentelot.com\/wp-content\/uploads\/2025\/03\/Le-Grand-Jardin-Ile-de-Lerins-Cannes-Sebastien-Parmentelot-57.avif\" data-elementor-open-lightbox=\"yes\" data-elementor-lightbox-slideshow=\"all-66862bc9\" data-elementor-lightbox-title=\"Le Grand Jardin Ile de Lerins Cannes S\u00e9bastien Parmentelot-57\" data-e-action-hash=\"#elementor-action%3Aaction%3Dlightbox%26settings%3DeyJpZCI6MTE3MjQsInVybCI6Imh0dHBzOlwvXC9zZWJhc3RpZW5wYXJtZW50ZWxvdC5jb21cL3dwLWNvbnRlbnRcL3VwbG9hZHNcLzIwMjVcLzAzXC9MZS1HcmFuZC1KYXJkaW4tSWxlLWRlLUxlcmlucy1DYW5uZXMtU2ViYXN0aWVuLVBhcm1lbnRlbG90LTU3LmF2aWYiLCJzbGlkZXNob3ciOiJhbGwtNjY4NjJiYzkifQ%3D%3D\" data-lbwps-width=\"2048\" data-lbwps-height=\"1365\" data-lbwps-srcsmall=\"https:\/\/sebastienparmentelot.com\/wp-content\/uploads\/2025\/03\/Le-Grand-Jardin-Ile-de-Lerins-Cannes-Sebastien-Parmentelot-57-18x12.avif\">\n\t\t\t\t\t<div class=\"e-gallery-image elementor-gallery-item__image\" data-thumbnail=\"https:\/\/sebastienparmentelot.com\/wp-content\/uploads\/2025\/03\/Le-Grand-Jardin-Ile-de-Lerins-Cannes-Sebastien-Parmentelot-57.avif\" data-width=\"2048\" data-height=\"1365\" alt=\"\" ><\/div>\n\t\t\t\t\t\t\t\t\t\t\t\t\t\t<\/a>\n\t\t\t\t\t\t\t<a class=\"e-gallery-item elementor-gallery-item elementor-animated-content\" href=\"https:\/\/sebastienparmentelot.com\/wp-content\/uploads\/2025\/03\/Le-Grand-Jardin-Ile-de-Lerins-Cannes-Sebastien-Parmentelot-60.avif\" data-elementor-open-lightbox=\"yes\" data-elementor-lightbox-slideshow=\"all-66862bc9\" data-elementor-lightbox-title=\"Le Grand Jardin Ile de Lerins Cannes S\u00e9bastien Parmentelot-60\" data-e-action-hash=\"#elementor-action%3Aaction%3Dlightbox%26settings%3DeyJpZCI6MTE3MjcsInVybCI6Imh0dHBzOlwvXC9zZWJhc3RpZW5wYXJtZW50ZWxvdC5jb21cL3dwLWNvbnRlbnRcL3VwbG9hZHNcLzIwMjVcLzAzXC9MZS1HcmFuZC1KYXJkaW4tSWxlLWRlLUxlcmlucy1DYW5uZXMtU2ViYXN0aWVuLVBhcm1lbnRlbG90LTYwLmF2aWYiLCJzbGlkZXNob3ciOiJhbGwtNjY4NjJiYzkifQ%3D%3D\" data-lbwps-width=\"1365\" data-lbwps-height=\"2048\" data-lbwps-srcsmall=\"https:\/\/sebastienparmentelot.com\/wp-content\/uploads\/2025\/03\/Le-Grand-Jardin-Ile-de-Lerins-Cannes-Sebastien-Parmentelot-60-8x12.avif\">\n\t\t\t\t\t<div class=\"e-gallery-image elementor-gallery-item__image\" data-thumbnail=\"https:\/\/sebastienparmentelot.com\/wp-content\/uploads\/2025\/03\/Le-Grand-Jardin-Ile-de-Lerins-Cannes-Sebastien-Parmentelot-60.avif\" data-width=\"1365\" data-height=\"2048\" alt=\"\" ><\/div>\n\t\t\t\t\t\t\t\t\t\t\t\t\t\t<\/a>\n\t\t\t\t\t\t\t<a class=\"e-gallery-item elementor-gallery-item elementor-animated-content\" href=\"https:\/\/sebastienparmentelot.com\/wp-content\/uploads\/2025\/03\/Le-Grand-Jardin-Ile-de-Lerins-Cannes-Sebastien-Parmentelot-61.avif\" data-elementor-open-lightbox=\"yes\" data-elementor-lightbox-slideshow=\"all-66862bc9\" data-elementor-lightbox-title=\"Le Grand Jardin Ile de Lerins Cannes S\u00e9bastien Parmentelot-61\" data-e-action-hash=\"#elementor-action%3Aaction%3Dlightbox%26settings%3DeyJpZCI6MTE3MjgsInVybCI6Imh0dHBzOlwvXC9zZWJhc3RpZW5wYXJtZW50ZWxvdC5jb21cL3dwLWNvbnRlbnRcL3VwbG9hZHNcLzIwMjVcLzAzXC9MZS1HcmFuZC1KYXJkaW4tSWxlLWRlLUxlcmlucy1DYW5uZXMtU2ViYXN0aWVuLVBhcm1lbnRlbG90LTYxLmF2aWYiLCJzbGlkZXNob3ciOiJhbGwtNjY4NjJiYzkifQ%3D%3D\" data-lbwps-width=\"2048\" data-lbwps-height=\"1365\" data-lbwps-srcsmall=\"https:\/\/sebastienparmentelot.com\/wp-content\/uploads\/2025\/03\/Le-Grand-Jardin-Ile-de-Lerins-Cannes-Sebastien-Parmentelot-61-18x12.avif\">\n\t\t\t\t\t<div class=\"e-gallery-image elementor-gallery-item__image\" data-thumbnail=\"https:\/\/sebastienparmentelot.com\/wp-content\/uploads\/2025\/03\/Le-Grand-Jardin-Ile-de-Lerins-Cannes-Sebastien-Parmentelot-61.avif\" data-width=\"2048\" data-height=\"1365\" alt=\"\" ><\/div>\n\t\t\t\t\t\t\t\t\t\t\t\t\t\t<\/a>\n\t\t\t\t\t\t\t<a class=\"e-gallery-item elementor-gallery-item elementor-animated-content\" href=\"https:\/\/sebastienparmentelot.com\/wp-content\/uploads\/2025\/03\/Le-Grand-Jardin-Ile-de-Lerins-Cannes-Sebastien-Parmentelot-62.avif\" data-elementor-open-lightbox=\"yes\" data-elementor-lightbox-slideshow=\"all-66862bc9\" data-elementor-lightbox-title=\"Le Grand Jardin Ile de Lerins Cannes S\u00e9bastien Parmentelot-62\" data-e-action-hash=\"#elementor-action%3Aaction%3Dlightbox%26settings%3DeyJpZCI6MTE3MjksInVybCI6Imh0dHBzOlwvXC9zZWJhc3RpZW5wYXJtZW50ZWxvdC5jb21cL3dwLWNvbnRlbnRcL3VwbG9hZHNcLzIwMjVcLzAzXC9MZS1HcmFuZC1KYXJkaW4tSWxlLWRlLUxlcmlucy1DYW5uZXMtU2ViYXN0aWVuLVBhcm1lbnRlbG90LTYyLmF2aWYiLCJzbGlkZXNob3ciOiJhbGwtNjY4NjJiYzkifQ%3D%3D\" data-lbwps-width=\"2048\" data-lbwps-height=\"1365\" data-lbwps-srcsmall=\"https:\/\/sebastienparmentelot.com\/wp-content\/uploads\/2025\/03\/Le-Grand-Jardin-Ile-de-Lerins-Cannes-Sebastien-Parmentelot-62-18x12.avif\">\n\t\t\t\t\t<div class=\"e-gallery-image elementor-gallery-item__image\" data-thumbnail=\"https:\/\/sebastienparmentelot.com\/wp-content\/uploads\/2025\/03\/Le-Grand-Jardin-Ile-de-Lerins-Cannes-Sebastien-Parmentelot-62.avif\" data-width=\"2048\" data-height=\"1365\" alt=\"\" ><\/div>\n\t\t\t\t\t\t\t\t\t\t\t\t\t\t<\/a>\n\t\t\t\t\t\t\t<a class=\"e-gallery-item elementor-gallery-item elementor-animated-content\" href=\"https:\/\/sebastienparmentelot.com\/wp-content\/uploads\/2025\/03\/Le-Grand-Jardin-Ile-de-Lerins-Cannes-Sebastien-Parmentelot-64.avif\" data-elementor-open-lightbox=\"yes\" data-elementor-lightbox-slideshow=\"all-66862bc9\" data-elementor-lightbox-title=\"Le Grand Jardin Ile de Lerins Cannes S\u00e9bastien Parmentelot-64\" data-e-action-hash=\"#elementor-action%3Aaction%3Dlightbox%26settings%3DeyJpZCI6MTE3MzEsInVybCI6Imh0dHBzOlwvXC9zZWJhc3RpZW5wYXJtZW50ZWxvdC5jb21cL3dwLWNvbnRlbnRcL3VwbG9hZHNcLzIwMjVcLzAzXC9MZS1HcmFuZC1KYXJkaW4tSWxlLWRlLUxlcmlucy1DYW5uZXMtU2ViYXN0aWVuLVBhcm1lbnRlbG90LTY0LmF2aWYiLCJzbGlkZXNob3ciOiJhbGwtNjY4NjJiYzkifQ%3D%3D\" data-lbwps-width=\"2048\" data-lbwps-height=\"1364\" data-lbwps-srcsmall=\"https:\/\/sebastienparmentelot.com\/wp-content\/uploads\/2025\/03\/Le-Grand-Jardin-Ile-de-Lerins-Cannes-Sebastien-Parmentelot-64-18x12.avif\">\n\t\t\t\t\t<div class=\"e-gallery-image elementor-gallery-item__image\" data-thumbnail=\"https:\/\/sebastienparmentelot.com\/wp-content\/uploads\/2025\/03\/Le-Grand-Jardin-Ile-de-Lerins-Cannes-Sebastien-Parmentelot-64.avif\" data-width=\"2048\" data-height=\"1364\" alt=\"\" ><\/div>\n\t\t\t\t\t\t\t\t\t\t\t\t\t\t<\/a>\n\t\t\t\t\t\t\t<a class=\"e-gallery-item elementor-gallery-item elementor-animated-content\" href=\"https:\/\/sebastienparmentelot.com\/wp-content\/uploads\/2025\/03\/Le-Grand-Jardin-Ile-de-Lerins-Cannes-Sebastien-Parmentelot-29.avif\" data-elementor-open-lightbox=\"yes\" data-elementor-lightbox-slideshow=\"all-66862bc9\" data-elementor-lightbox-title=\"Le Grand Jardin Ile de Lerins Cannes S\u00e9bastien Parmentelot-29\" data-e-action-hash=\"#elementor-action%3Aaction%3Dlightbox%26settings%3DeyJpZCI6MTE2OTYsInVybCI6Imh0dHBzOlwvXC9zZWJhc3RpZW5wYXJtZW50ZWxvdC5jb21cL3dwLWNvbnRlbnRcL3VwbG9hZHNcLzIwMjVcLzAzXC9MZS1HcmFuZC1KYXJkaW4tSWxlLWRlLUxlcmlucy1DYW5uZXMtU2ViYXN0aWVuLVBhcm1lbnRlbG90LTI5LmF2aWYiLCJzbGlkZXNob3ciOiJhbGwtNjY4NjJiYzkifQ%3D%3D\" data-lbwps-width=\"2048\" data-lbwps-height=\"1365\" data-lbwps-srcsmall=\"https:\/\/sebastienparmentelot.com\/wp-content\/uploads\/2025\/03\/Le-Grand-Jardin-Ile-de-Lerins-Cannes-Sebastien-Parmentelot-29-18x12.avif\">\n\t\t\t\t\t<div class=\"e-gallery-image elementor-gallery-item__image\" data-thumbnail=\"https:\/\/sebastienparmentelot.com\/wp-content\/uploads\/2025\/03\/Le-Grand-Jardin-Ile-de-Lerins-Cannes-Sebastien-Parmentelot-29.avif\" data-width=\"2048\" data-height=\"1365\" alt=\"\" ><\/div>\n\t\t\t\t\t\t\t\t\t\t\t\t\t\t<\/a>\n\t\t\t\t\t\t\t<a class=\"e-gallery-item elementor-gallery-item elementor-animated-content\" href=\"https:\/\/sebastienparmentelot.com\/wp-content\/uploads\/2025\/03\/Le-Grand-Jardin-Ile-de-Lerins-Cannes-Sebastien-Parmentelot-21.avif\" data-elementor-open-lightbox=\"yes\" data-elementor-lightbox-slideshow=\"all-66862bc9\" data-elementor-lightbox-title=\"Le Grand Jardin Ile de Lerins Cannes S\u00e9bastien Parmentelot-21\" data-e-action-hash=\"#elementor-action%3Aaction%3Dlightbox%26settings%3DeyJpZCI6MTE2ODgsInVybCI6Imh0dHBzOlwvXC9zZWJhc3RpZW5wYXJtZW50ZWxvdC5jb21cL3dwLWNvbnRlbnRcL3VwbG9hZHNcLzIwMjVcLzAzXC9MZS1HcmFuZC1KYXJkaW4tSWxlLWRlLUxlcmlucy1DYW5uZXMtU2ViYXN0aWVuLVBhcm1lbnRlbG90LTIxLmF2aWYiLCJzbGlkZXNob3ciOiJhbGwtNjY4NjJiYzkifQ%3D%3D\" data-lbwps-width=\"2048\" data-lbwps-height=\"1365\" data-lbwps-srcsmall=\"https:\/\/sebastienparmentelot.com\/wp-content\/uploads\/2025\/03\/Le-Grand-Jardin-Ile-de-Lerins-Cannes-Sebastien-Parmentelot-21-18x12.avif\">\n\t\t\t\t\t<div class=\"e-gallery-image elementor-gallery-item__image\" data-thumbnail=\"https:\/\/sebastienparmentelot.com\/wp-content\/uploads\/2025\/03\/Le-Grand-Jardin-Ile-de-Lerins-Cannes-Sebastien-Parmentelot-21.avif\" data-width=\"2048\" data-height=\"1365\" alt=\"\" ><\/div>\n\t\t\t\t\t\t\t\t\t\t\t\t\t\t<\/a>\n\t\t\t\t\t\t\t<a class=\"e-gallery-item elementor-gallery-item elementor-animated-content\" href=\"https:\/\/sebastienparmentelot.com\/wp-content\/uploads\/2025\/03\/Le-Grand-Jardin-Ile-de-Lerins-Cannes-Sebastien-Parmentelot-31.avif\" data-elementor-open-lightbox=\"yes\" data-elementor-lightbox-slideshow=\"all-66862bc9\" data-elementor-lightbox-title=\"Le Grand Jardin Ile de Lerins Cannes S\u00e9bastien Parmentelot-31\" data-e-action-hash=\"#elementor-action%3Aaction%3Dlightbox%26settings%3DeyJpZCI6MTE2OTgsInVybCI6Imh0dHBzOlwvXC9zZWJhc3RpZW5wYXJtZW50ZWxvdC5jb21cL3dwLWNvbnRlbnRcL3VwbG9hZHNcLzIwMjVcLzAzXC9MZS1HcmFuZC1KYXJkaW4tSWxlLWRlLUxlcmlucy1DYW5uZXMtU2ViYXN0aWVuLVBhcm1lbnRlbG90LTMxLmF2aWYiLCJzbGlkZXNob3ciOiJhbGwtNjY4NjJiYzkifQ%3D%3D\" data-lbwps-width=\"2048\" data-lbwps-height=\"1365\" data-lbwps-srcsmall=\"https:\/\/sebastienparmentelot.com\/wp-content\/uploads\/2025\/03\/Le-Grand-Jardin-Ile-de-Lerins-Cannes-Sebastien-Parmentelot-31-18x12.avif\">\n\t\t\t\t\t<div class=\"e-gallery-image elementor-gallery-item__image\" data-thumbnail=\"https:\/\/sebastienparmentelot.com\/wp-content\/uploads\/2025\/03\/Le-Grand-Jardin-Ile-de-Lerins-Cannes-Sebastien-Parmentelot-31.avif\" data-width=\"2048\" data-height=\"1365\" alt=\"\" ><\/div>\n\t\t\t\t\t\t\t\t\t\t\t\t\t\t<\/a>\n\t\t\t\t\t\t\t<a class=\"e-gallery-item elementor-gallery-item elementor-animated-content\" href=\"https:\/\/sebastienparmentelot.com\/wp-content\/uploads\/2025\/03\/Le-Grand-Jardin-Ile-de-Lerins-Cannes-Sebastien-Parmentelot-32.avif\" data-elementor-open-lightbox=\"yes\" data-elementor-lightbox-slideshow=\"all-66862bc9\" data-elementor-lightbox-title=\"Le Grand Jardin Ile de Lerins Cannes S\u00e9bastien Parmentelot-32\" data-e-action-hash=\"#elementor-action%3Aaction%3Dlightbox%26settings%3DeyJpZCI6MTE2OTksInVybCI6Imh0dHBzOlwvXC9zZWJhc3RpZW5wYXJtZW50ZWxvdC5jb21cL3dwLWNvbnRlbnRcL3VwbG9hZHNcLzIwMjVcLzAzXC9MZS1HcmFuZC1KYXJkaW4tSWxlLWRlLUxlcmlucy1DYW5uZXMtU2ViYXN0aWVuLVBhcm1lbnRlbG90LTMyLmF2aWYiLCJzbGlkZXNob3ciOiJhbGwtNjY4NjJiYzkifQ%3D%3D\" data-lbwps-width=\"2048\" data-lbwps-height=\"1365\" data-lbwps-srcsmall=\"https:\/\/sebastienparmentelot.com\/wp-content\/uploads\/2025\/03\/Le-Grand-Jardin-Ile-de-Lerins-Cannes-Sebastien-Parmentelot-32-18x12.avif\">\n\t\t\t\t\t<div class=\"e-gallery-image elementor-gallery-item__image\" data-thumbnail=\"https:\/\/sebastienparmentelot.com\/wp-content\/uploads\/2025\/03\/Le-Grand-Jardin-Ile-de-Lerins-Cannes-Sebastien-Parmentelot-32.avif\" data-width=\"2048\" data-height=\"1365\" alt=\"\" ><\/div>\n\t\t\t\t\t\t\t\t\t\t\t\t\t\t<\/a>\n\t\t\t\t\t\t\t<a class=\"e-gallery-item elementor-gallery-item elementor-animated-content\" href=\"https:\/\/sebastienparmentelot.com\/wp-content\/uploads\/2025\/03\/Le-Grand-Jardin-Ile-de-Lerins-Cannes-Sebastien-Parmentelot-30.avif\" data-elementor-open-lightbox=\"yes\" data-elementor-lightbox-slideshow=\"all-66862bc9\" data-elementor-lightbox-title=\"Le Grand Jardin Ile de Lerins Cannes S\u00e9bastien Parmentelot-30\" data-e-action-hash=\"#elementor-action%3Aaction%3Dlightbox%26settings%3DeyJpZCI6MTE2OTcsInVybCI6Imh0dHBzOlwvXC9zZWJhc3RpZW5wYXJtZW50ZWxvdC5jb21cL3dwLWNvbnRlbnRcL3VwbG9hZHNcLzIwMjVcLzAzXC9MZS1HcmFuZC1KYXJkaW4tSWxlLWRlLUxlcmlucy1DYW5uZXMtU2ViYXN0aWVuLVBhcm1lbnRlbG90LTMwLmF2aWYiLCJzbGlkZXNob3ciOiJhbGwtNjY4NjJiYzkifQ%3D%3D\" data-lbwps-width=\"2048\" data-lbwps-height=\"1365\" data-lbwps-srcsmall=\"https:\/\/sebastienparmentelot.com\/wp-content\/uploads\/2025\/03\/Le-Grand-Jardin-Ile-de-Lerins-Cannes-Sebastien-Parmentelot-30-18x12.avif\">\n\t\t\t\t\t<div class=\"e-gallery-image elementor-gallery-item__image\" data-thumbnail=\"https:\/\/sebastienparmentelot.com\/wp-content\/uploads\/2025\/03\/Le-Grand-Jardin-Ile-de-Lerins-Cannes-Sebastien-Parmentelot-30.avif\" data-width=\"2048\" data-height=\"1365\" alt=\"\" ><\/div>\n\t\t\t\t\t\t\t\t\t\t\t\t\t\t<\/a>\n\t\t\t\t\t\t\t<a class=\"e-gallery-item elementor-gallery-item elementor-animated-content\" href=\"https:\/\/sebastienparmentelot.com\/wp-content\/uploads\/2025\/03\/Le-Grand-Jardin-Ile-de-Lerins-Cannes-Sebastien-Parmentelot-34.avif\" data-elementor-open-lightbox=\"yes\" data-elementor-lightbox-slideshow=\"all-66862bc9\" data-elementor-lightbox-title=\"Le Grand Jardin Ile de Lerins Cannes S\u00e9bastien Parmentelot-34\" data-e-action-hash=\"#elementor-action%3Aaction%3Dlightbox%26settings%3DeyJpZCI6MTE3MDEsInVybCI6Imh0dHBzOlwvXC9zZWJhc3RpZW5wYXJtZW50ZWxvdC5jb21cL3dwLWNvbnRlbnRcL3VwbG9hZHNcLzIwMjVcLzAzXC9MZS1HcmFuZC1KYXJkaW4tSWxlLWRlLUxlcmlucy1DYW5uZXMtU2ViYXN0aWVuLVBhcm1lbnRlbG90LTM0LmF2aWYiLCJzbGlkZXNob3ciOiJhbGwtNjY4NjJiYzkifQ%3D%3D\" data-lbwps-width=\"2048\" data-lbwps-height=\"1365\" data-lbwps-srcsmall=\"https:\/\/sebastienparmentelot.com\/wp-content\/uploads\/2025\/03\/Le-Grand-Jardin-Ile-de-Lerins-Cannes-Sebastien-Parmentelot-34-18x12.avif\">\n\t\t\t\t\t<div class=\"e-gallery-image elementor-gallery-item__image\" data-thumbnail=\"https:\/\/sebastienparmentelot.com\/wp-content\/uploads\/2025\/03\/Le-Grand-Jardin-Ile-de-Lerins-Cannes-Sebastien-Parmentelot-34.avif\" data-width=\"2048\" data-height=\"1365\" alt=\"\" ><\/div>\n\t\t\t\t\t\t\t\t\t\t\t\t\t\t<\/a>\n\t\t\t\t\t\t\t<a class=\"e-gallery-item elementor-gallery-item elementor-animated-content\" href=\"https:\/\/sebastienparmentelot.com\/wp-content\/uploads\/2025\/03\/Le-Grand-Jardin-Ile-de-Lerins-Cannes-Sebastien-Parmentelot-35.avif\" data-elementor-open-lightbox=\"yes\" data-elementor-lightbox-slideshow=\"all-66862bc9\" data-elementor-lightbox-title=\"Le Grand Jardin Ile de Lerins Cannes S\u00e9bastien Parmentelot-35\" data-e-action-hash=\"#elementor-action%3Aaction%3Dlightbox%26settings%3DeyJpZCI6MTE3MDIsInVybCI6Imh0dHBzOlwvXC9zZWJhc3RpZW5wYXJtZW50ZWxvdC5jb21cL3dwLWNvbnRlbnRcL3VwbG9hZHNcLzIwMjVcLzAzXC9MZS1HcmFuZC1KYXJkaW4tSWxlLWRlLUxlcmlucy1DYW5uZXMtU2ViYXN0aWVuLVBhcm1lbnRlbG90LTM1LmF2aWYiLCJzbGlkZXNob3ciOiJhbGwtNjY4NjJiYzkifQ%3D%3D\" data-lbwps-width=\"2048\" data-lbwps-height=\"1365\" data-lbwps-srcsmall=\"https:\/\/sebastienparmentelot.com\/wp-content\/uploads\/2025\/03\/Le-Grand-Jardin-Ile-de-Lerins-Cannes-Sebastien-Parmentelot-35-18x12.avif\">\n\t\t\t\t\t<div class=\"e-gallery-image elementor-gallery-item__image\" data-thumbnail=\"https:\/\/sebastienparmentelot.com\/wp-content\/uploads\/2025\/03\/Le-Grand-Jardin-Ile-de-Lerins-Cannes-Sebastien-Parmentelot-35.avif\" data-width=\"2048\" data-height=\"1365\" alt=\"\" ><\/div>\n\t\t\t\t\t\t\t\t\t\t\t\t\t\t<\/a>\n\t\t\t\t\t\t\t<a class=\"e-gallery-item elementor-gallery-item elementor-animated-content\" href=\"https:\/\/sebastienparmentelot.com\/wp-content\/uploads\/2025\/03\/Le-Grand-Jardin-Ile-de-Lerins-Cannes-Sebastien-Parmentelot-36.avif\" data-elementor-open-lightbox=\"yes\" data-elementor-lightbox-slideshow=\"all-66862bc9\" data-elementor-lightbox-title=\"Le Grand Jardin Ile de Lerins Cannes S\u00e9bastien Parmentelot-36\" data-e-action-hash=\"#elementor-action%3Aaction%3Dlightbox%26settings%3DeyJpZCI6MTE3MDMsInVybCI6Imh0dHBzOlwvXC9zZWJhc3RpZW5wYXJtZW50ZWxvdC5jb21cL3dwLWNvbnRlbnRcL3VwbG9hZHNcLzIwMjVcLzAzXC9MZS1HcmFuZC1KYXJkaW4tSWxlLWRlLUxlcmlucy1DYW5uZXMtU2ViYXN0aWVuLVBhcm1lbnRlbG90LTM2LmF2aWYiLCJzbGlkZXNob3ciOiJhbGwtNjY4NjJiYzkifQ%3D%3D\" data-lbwps-width=\"2048\" data-lbwps-height=\"1365\" data-lbwps-srcsmall=\"https:\/\/sebastienparmentelot.com\/wp-content\/uploads\/2025\/03\/Le-Grand-Jardin-Ile-de-Lerins-Cannes-Sebastien-Parmentelot-36-18x12.avif\">\n\t\t\t\t\t<div class=\"e-gallery-image elementor-gallery-item__image\" data-thumbnail=\"https:\/\/sebastienparmentelot.com\/wp-content\/uploads\/2025\/03\/Le-Grand-Jardin-Ile-de-Lerins-Cannes-Sebastien-Parmentelot-36.avif\" data-width=\"2048\" data-height=\"1365\" alt=\"\" ><\/div>\n\t\t\t\t\t\t\t\t\t\t\t\t\t\t<\/a>\n\t\t\t\t\t\t\t<a class=\"e-gallery-item elementor-gallery-item elementor-animated-content\" href=\"https:\/\/sebastienparmentelot.com\/wp-content\/uploads\/2025\/03\/Le-Grand-Jardin-Ile-de-Lerins-Cannes-Sebastien-Parmentelot-37.avif\" data-elementor-open-lightbox=\"yes\" data-elementor-lightbox-slideshow=\"all-66862bc9\" data-elementor-lightbox-title=\"Le Grand Jardin Ile de Lerins Cannes S\u00e9bastien Parmentelot-37\" data-e-action-hash=\"#elementor-action%3Aaction%3Dlightbox%26settings%3DeyJpZCI6MTE3MDQsInVybCI6Imh0dHBzOlwvXC9zZWJhc3RpZW5wYXJtZW50ZWxvdC5jb21cL3dwLWNvbnRlbnRcL3VwbG9hZHNcLzIwMjVcLzAzXC9MZS1HcmFuZC1KYXJkaW4tSWxlLWRlLUxlcmlucy1DYW5uZXMtU2ViYXN0aWVuLVBhcm1lbnRlbG90LTM3LmF2aWYiLCJzbGlkZXNob3ciOiJhbGwtNjY4NjJiYzkifQ%3D%3D\" data-lbwps-width=\"2048\" data-lbwps-height=\"1365\" data-lbwps-srcsmall=\"https:\/\/sebastienparmentelot.com\/wp-content\/uploads\/2025\/03\/Le-Grand-Jardin-Ile-de-Lerins-Cannes-Sebastien-Parmentelot-37-18x12.avif\">\n\t\t\t\t\t<div class=\"e-gallery-image elementor-gallery-item__image\" data-thumbnail=\"https:\/\/sebastienparmentelot.com\/wp-content\/uploads\/2025\/03\/Le-Grand-Jardin-Ile-de-Lerins-Cannes-Sebastien-Parmentelot-37.avif\" data-width=\"2048\" data-height=\"1365\" alt=\"\" ><\/div>\n\t\t\t\t\t\t\t\t\t\t\t\t\t\t<\/a>\n\t\t\t\t\t\t\t<a class=\"e-gallery-item elementor-gallery-item elementor-animated-content\" href=\"https:\/\/sebastienparmentelot.com\/wp-content\/uploads\/2025\/03\/Le-Grand-Jardin-Ile-de-Lerins-Cannes-Sebastien-Parmentelot-17.avif\" data-elementor-open-lightbox=\"yes\" data-elementor-lightbox-slideshow=\"all-66862bc9\" data-elementor-lightbox-title=\"Le Grand Jardin Ile de Lerins Cannes S\u00e9bastien Parmentelot-17\" data-e-action-hash=\"#elementor-action%3Aaction%3Dlightbox%26settings%3DeyJpZCI6MTE2ODQsInVybCI6Imh0dHBzOlwvXC9zZWJhc3RpZW5wYXJtZW50ZWxvdC5jb21cL3dwLWNvbnRlbnRcL3VwbG9hZHNcLzIwMjVcLzAzXC9MZS1HcmFuZC1KYXJkaW4tSWxlLWRlLUxlcmlucy1DYW5uZXMtU2ViYXN0aWVuLVBhcm1lbnRlbG90LTE3LmF2aWYiLCJzbGlkZXNob3ciOiJhbGwtNjY4NjJiYzkifQ%3D%3D\" data-lbwps-width=\"2048\" data-lbwps-height=\"1365\" data-lbwps-srcsmall=\"https:\/\/sebastienparmentelot.com\/wp-content\/uploads\/2025\/03\/Le-Grand-Jardin-Ile-de-Lerins-Cannes-Sebastien-Parmentelot-17-18x12.avif\">\n\t\t\t\t\t<div class=\"e-gallery-image elementor-gallery-item__image\" data-thumbnail=\"https:\/\/sebastienparmentelot.com\/wp-content\/uploads\/2025\/03\/Le-Grand-Jardin-Ile-de-Lerins-Cannes-Sebastien-Parmentelot-17.avif\" data-width=\"2048\" data-height=\"1365\" alt=\"\" ><\/div>\n\t\t\t\t\t\t\t\t\t\t\t\t\t\t<\/a>\n\t\t\t\t\t\t\t<a class=\"e-gallery-item elementor-gallery-item elementor-animated-content\" href=\"https:\/\/sebastienparmentelot.com\/wp-content\/uploads\/2025\/03\/Le-Grand-Jardin-Ile-de-Lerins-Cannes-Sebastien-Parmentelot-18.avif\" data-elementor-open-lightbox=\"yes\" data-elementor-lightbox-slideshow=\"all-66862bc9\" data-elementor-lightbox-title=\"Le Grand Jardin Ile de Lerins Cannes S\u00e9bastien Parmentelot-18\" data-e-action-hash=\"#elementor-action%3Aaction%3Dlightbox%26settings%3DeyJpZCI6MTE2ODUsInVybCI6Imh0dHBzOlwvXC9zZWJhc3RpZW5wYXJtZW50ZWxvdC5jb21cL3dwLWNvbnRlbnRcL3VwbG9hZHNcLzIwMjVcLzAzXC9MZS1HcmFuZC1KYXJkaW4tSWxlLWRlLUxlcmlucy1DYW5uZXMtU2ViYXN0aWVuLVBhcm1lbnRlbG90LTE4LmF2aWYiLCJzbGlkZXNob3ciOiJhbGwtNjY4NjJiYzkifQ%3D%3D\" data-lbwps-width=\"2048\" data-lbwps-height=\"1365\" data-lbwps-srcsmall=\"https:\/\/sebastienparmentelot.com\/wp-content\/uploads\/2025\/03\/Le-Grand-Jardin-Ile-de-Lerins-Cannes-Sebastien-Parmentelot-18-18x12.avif\">\n\t\t\t\t\t<div class=\"e-gallery-image elementor-gallery-item__image\" data-thumbnail=\"https:\/\/sebastienparmentelot.com\/wp-content\/uploads\/2025\/03\/Le-Grand-Jardin-Ile-de-Lerins-Cannes-Sebastien-Parmentelot-18.avif\" data-width=\"2048\" data-height=\"1365\" alt=\"\" ><\/div>\n\t\t\t\t\t\t\t\t\t\t\t\t\t\t<\/a>\n\t\t\t\t\t\t\t<a class=\"e-gallery-item elementor-gallery-item elementor-animated-content\" href=\"https:\/\/sebastienparmentelot.com\/wp-content\/uploads\/2025\/03\/Le-Grand-Jardin-Ile-de-Lerins-Cannes-Sebastien-Parmentelot-19.avif\" data-elementor-open-lightbox=\"yes\" data-elementor-lightbox-slideshow=\"all-66862bc9\" data-elementor-lightbox-title=\"Le Grand Jardin Ile de Lerins Cannes S\u00e9bastien Parmentelot-19\" data-e-action-hash=\"#elementor-action%3Aaction%3Dlightbox%26settings%3DeyJpZCI6MTE2ODYsInVybCI6Imh0dHBzOlwvXC9zZWJhc3RpZW5wYXJtZW50ZWxvdC5jb21cL3dwLWNvbnRlbnRcL3VwbG9hZHNcLzIwMjVcLzAzXC9MZS1HcmFuZC1KYXJkaW4tSWxlLWRlLUxlcmlucy1DYW5uZXMtU2ViYXN0aWVuLVBhcm1lbnRlbG90LTE5LmF2aWYiLCJzbGlkZXNob3ciOiJhbGwtNjY4NjJiYzkifQ%3D%3D\" data-lbwps-width=\"2048\" data-lbwps-height=\"1365\" data-lbwps-srcsmall=\"https:\/\/sebastienparmentelot.com\/wp-content\/uploads\/2025\/03\/Le-Grand-Jardin-Ile-de-Lerins-Cannes-Sebastien-Parmentelot-19-18x12.avif\">\n\t\t\t\t\t<div class=\"e-gallery-image elementor-gallery-item__image\" data-thumbnail=\"https:\/\/sebastienparmentelot.com\/wp-content\/uploads\/2025\/03\/Le-Grand-Jardin-Ile-de-Lerins-Cannes-Sebastien-Parmentelot-19.avif\" data-width=\"2048\" data-height=\"1365\" alt=\"\" ><\/div>\n\t\t\t\t\t\t\t\t\t\t\t\t\t\t<\/a>\n\t\t\t\t\t\t\t<a class=\"e-gallery-item elementor-gallery-item elementor-animated-content\" href=\"https:\/\/sebastienparmentelot.com\/wp-content\/uploads\/2025\/03\/Le-Grand-Jardin-Ile-de-Lerins-Cannes-Sebastien-Parmentelot-14.avif\" data-elementor-open-lightbox=\"yes\" data-elementor-lightbox-slideshow=\"all-66862bc9\" data-elementor-lightbox-title=\"Le Grand Jardin Ile de Lerins Cannes S\u00e9bastien Parmentelot-14\" data-e-action-hash=\"#elementor-action%3Aaction%3Dlightbox%26settings%3DeyJpZCI6MTE2ODEsInVybCI6Imh0dHBzOlwvXC9zZWJhc3RpZW5wYXJtZW50ZWxvdC5jb21cL3dwLWNvbnRlbnRcL3VwbG9hZHNcLzIwMjVcLzAzXC9MZS1HcmFuZC1KYXJkaW4tSWxlLWRlLUxlcmlucy1DYW5uZXMtU2ViYXN0aWVuLVBhcm1lbnRlbG90LTE0LmF2aWYiLCJzbGlkZXNob3ciOiJhbGwtNjY4NjJiYzkifQ%3D%3D\" data-lbwps-width=\"2048\" data-lbwps-height=\"1365\" data-lbwps-srcsmall=\"https:\/\/sebastienparmentelot.com\/wp-content\/uploads\/2025\/03\/Le-Grand-Jardin-Ile-de-Lerins-Cannes-Sebastien-Parmentelot-14-18x12.avif\">\n\t\t\t\t\t<div class=\"e-gallery-image elementor-gallery-item__image\" data-thumbnail=\"https:\/\/sebastienparmentelot.com\/wp-content\/uploads\/2025\/03\/Le-Grand-Jardin-Ile-de-Lerins-Cannes-Sebastien-Parmentelot-14.avif\" data-width=\"2048\" data-height=\"1365\" alt=\"\" ><\/div>\n\t\t\t\t\t\t\t\t\t\t\t\t\t\t<\/a>\n\t\t\t\t\t\t\t<a class=\"e-gallery-item elementor-gallery-item elementor-animated-content\" href=\"https:\/\/sebastienparmentelot.com\/wp-content\/uploads\/2025\/03\/Le-Grand-Jardin-Ile-de-Lerins-Cannes-Sebastien-Parmentelot-13.avif\" data-elementor-open-lightbox=\"yes\" data-elementor-lightbox-slideshow=\"all-66862bc9\" data-elementor-lightbox-title=\"Le Grand Jardin Ile de Lerins Cannes S\u00e9bastien Parmentelot-13\" data-e-action-hash=\"#elementor-action%3Aaction%3Dlightbox%26settings%3DeyJpZCI6MTE2ODAsInVybCI6Imh0dHBzOlwvXC9zZWJhc3RpZW5wYXJtZW50ZWxvdC5jb21cL3dwLWNvbnRlbnRcL3VwbG9hZHNcLzIwMjVcLzAzXC9MZS1HcmFuZC1KYXJkaW4tSWxlLWRlLUxlcmlucy1DYW5uZXMtU2ViYXN0aWVuLVBhcm1lbnRlbG90LTEzLmF2aWYiLCJzbGlkZXNob3ciOiJhbGwtNjY4NjJiYzkifQ%3D%3D\" data-lbwps-width=\"2048\" data-lbwps-height=\"1365\" data-lbwps-srcsmall=\"https:\/\/sebastienparmentelot.com\/wp-content\/uploads\/2025\/03\/Le-Grand-Jardin-Ile-de-Lerins-Cannes-Sebastien-Parmentelot-13-18x12.avif\">\n\t\t\t\t\t<div class=\"e-gallery-image elementor-gallery-item__image\" data-thumbnail=\"https:\/\/sebastienparmentelot.com\/wp-content\/uploads\/2025\/03\/Le-Grand-Jardin-Ile-de-Lerins-Cannes-Sebastien-Parmentelot-13.avif\" data-width=\"2048\" data-height=\"1365\" alt=\"\" ><\/div>\n\t\t\t\t\t\t\t\t\t\t\t\t\t\t<\/a>\n\t\t\t\t\t\t\t<a class=\"e-gallery-item elementor-gallery-item elementor-animated-content\" href=\"https:\/\/sebastienparmentelot.com\/wp-content\/uploads\/2025\/03\/Le-Grand-Jardin-Ile-de-Lerins-Cannes-Sebastien-Parmentelot-12.avif\" data-elementor-open-lightbox=\"yes\" data-elementor-lightbox-slideshow=\"all-66862bc9\" data-elementor-lightbox-title=\"Le Grand Jardin Ile de Lerins Cannes S\u00e9bastien Parmentelot-12\" data-e-action-hash=\"#elementor-action%3Aaction%3Dlightbox%26settings%3DeyJpZCI6MTE2NzksInVybCI6Imh0dHBzOlwvXC9zZWJhc3RpZW5wYXJtZW50ZWxvdC5jb21cL3dwLWNvbnRlbnRcL3VwbG9hZHNcLzIwMjVcLzAzXC9MZS1HcmFuZC1KYXJkaW4tSWxlLWRlLUxlcmlucy1DYW5uZXMtU2ViYXN0aWVuLVBhcm1lbnRlbG90LTEyLmF2aWYiLCJzbGlkZXNob3ciOiJhbGwtNjY4NjJiYzkifQ%3D%3D\" data-lbwps-width=\"2048\" data-lbwps-height=\"1365\" data-lbwps-srcsmall=\"https:\/\/sebastienparmentelot.com\/wp-content\/uploads\/2025\/03\/Le-Grand-Jardin-Ile-de-Lerins-Cannes-Sebastien-Parmentelot-12-18x12.avif\">\n\t\t\t\t\t<div class=\"e-gallery-image elementor-gallery-item__image\" data-thumbnail=\"https:\/\/sebastienparmentelot.com\/wp-content\/uploads\/2025\/03\/Le-Grand-Jardin-Ile-de-Lerins-Cannes-Sebastien-Parmentelot-12.avif\" data-width=\"2048\" data-height=\"1365\" alt=\"\" ><\/div>\n\t\t\t\t\t\t\t\t\t\t\t\t\t\t<\/a>\n\t\t\t\t\t\t\t<a class=\"e-gallery-item elementor-gallery-item elementor-animated-content\" href=\"https:\/\/sebastienparmentelot.com\/wp-content\/uploads\/2025\/03\/Le-Grand-Jardin-Ile-de-Lerins-Cannes-Sebastien-Parmentelot-11.avif\" data-elementor-open-lightbox=\"yes\" data-elementor-lightbox-slideshow=\"all-66862bc9\" data-elementor-lightbox-title=\"Le Grand Jardin Ile de Lerins Cannes S\u00e9bastien Parmentelot-11\" data-e-action-hash=\"#elementor-action%3Aaction%3Dlightbox%26settings%3DeyJpZCI6MTE2NzgsInVybCI6Imh0dHBzOlwvXC9zZWJhc3RpZW5wYXJtZW50ZWxvdC5jb21cL3dwLWNvbnRlbnRcL3VwbG9hZHNcLzIwMjVcLzAzXC9MZS1HcmFuZC1KYXJkaW4tSWxlLWRlLUxlcmlucy1DYW5uZXMtU2ViYXN0aWVuLVBhcm1lbnRlbG90LTExLmF2aWYiLCJzbGlkZXNob3ciOiJhbGwtNjY4NjJiYzkifQ%3D%3D\" data-lbwps-width=\"2048\" data-lbwps-height=\"1365\" data-lbwps-srcsmall=\"https:\/\/sebastienparmentelot.com\/wp-content\/uploads\/2025\/03\/Le-Grand-Jardin-Ile-de-Lerins-Cannes-Sebastien-Parmentelot-11-18x12.avif\">\n\t\t\t\t\t<div class=\"e-gallery-image elementor-gallery-item__image\" data-thumbnail=\"https:\/\/sebastienparmentelot.com\/wp-content\/uploads\/2025\/03\/Le-Grand-Jardin-Ile-de-Lerins-Cannes-Sebastien-Parmentelot-11.avif\" data-width=\"2048\" data-height=\"1365\" alt=\"\" ><\/div>\n\t\t\t\t\t\t\t\t\t\t\t\t\t\t<\/a>\n\t\t\t\t\t\t\t<a class=\"e-gallery-item elementor-gallery-item elementor-animated-content\" href=\"https:\/\/sebastienparmentelot.com\/wp-content\/uploads\/2025\/03\/Le-Grand-Jardin-Ile-de-Lerins-Cannes-Sebastien-Parmentelot-10.avif\" data-elementor-open-lightbox=\"yes\" data-elementor-lightbox-slideshow=\"all-66862bc9\" data-elementor-lightbox-title=\"Le Grand Jardin Ile de Lerins Cannes S\u00e9bastien Parmentelot-10\" data-e-action-hash=\"#elementor-action%3Aaction%3Dlightbox%26settings%3DeyJpZCI6MTE2NzcsInVybCI6Imh0dHBzOlwvXC9zZWJhc3RpZW5wYXJtZW50ZWxvdC5jb21cL3dwLWNvbnRlbnRcL3VwbG9hZHNcLzIwMjVcLzAzXC9MZS1HcmFuZC1KYXJkaW4tSWxlLWRlLUxlcmlucy1DYW5uZXMtU2ViYXN0aWVuLVBhcm1lbnRlbG90LTEwLmF2aWYiLCJzbGlkZXNob3ciOiJhbGwtNjY4NjJiYzkifQ%3D%3D\" data-lbwps-width=\"2048\" data-lbwps-height=\"1365\" data-lbwps-srcsmall=\"https:\/\/sebastienparmentelot.com\/wp-content\/uploads\/2025\/03\/Le-Grand-Jardin-Ile-de-Lerins-Cannes-Sebastien-Parmentelot-10-18x12.avif\">\n\t\t\t\t\t<div class=\"e-gallery-image elementor-gallery-item__image\" data-thumbnail=\"https:\/\/sebastienparmentelot.com\/wp-content\/uploads\/2025\/03\/Le-Grand-Jardin-Ile-de-Lerins-Cannes-Sebastien-Parmentelot-10.avif\" data-width=\"2048\" data-height=\"1365\" alt=\"\" ><\/div>\n\t\t\t\t\t\t\t\t\t\t\t\t\t\t<\/a>\n\t\t\t\t\t\t\t<a class=\"e-gallery-item elementor-gallery-item elementor-animated-content\" href=\"https:\/\/sebastienparmentelot.com\/wp-content\/uploads\/2025\/03\/Le-Grand-Jardin-Ile-de-Lerins-Cannes-Sebastien-Parmentelot-9.avif\" data-elementor-open-lightbox=\"yes\" data-elementor-lightbox-slideshow=\"all-66862bc9\" data-elementor-lightbox-title=\"Le Grand Jardin Ile de Lerins Cannes S\u00e9bastien Parmentelot-9\" data-e-action-hash=\"#elementor-action%3Aaction%3Dlightbox%26settings%3DeyJpZCI6MTE2NzYsInVybCI6Imh0dHBzOlwvXC9zZWJhc3RpZW5wYXJtZW50ZWxvdC5jb21cL3dwLWNvbnRlbnRcL3VwbG9hZHNcLzIwMjVcLzAzXC9MZS1HcmFuZC1KYXJkaW4tSWxlLWRlLUxlcmlucy1DYW5uZXMtU2ViYXN0aWVuLVBhcm1lbnRlbG90LTkuYXZpZiIsInNsaWRlc2hvdyI6ImFsbC02Njg2MmJjOSJ9\" data-lbwps-width=\"2048\" data-lbwps-height=\"1365\" data-lbwps-srcsmall=\"https:\/\/sebastienparmentelot.com\/wp-content\/uploads\/2025\/03\/Le-Grand-Jardin-Ile-de-Lerins-Cannes-Sebastien-Parmentelot-9-18x12.avif\">\n\t\t\t\t\t<div class=\"e-gallery-image elementor-gallery-item__image\" data-thumbnail=\"https:\/\/sebastienparmentelot.com\/wp-content\/uploads\/2025\/03\/Le-Grand-Jardin-Ile-de-Lerins-Cannes-Sebastien-Parmentelot-9.avif\" data-width=\"2048\" data-height=\"1365\" alt=\"\" ><\/div>\n\t\t\t\t\t\t\t\t\t\t\t\t\t\t<\/a>\n\t\t\t\t\t\t\t<a class=\"e-gallery-item elementor-gallery-item elementor-animated-content\" href=\"https:\/\/sebastienparmentelot.com\/wp-content\/uploads\/2025\/03\/Le-Grand-Jardin-Ile-de-Lerins-Cannes-Sebastien-Parmentelot-8.avif\" data-elementor-open-lightbox=\"yes\" data-elementor-lightbox-slideshow=\"all-66862bc9\" data-elementor-lightbox-title=\"Le Grand Jardin Ile de Lerins Cannes S\u00e9bastien Parmentelot-8\" data-e-action-hash=\"#elementor-action%3Aaction%3Dlightbox%26settings%3DeyJpZCI6MTE2NzUsInVybCI6Imh0dHBzOlwvXC9zZWJhc3RpZW5wYXJtZW50ZWxvdC5jb21cL3dwLWNvbnRlbnRcL3VwbG9hZHNcLzIwMjVcLzAzXC9MZS1HcmFuZC1KYXJkaW4tSWxlLWRlLUxlcmlucy1DYW5uZXMtU2ViYXN0aWVuLVBhcm1lbnRlbG90LTguYXZpZiIsInNsaWRlc2hvdyI6ImFsbC02Njg2MmJjOSJ9\" data-lbwps-width=\"2048\" data-lbwps-height=\"1365\" data-lbwps-srcsmall=\"https:\/\/sebastienparmentelot.com\/wp-content\/uploads\/2025\/03\/Le-Grand-Jardin-Ile-de-Lerins-Cannes-Sebastien-Parmentelot-8-18x12.avif\">\n\t\t\t\t\t<div class=\"e-gallery-image elementor-gallery-item__image\" data-thumbnail=\"https:\/\/sebastienparmentelot.com\/wp-content\/uploads\/2025\/03\/Le-Grand-Jardin-Ile-de-Lerins-Cannes-Sebastien-Parmentelot-8.avif\" data-width=\"2048\" data-height=\"1365\" alt=\"\" ><\/div>\n\t\t\t\t\t\t\t\t\t\t\t\t\t\t<\/a>\n\t\t\t\t\t\t\t<a class=\"e-gallery-item elementor-gallery-item elementor-animated-content\" href=\"https:\/\/sebastienparmentelot.com\/wp-content\/uploads\/2025\/03\/Le-Grand-Jardin-Ile-de-Lerins-Cannes-Sebastien-Parmentelot-7.avif\" data-elementor-open-lightbox=\"yes\" data-elementor-lightbox-slideshow=\"all-66862bc9\" data-elementor-lightbox-title=\"Le Grand Jardin Ile de Lerins Cannes S\u00e9bastien Parmentelot-7\" data-e-action-hash=\"#elementor-action%3Aaction%3Dlightbox%26settings%3DeyJpZCI6MTE2NzQsInVybCI6Imh0dHBzOlwvXC9zZWJhc3RpZW5wYXJtZW50ZWxvdC5jb21cL3dwLWNvbnRlbnRcL3VwbG9hZHNcLzIwMjVcLzAzXC9MZS1HcmFuZC1KYXJkaW4tSWxlLWRlLUxlcmlucy1DYW5uZXMtU2ViYXN0aWVuLVBhcm1lbnRlbG90LTcuYXZpZiIsInNsaWRlc2hvdyI6ImFsbC02Njg2MmJjOSJ9\" data-lbwps-width=\"2048\" data-lbwps-height=\"1365\" data-lbwps-srcsmall=\"https:\/\/sebastienparmentelot.com\/wp-content\/uploads\/2025\/03\/Le-Grand-Jardin-Ile-de-Lerins-Cannes-Sebastien-Parmentelot-7-18x12.avif\">\n\t\t\t\t\t<div class=\"e-gallery-image elementor-gallery-item__image\" data-thumbnail=\"https:\/\/sebastienparmentelot.com\/wp-content\/uploads\/2025\/03\/Le-Grand-Jardin-Ile-de-Lerins-Cannes-Sebastien-Parmentelot-7.avif\" data-width=\"2048\" data-height=\"1365\" alt=\"\" ><\/div>\n\t\t\t\t\t\t\t\t\t\t\t\t\t\t<\/a>\n\t\t\t\t\t\t\t<a class=\"e-gallery-item elementor-gallery-item elementor-animated-content\" href=\"https:\/\/sebastienparmentelot.com\/wp-content\/uploads\/2025\/03\/Le-Grand-Jardin-Ile-de-Lerins-Cannes-Sebastien-Parmentelot-6.avif\" data-elementor-open-lightbox=\"yes\" data-elementor-lightbox-slideshow=\"all-66862bc9\" data-elementor-lightbox-title=\"Le Grand Jardin Ile de Lerins Cannes S\u00e9bastien Parmentelot-6\" data-e-action-hash=\"#elementor-action%3Aaction%3Dlightbox%26settings%3DeyJpZCI6MTE2NzMsInVybCI6Imh0dHBzOlwvXC9zZWJhc3RpZW5wYXJtZW50ZWxvdC5jb21cL3dwLWNvbnRlbnRcL3VwbG9hZHNcLzIwMjVcLzAzXC9MZS1HcmFuZC1KYXJkaW4tSWxlLWRlLUxlcmlucy1DYW5uZXMtU2ViYXN0aWVuLVBhcm1lbnRlbG90LTYuYXZpZiIsInNsaWRlc2hvdyI6ImFsbC02Njg2MmJjOSJ9\" data-lbwps-width=\"2048\" data-lbwps-height=\"1365\" data-lbwps-srcsmall=\"https:\/\/sebastienparmentelot.com\/wp-content\/uploads\/2025\/03\/Le-Grand-Jardin-Ile-de-Lerins-Cannes-Sebastien-Parmentelot-6-18x12.avif\">\n\t\t\t\t\t<div class=\"e-gallery-image elementor-gallery-item__image\" data-thumbnail=\"https:\/\/sebastienparmentelot.com\/wp-content\/uploads\/2025\/03\/Le-Grand-Jardin-Ile-de-Lerins-Cannes-Sebastien-Parmentelot-6.avif\" data-width=\"2048\" data-height=\"1365\" alt=\"\" ><\/div>\n\t\t\t\t\t\t\t\t\t\t\t\t\t\t<\/a>\n\t\t\t\t\t\t\t<a class=\"e-gallery-item elementor-gallery-item elementor-animated-content\" href=\"https:\/\/sebastienparmentelot.com\/wp-content\/uploads\/2025\/03\/Le-Grand-Jardin-Ile-de-Lerins-Cannes-Sebastien-Parmentelot-1.avif\" data-elementor-open-lightbox=\"yes\" data-elementor-lightbox-slideshow=\"all-66862bc9\" data-elementor-lightbox-title=\"Le Grand Jardin Ile de Lerins Cannes S\u00e9bastien Parmentelot-1\" data-e-action-hash=\"#elementor-action%3Aaction%3Dlightbox%26settings%3DeyJpZCI6MTE2NjgsInVybCI6Imh0dHBzOlwvXC9zZWJhc3RpZW5wYXJtZW50ZWxvdC5jb21cL3dwLWNvbnRlbnRcL3VwbG9hZHNcLzIwMjVcLzAzXC9MZS1HcmFuZC1KYXJkaW4tSWxlLWRlLUxlcmlucy1DYW5uZXMtU2ViYXN0aWVuLVBhcm1lbnRlbG90LTEuYXZpZiIsInNsaWRlc2hvdyI6ImFsbC02Njg2MmJjOSJ9\" data-lbwps-width=\"2048\" data-lbwps-height=\"1365\" data-lbwps-srcsmall=\"https:\/\/sebastienparmentelot.com\/wp-content\/uploads\/2025\/03\/Le-Grand-Jardin-Ile-de-Lerins-Cannes-Sebastien-Parmentelot-1-18x12.avif\">\n\t\t\t\t\t<div class=\"e-gallery-image elementor-gallery-item__image\" data-thumbnail=\"https:\/\/sebastienparmentelot.com\/wp-content\/uploads\/2025\/03\/Le-Grand-Jardin-Ile-de-Lerins-Cannes-Sebastien-Parmentelot-1.avif\" data-width=\"2048\" data-height=\"1365\" alt=\"\" ><\/div>\n\t\t\t\t\t\t\t\t\t\t\t\t\t\t<\/a>\n\t\t\t\t\t\t\t<a class=\"e-gallery-item elementor-gallery-item elementor-animated-content\" href=\"https:\/\/sebastienparmentelot.com\/wp-content\/uploads\/2025\/03\/Le-Grand-Jardin-Ile-de-Lerins-Cannes-Sebastien-Parmentelot-2.avif\" data-elementor-open-lightbox=\"yes\" data-elementor-lightbox-slideshow=\"all-66862bc9\" data-elementor-lightbox-title=\"Le Grand Jardin Ile de Lerins Cannes S\u00e9bastien Parmentelot-2\" data-e-action-hash=\"#elementor-action%3Aaction%3Dlightbox%26settings%3DeyJpZCI6MTE2NjksInVybCI6Imh0dHBzOlwvXC9zZWJhc3RpZW5wYXJtZW50ZWxvdC5jb21cL3dwLWNvbnRlbnRcL3VwbG9hZHNcLzIwMjVcLzAzXC9MZS1HcmFuZC1KYXJkaW4tSWxlLWRlLUxlcmlucy1DYW5uZXMtU2ViYXN0aWVuLVBhcm1lbnRlbG90LTIuYXZpZiIsInNsaWRlc2hvdyI6ImFsbC02Njg2MmJjOSJ9\" data-lbwps-width=\"2048\" data-lbwps-height=\"1365\" data-lbwps-srcsmall=\"https:\/\/sebastienparmentelot.com\/wp-content\/uploads\/2025\/03\/Le-Grand-Jardin-Ile-de-Lerins-Cannes-Sebastien-Parmentelot-2-18x12.avif\">\n\t\t\t\t\t<div class=\"e-gallery-image elementor-gallery-item__image\" data-thumbnail=\"https:\/\/sebastienparmentelot.com\/wp-content\/uploads\/2025\/03\/Le-Grand-Jardin-Ile-de-Lerins-Cannes-Sebastien-Parmentelot-2.avif\" data-width=\"2048\" data-height=\"1365\" alt=\"\" ><\/div>\n\t\t\t\t\t\t\t\t\t\t\t\t\t\t<\/a>\n\t\t\t\t\t\t\t<a class=\"e-gallery-item elementor-gallery-item elementor-animated-content\" href=\"https:\/\/sebastienparmentelot.com\/wp-content\/uploads\/2025\/03\/Le-Grand-Jardin-Ile-de-Lerins-Cannes-Sebastien-Parmentelot-3.avif\" data-elementor-open-lightbox=\"yes\" data-elementor-lightbox-slideshow=\"all-66862bc9\" data-elementor-lightbox-title=\"Le Grand Jardin Ile de Lerins Cannes S\u00e9bastien Parmentelot-3\" data-e-action-hash=\"#elementor-action%3Aaction%3Dlightbox%26settings%3DeyJpZCI6MTE2NzAsInVybCI6Imh0dHBzOlwvXC9zZWJhc3RpZW5wYXJtZW50ZWxvdC5jb21cL3dwLWNvbnRlbnRcL3VwbG9hZHNcLzIwMjVcLzAzXC9MZS1HcmFuZC1KYXJkaW4tSWxlLWRlLUxlcmlucy1DYW5uZXMtU2ViYXN0aWVuLVBhcm1lbnRlbG90LTMuYXZpZiIsInNsaWRlc2hvdyI6ImFsbC02Njg2MmJjOSJ9\" data-lbwps-width=\"2048\" data-lbwps-height=\"1365\" data-lbwps-srcsmall=\"https:\/\/sebastienparmentelot.com\/wp-content\/uploads\/2025\/03\/Le-Grand-Jardin-Ile-de-Lerins-Cannes-Sebastien-Parmentelot-3-18x12.avif\">\n\t\t\t\t\t<div class=\"e-gallery-image elementor-gallery-item__image\" data-thumbnail=\"https:\/\/sebastienparmentelot.com\/wp-content\/uploads\/2025\/03\/Le-Grand-Jardin-Ile-de-Lerins-Cannes-Sebastien-Parmentelot-3.avif\" data-width=\"2048\" data-height=\"1365\" alt=\"\" ><\/div>\n\t\t\t\t\t\t\t\t\t\t\t\t\t\t<\/a>\n\t\t\t\t\t\t\t<a class=\"e-gallery-item elementor-gallery-item elementor-animated-content\" href=\"https:\/\/sebastienparmentelot.com\/wp-content\/uploads\/2025\/03\/Le-Grand-Jardin-Ile-de-Lerins-Cannes-Sebastien-Parmentelot-5.avif\" data-elementor-open-lightbox=\"yes\" data-elementor-lightbox-slideshow=\"all-66862bc9\" data-elementor-lightbox-title=\"Le Grand Jardin Ile de Lerins Cannes S\u00e9bastien Parmentelot-5\" data-e-action-hash=\"#elementor-action%3Aaction%3Dlightbox%26settings%3DeyJpZCI6MTE2NzIsInVybCI6Imh0dHBzOlwvXC9zZWJhc3RpZW5wYXJtZW50ZWxvdC5jb21cL3dwLWNvbnRlbnRcL3VwbG9hZHNcLzIwMjVcLzAzXC9MZS1HcmFuZC1KYXJkaW4tSWxlLWRlLUxlcmlucy1DYW5uZXMtU2ViYXN0aWVuLVBhcm1lbnRlbG90LTUuYXZpZiIsInNsaWRlc2hvdyI6ImFsbC02Njg2MmJjOSJ9\" data-lbwps-width=\"2048\" data-lbwps-height=\"1365\" data-lbwps-srcsmall=\"https:\/\/sebastienparmentelot.com\/wp-content\/uploads\/2025\/03\/Le-Grand-Jardin-Ile-de-Lerins-Cannes-Sebastien-Parmentelot-5-18x12.avif\">\n\t\t\t\t\t<div class=\"e-gallery-image elementor-gallery-item__image\" data-thumbnail=\"https:\/\/sebastienparmentelot.com\/wp-content\/uploads\/2025\/03\/Le-Grand-Jardin-Ile-de-Lerins-Cannes-Sebastien-Parmentelot-5.avif\" data-width=\"2048\" data-height=\"1365\" alt=\"\" ><\/div>\n\t\t\t\t\t\t\t\t\t\t\t\t\t\t<\/a>\n\t\t\t\t\t\t\t<a class=\"e-gallery-item elementor-gallery-item elementor-animated-content\" href=\"https:\/\/sebastienparmentelot.com\/wp-content\/uploads\/2025\/03\/Hotel-Tiara-Yaktsa-Theoules-sur-mer-Sebastien-Parmentelot-14.avif\" data-elementor-open-lightbox=\"yes\" data-elementor-lightbox-slideshow=\"all-66862bc9\" data-elementor-lightbox-title=\"Hotel Tiara Yaktsa Theoules sur mer S\u00e9bastien Parmentelot-14\" data-e-action-hash=\"#elementor-action%3Aaction%3Dlightbox%26settings%3DeyJpZCI6MTE4MzAsInVybCI6Imh0dHBzOlwvXC9zZWJhc3RpZW5wYXJtZW50ZWxvdC5jb21cL3dwLWNvbnRlbnRcL3VwbG9hZHNcLzIwMjVcLzAzXC9Ib3RlbC1UaWFyYS1ZYWt0c2EtVGhlb3VsZXMtc3VyLW1lci1TZWJhc3RpZW4tUGFybWVudGVsb3QtMTQuYXZpZiIsInNsaWRlc2hvdyI6ImFsbC02Njg2MmJjOSJ9\" data-lbwps-width=\"2048\" data-lbwps-height=\"1365\" data-lbwps-srcsmall=\"https:\/\/sebastienparmentelot.com\/wp-content\/uploads\/2025\/03\/Hotel-Tiara-Yaktsa-Theoules-sur-mer-Sebastien-Parmentelot-14-18x12.avif\">\n\t\t\t\t\t<div class=\"e-gallery-image elementor-gallery-item__image\" data-thumbnail=\"https:\/\/sebastienparmentelot.com\/wp-content\/uploads\/2025\/03\/Hotel-Tiara-Yaktsa-Theoules-sur-mer-Sebastien-Parmentelot-14.avif\" data-width=\"2048\" data-height=\"1365\" alt=\"\" ><\/div>\n\t\t\t\t\t\t\t\t\t\t\t\t\t\t<\/a>\n\t\t\t\t\t\t\t<a class=\"e-gallery-item elementor-gallery-item elementor-animated-content\" href=\"https:\/\/sebastienparmentelot.com\/wp-content\/uploads\/2025\/03\/Hotel-Tiara-Yaktsa-Theoules-sur-mer-Sebastien-Parmentelot-13.avif\" data-elementor-open-lightbox=\"yes\" data-elementor-lightbox-slideshow=\"all-66862bc9\" data-elementor-lightbox-title=\"Hotel Tiara Yaktsa Theoules sur mer S\u00e9bastien Parmentelot-13\" data-e-action-hash=\"#elementor-action%3Aaction%3Dlightbox%26settings%3DeyJpZCI6MTE4MjksInVybCI6Imh0dHBzOlwvXC9zZWJhc3RpZW5wYXJtZW50ZWxvdC5jb21cL3dwLWNvbnRlbnRcL3VwbG9hZHNcLzIwMjVcLzAzXC9Ib3RlbC1UaWFyYS1ZYWt0c2EtVGhlb3VsZXMtc3VyLW1lci1TZWJhc3RpZW4tUGFybWVudGVsb3QtMTMuYXZpZiIsInNsaWRlc2hvdyI6ImFsbC02Njg2MmJjOSJ9\" data-lbwps-width=\"2048\" data-lbwps-height=\"1365\" data-lbwps-srcsmall=\"https:\/\/sebastienparmentelot.com\/wp-content\/uploads\/2025\/03\/Hotel-Tiara-Yaktsa-Theoules-sur-mer-Sebastien-Parmentelot-13-18x12.avif\">\n\t\t\t\t\t<div class=\"e-gallery-image elementor-gallery-item__image\" data-thumbnail=\"https:\/\/sebastienparmentelot.com\/wp-content\/uploads\/2025\/03\/Hotel-Tiara-Yaktsa-Theoules-sur-mer-Sebastien-Parmentelot-13.avif\" data-width=\"2048\" data-height=\"1365\" alt=\"\" ><\/div>\n\t\t\t\t\t\t\t\t\t\t\t\t\t\t<\/a>\n\t\t\t\t\t\t\t<a class=\"e-gallery-item elementor-gallery-item elementor-animated-content\" href=\"https:\/\/sebastienparmentelot.com\/wp-content\/uploads\/2025\/03\/Hotel-Tiara-Yaktsa-Theoules-sur-mer-Sebastien-Parmentelot-11.avif\" data-elementor-open-lightbox=\"yes\" data-elementor-lightbox-slideshow=\"all-66862bc9\" data-elementor-lightbox-title=\"Hotel Tiara Yaktsa Theoules sur mer S\u00e9bastien Parmentelot-11\" data-e-action-hash=\"#elementor-action%3Aaction%3Dlightbox%26settings%3DeyJpZCI6MTE4MjcsInVybCI6Imh0dHBzOlwvXC9zZWJhc3RpZW5wYXJtZW50ZWxvdC5jb21cL3dwLWNvbnRlbnRcL3VwbG9hZHNcLzIwMjVcLzAzXC9Ib3RlbC1UaWFyYS1ZYWt0c2EtVGhlb3VsZXMtc3VyLW1lci1TZWJhc3RpZW4tUGFybWVudGVsb3QtMTEuYXZpZiIsInNsaWRlc2hvdyI6ImFsbC02Njg2MmJjOSJ9\" data-lbwps-width=\"2048\" data-lbwps-height=\"1365\" data-lbwps-srcsmall=\"https:\/\/sebastienparmentelot.com\/wp-content\/uploads\/2025\/03\/Hotel-Tiara-Yaktsa-Theoules-sur-mer-Sebastien-Parmentelot-11-18x12.avif\">\n\t\t\t\t\t<div class=\"e-gallery-image elementor-gallery-item__image\" data-thumbnail=\"https:\/\/sebastienparmentelot.com\/wp-content\/uploads\/2025\/03\/Hotel-Tiara-Yaktsa-Theoules-sur-mer-Sebastien-Parmentelot-11.avif\" data-width=\"2048\" data-height=\"1365\" alt=\"\" ><\/div>\n\t\t\t\t\t\t\t\t\t\t\t\t\t\t<\/a>\n\t\t\t\t\t\t\t<a class=\"e-gallery-item elementor-gallery-item elementor-animated-content\" href=\"https:\/\/sebastienparmentelot.com\/wp-content\/uploads\/2025\/03\/Hotel-Tiara-Yaktsa-Theoules-sur-mer-Sebastien-Parmentelot-3.avif\" data-elementor-open-lightbox=\"yes\" data-elementor-lightbox-slideshow=\"all-66862bc9\" data-elementor-lightbox-title=\"Hotel Tiara Yaktsa Theoules sur mer S\u00e9bastien Parmentelot-3\" data-e-action-hash=\"#elementor-action%3Aaction%3Dlightbox%26settings%3DeyJpZCI6MTE4MTksInVybCI6Imh0dHBzOlwvXC9zZWJhc3RpZW5wYXJtZW50ZWxvdC5jb21cL3dwLWNvbnRlbnRcL3VwbG9hZHNcLzIwMjVcLzAzXC9Ib3RlbC1UaWFyYS1ZYWt0c2EtVGhlb3VsZXMtc3VyLW1lci1TZWJhc3RpZW4tUGFybWVudGVsb3QtMy5hdmlmIiwic2xpZGVzaG93IjoiYWxsLTY2ODYyYmM5In0%3D\" data-lbwps-width=\"2048\" data-lbwps-height=\"1365\" data-lbwps-srcsmall=\"https:\/\/sebastienparmentelot.com\/wp-content\/uploads\/2025\/03\/Hotel-Tiara-Yaktsa-Theoules-sur-mer-Sebastien-Parmentelot-3-18x12.avif\">\n\t\t\t\t\t<div class=\"e-gallery-image elementor-gallery-item__image\" data-thumbnail=\"https:\/\/sebastienparmentelot.com\/wp-content\/uploads\/2025\/03\/Hotel-Tiara-Yaktsa-Theoules-sur-mer-Sebastien-Parmentelot-3.avif\" data-width=\"2048\" data-height=\"1365\" alt=\"\" ><\/div>\n\t\t\t\t\t\t\t\t\t\t\t\t\t\t<\/a>\n\t\t\t\t\t\t\t<a class=\"e-gallery-item elementor-gallery-item elementor-animated-content\" href=\"https:\/\/sebastienparmentelot.com\/wp-content\/uploads\/2025\/03\/Hotel-Tiara-Yaktsa-Theoules-sur-mer-Sebastien-Parmentelot-6.avif\" data-elementor-open-lightbox=\"yes\" data-elementor-lightbox-slideshow=\"all-66862bc9\" data-elementor-lightbox-title=\"Hotel Tiara Yaktsa Theoules sur mer S\u00e9bastien Parmentelot-6\" data-e-action-hash=\"#elementor-action%3Aaction%3Dlightbox%26settings%3DeyJpZCI6MTE4MjIsInVybCI6Imh0dHBzOlwvXC9zZWJhc3RpZW5wYXJtZW50ZWxvdC5jb21cL3dwLWNvbnRlbnRcL3VwbG9hZHNcLzIwMjVcLzAzXC9Ib3RlbC1UaWFyYS1ZYWt0c2EtVGhlb3VsZXMtc3VyLW1lci1TZWJhc3RpZW4tUGFybWVudGVsb3QtNi5hdmlmIiwic2xpZGVzaG93IjoiYWxsLTY2ODYyYmM5In0%3D\" data-lbwps-width=\"2048\" data-lbwps-height=\"1365\" data-lbwps-srcsmall=\"https:\/\/sebastienparmentelot.com\/wp-content\/uploads\/2025\/03\/Hotel-Tiara-Yaktsa-Theoules-sur-mer-Sebastien-Parmentelot-6-18x12.avif\">\n\t\t\t\t\t<div class=\"e-gallery-image elementor-gallery-item__image\" data-thumbnail=\"https:\/\/sebastienparmentelot.com\/wp-content\/uploads\/2025\/03\/Hotel-Tiara-Yaktsa-Theoules-sur-mer-Sebastien-Parmentelot-6.avif\" data-width=\"2048\" data-height=\"1365\" alt=\"\" ><\/div>\n\t\t\t\t\t\t\t\t\t\t\t\t\t\t<\/a>\n\t\t\t\t\t\t\t<a class=\"e-gallery-item elementor-gallery-item elementor-animated-content\" href=\"https:\/\/sebastienparmentelot.com\/wp-content\/uploads\/2025\/03\/Hotel-Tiara-Yaktsa-Theoules-sur-mer-Sebastien-Parmentelot-23.avif\" data-elementor-open-lightbox=\"yes\" data-elementor-lightbox-slideshow=\"all-66862bc9\" data-elementor-lightbox-title=\"Hotel Tiara Yaktsa Theoules sur mer S\u00e9bastien Parmentelot-23\" data-e-action-hash=\"#elementor-action%3Aaction%3Dlightbox%26settings%3DeyJpZCI6MTE4MzksInVybCI6Imh0dHBzOlwvXC9zZWJhc3RpZW5wYXJtZW50ZWxvdC5jb21cL3dwLWNvbnRlbnRcL3VwbG9hZHNcLzIwMjVcLzAzXC9Ib3RlbC1UaWFyYS1ZYWt0c2EtVGhlb3VsZXMtc3VyLW1lci1TZWJhc3RpZW4tUGFybWVudGVsb3QtMjMuYXZpZiIsInNsaWRlc2hvdyI6ImFsbC02Njg2MmJjOSJ9\" data-lbwps-width=\"2048\" data-lbwps-height=\"1365\" data-lbwps-srcsmall=\"https:\/\/sebastienparmentelot.com\/wp-content\/uploads\/2025\/03\/Hotel-Tiara-Yaktsa-Theoules-sur-mer-Sebastien-Parmentelot-23-18x12.avif\">\n\t\t\t\t\t<div class=\"e-gallery-image elementor-gallery-item__image\" data-thumbnail=\"https:\/\/sebastienparmentelot.com\/wp-content\/uploads\/2025\/03\/Hotel-Tiara-Yaktsa-Theoules-sur-mer-Sebastien-Parmentelot-23.avif\" data-width=\"2048\" data-height=\"1365\" alt=\"\" ><\/div>\n\t\t\t\t\t\t\t\t\t\t\t\t\t\t<\/a>\n\t\t\t\t\t\t\t<a class=\"e-gallery-item elementor-gallery-item elementor-animated-content\" href=\"https:\/\/sebastienparmentelot.com\/wp-content\/uploads\/2025\/03\/Hotel-Tiara-Yaktsa-Theoules-sur-mer-Sebastien-Parmentelot-28.avif\" data-elementor-open-lightbox=\"yes\" data-elementor-lightbox-slideshow=\"all-66862bc9\" data-elementor-lightbox-title=\"Hotel Tiara Yaktsa Theoules sur mer S\u00e9bastien Parmentelot-28\" data-e-action-hash=\"#elementor-action%3Aaction%3Dlightbox%26settings%3DeyJpZCI6MTE4NDQsInVybCI6Imh0dHBzOlwvXC9zZWJhc3RpZW5wYXJtZW50ZWxvdC5jb21cL3dwLWNvbnRlbnRcL3VwbG9hZHNcLzIwMjVcLzAzXC9Ib3RlbC1UaWFyYS1ZYWt0c2EtVGhlb3VsZXMtc3VyLW1lci1TZWJhc3RpZW4tUGFybWVudGVsb3QtMjguYXZpZiIsInNsaWRlc2hvdyI6ImFsbC02Njg2MmJjOSJ9\" data-lbwps-width=\"1367\" data-lbwps-height=\"2048\" data-lbwps-srcsmall=\"https:\/\/sebastienparmentelot.com\/wp-content\/uploads\/2025\/03\/Hotel-Tiara-Yaktsa-Theoules-sur-mer-Sebastien-Parmentelot-28-8x12.avif\">\n\t\t\t\t\t<div class=\"e-gallery-image elementor-gallery-item__image\" data-thumbnail=\"https:\/\/sebastienparmentelot.com\/wp-content\/uploads\/2025\/03\/Hotel-Tiara-Yaktsa-Theoules-sur-mer-Sebastien-Parmentelot-28.avif\" data-width=\"1367\" data-height=\"2048\" alt=\"\" ><\/div>\n\t\t\t\t\t\t\t\t\t\t\t\t\t\t<\/a>\n\t\t\t\t\t\t\t<a class=\"e-gallery-item elementor-gallery-item elementor-animated-content\" href=\"https:\/\/sebastienparmentelot.com\/wp-content\/uploads\/2025\/03\/Hotel-Tiara-Yaktsa-Theoules-sur-mer-Sebastien-Parmentelot-25.avif\" data-elementor-open-lightbox=\"yes\" data-elementor-lightbox-slideshow=\"all-66862bc9\" data-elementor-lightbox-title=\"Hotel Tiara Yaktsa Theoules sur mer S\u00e9bastien Parmentelot-25\" data-e-action-hash=\"#elementor-action%3Aaction%3Dlightbox%26settings%3DeyJpZCI6MTE4NDEsInVybCI6Imh0dHBzOlwvXC9zZWJhc3RpZW5wYXJtZW50ZWxvdC5jb21cL3dwLWNvbnRlbnRcL3VwbG9hZHNcLzIwMjVcLzAzXC9Ib3RlbC1UaWFyYS1ZYWt0c2EtVGhlb3VsZXMtc3VyLW1lci1TZWJhc3RpZW4tUGFybWVudGVsb3QtMjUuYXZpZiIsInNsaWRlc2hvdyI6ImFsbC02Njg2MmJjOSJ9\" data-lbwps-width=\"2048\" data-lbwps-height=\"1365\" data-lbwps-srcsmall=\"https:\/\/sebastienparmentelot.com\/wp-content\/uploads\/2025\/03\/Hotel-Tiara-Yaktsa-Theoules-sur-mer-Sebastien-Parmentelot-25-18x12.avif\">\n\t\t\t\t\t<div class=\"e-gallery-image elementor-gallery-item__image\" data-thumbnail=\"https:\/\/sebastienparmentelot.com\/wp-content\/uploads\/2025\/03\/Hotel-Tiara-Yaktsa-Theoules-sur-mer-Sebastien-Parmentelot-25.avif\" data-width=\"2048\" data-height=\"1365\" alt=\"\" ><\/div>\n\t\t\t\t\t\t\t\t\t\t\t\t\t\t<\/a>\n\t\t\t\t\t\t\t<a class=\"e-gallery-item elementor-gallery-item elementor-animated-content\" href=\"https:\/\/sebastienparmentelot.com\/wp-content\/uploads\/2025\/03\/Hotel-Tiara-Yaktsa-Theoules-sur-mer-Sebastien-Parmentelot-30.avif\" data-elementor-open-lightbox=\"yes\" data-elementor-lightbox-slideshow=\"all-66862bc9\" data-elementor-lightbox-title=\"Hotel Tiara Yaktsa Theoules sur mer S\u00e9bastien Parmentelot-30\" data-e-action-hash=\"#elementor-action%3Aaction%3Dlightbox%26settings%3DeyJpZCI6MTE4NDYsInVybCI6Imh0dHBzOlwvXC9zZWJhc3RpZW5wYXJtZW50ZWxvdC5jb21cL3dwLWNvbnRlbnRcL3VwbG9hZHNcLzIwMjVcLzAzXC9Ib3RlbC1UaWFyYS1ZYWt0c2EtVGhlb3VsZXMtc3VyLW1lci1TZWJhc3RpZW4tUGFybWVudGVsb3QtMzAuYXZpZiIsInNsaWRlc2hvdyI6ImFsbC02Njg2MmJjOSJ9\" data-lbwps-width=\"2048\" data-lbwps-height=\"1365\" data-lbwps-srcsmall=\"https:\/\/sebastienparmentelot.com\/wp-content\/uploads\/2025\/03\/Hotel-Tiara-Yaktsa-Theoules-sur-mer-Sebastien-Parmentelot-30-18x12.avif\">\n\t\t\t\t\t<div class=\"e-gallery-image elementor-gallery-item__image\" data-thumbnail=\"https:\/\/sebastienparmentelot.com\/wp-content\/uploads\/2025\/03\/Hotel-Tiara-Yaktsa-Theoules-sur-mer-Sebastien-Parmentelot-30.avif\" data-width=\"2048\" data-height=\"1365\" alt=\"\" ><\/div>\n\t\t\t\t\t\t\t\t\t\t\t\t\t\t<\/a>\n\t\t\t\t\t\t\t<a class=\"e-gallery-item elementor-gallery-item elementor-animated-content\" href=\"https:\/\/sebastienparmentelot.com\/wp-content\/uploads\/2025\/03\/Hotel-Tiara-Yaktsa-Theoules-sur-mer-Sebastien-Parmentelot.avif\" data-elementor-open-lightbox=\"yes\" data-elementor-lightbox-slideshow=\"all-66862bc9\" data-elementor-lightbox-title=\"Hotel Tiara Yaktsa Theoules sur mer S\u00e9bastien Parmentelot\" data-e-action-hash=\"#elementor-action%3Aaction%3Dlightbox%26settings%3DeyJpZCI6MTE4NTEsInVybCI6Imh0dHBzOlwvXC9zZWJhc3RpZW5wYXJtZW50ZWxvdC5jb21cL3dwLWNvbnRlbnRcL3VwbG9hZHNcLzIwMjVcLzAzXC9Ib3RlbC1UaWFyYS1ZYWt0c2EtVGhlb3VsZXMtc3VyLW1lci1TZWJhc3RpZW4tUGFybWVudGVsb3QuYXZpZiIsInNsaWRlc2hvdyI6ImFsbC02Njg2MmJjOSJ9\" data-lbwps-width=\"2048\" data-lbwps-height=\"1365\" data-lbwps-srcsmall=\"https:\/\/sebastienparmentelot.com\/wp-content\/uploads\/2025\/03\/Hotel-Tiara-Yaktsa-Theoules-sur-mer-Sebastien-Parmentelot-18x12.avif\">\n\t\t\t\t\t<div class=\"e-gallery-image elementor-gallery-item__image\" data-thumbnail=\"https:\/\/sebastienparmentelot.com\/wp-content\/uploads\/2025\/03\/Hotel-Tiara-Yaktsa-Theoules-sur-mer-Sebastien-Parmentelot.avif\" data-width=\"2048\" data-height=\"1365\" alt=\"\" ><\/div>\n\t\t\t\t\t\t\t\t\t\t\t\t\t\t<\/a>\n\t\t\t\t\t\t\t<a class=\"e-gallery-item elementor-gallery-item elementor-animated-content\" href=\"https:\/\/sebastienparmentelot.com\/wp-content\/uploads\/2025\/03\/Hotel-Tiara-Yaktsa-Theoules-sur-mer-Sebastien-Parmentelot-22.avif\" data-elementor-open-lightbox=\"yes\" data-elementor-lightbox-slideshow=\"all-66862bc9\" data-elementor-lightbox-title=\"Hotel Tiara Yaktsa Theoules sur mer S\u00e9bastien Parmentelot-22\" data-e-action-hash=\"#elementor-action%3Aaction%3Dlightbox%26settings%3DeyJpZCI6MTE4MzgsInVybCI6Imh0dHBzOlwvXC9zZWJhc3RpZW5wYXJtZW50ZWxvdC5jb21cL3dwLWNvbnRlbnRcL3VwbG9hZHNcLzIwMjVcLzAzXC9Ib3RlbC1UaWFyYS1ZYWt0c2EtVGhlb3VsZXMtc3VyLW1lci1TZWJhc3RpZW4tUGFybWVudGVsb3QtMjIuYXZpZiIsInNsaWRlc2hvdyI6ImFsbC02Njg2MmJjOSJ9\" data-lbwps-width=\"2048\" data-lbwps-height=\"1365\" data-lbwps-srcsmall=\"https:\/\/sebastienparmentelot.com\/wp-content\/uploads\/2025\/03\/Hotel-Tiara-Yaktsa-Theoules-sur-mer-Sebastien-Parmentelot-22-18x12.avif\">\n\t\t\t\t\t<div class=\"e-gallery-image elementor-gallery-item__image\" data-thumbnail=\"https:\/\/sebastienparmentelot.com\/wp-content\/uploads\/2025\/03\/Hotel-Tiara-Yaktsa-Theoules-sur-mer-Sebastien-Parmentelot-22.avif\" data-width=\"2048\" data-height=\"1365\" alt=\"\" ><\/div>\n\t\t\t\t\t\t\t\t\t\t\t\t\t\t<\/a>\n\t\t\t\t\t\t\t<a class=\"e-gallery-item elementor-gallery-item elementor-animated-content\" href=\"https:\/\/sebastienparmentelot.com\/wp-content\/uploads\/2025\/03\/Hotel-Tiara-Yaktsa-Theoules-sur-mer-Sebastien-Parmentelot-21.avif\" data-elementor-open-lightbox=\"yes\" data-elementor-lightbox-slideshow=\"all-66862bc9\" data-elementor-lightbox-title=\"Hotel Tiara Yaktsa Theoules sur mer S\u00e9bastien Parmentelot-21\" data-e-action-hash=\"#elementor-action%3Aaction%3Dlightbox%26settings%3DeyJpZCI6MTE4MzcsInVybCI6Imh0dHBzOlwvXC9zZWJhc3RpZW5wYXJtZW50ZWxvdC5jb21cL3dwLWNvbnRlbnRcL3VwbG9hZHNcLzIwMjVcLzAzXC9Ib3RlbC1UaWFyYS1ZYWt0c2EtVGhlb3VsZXMtc3VyLW1lci1TZWJhc3RpZW4tUGFybWVudGVsb3QtMjEuYXZpZiIsInNsaWRlc2hvdyI6ImFsbC02Njg2MmJjOSJ9\" data-lbwps-width=\"2048\" data-lbwps-height=\"1365\" data-lbwps-srcsmall=\"https:\/\/sebastienparmentelot.com\/wp-content\/uploads\/2025\/03\/Hotel-Tiara-Yaktsa-Theoules-sur-mer-Sebastien-Parmentelot-21-18x12.avif\">\n\t\t\t\t\t<div class=\"e-gallery-image elementor-gallery-item__image\" data-thumbnail=\"https:\/\/sebastienparmentelot.com\/wp-content\/uploads\/2025\/03\/Hotel-Tiara-Yaktsa-Theoules-sur-mer-Sebastien-Parmentelot-21.avif\" data-width=\"2048\" data-height=\"1365\" alt=\"\" ><\/div>\n\t\t\t\t\t\t\t\t\t\t\t\t\t\t<\/a>\n\t\t\t\t\t\t\t<a class=\"e-gallery-item elementor-gallery-item elementor-animated-content\" href=\"https:\/\/sebastienparmentelot.com\/wp-content\/uploads\/2025\/03\/Hotel-Tiara-Yaktsa-Theoules-sur-mer-Sebastien-Parmentelot-19.avif\" data-elementor-open-lightbox=\"yes\" data-elementor-lightbox-slideshow=\"all-66862bc9\" data-elementor-lightbox-title=\"Hotel Tiara Yaktsa Theoules sur mer S\u00e9bastien Parmentelot-19\" data-e-action-hash=\"#elementor-action%3Aaction%3Dlightbox%26settings%3DeyJpZCI6MTE4MzUsInVybCI6Imh0dHBzOlwvXC9zZWJhc3RpZW5wYXJtZW50ZWxvdC5jb21cL3dwLWNvbnRlbnRcL3VwbG9hZHNcLzIwMjVcLzAzXC9Ib3RlbC1UaWFyYS1ZYWt0c2EtVGhlb3VsZXMtc3VyLW1lci1TZWJhc3RpZW4tUGFybWVudGVsb3QtMTkuYXZpZiIsInNsaWRlc2hvdyI6ImFsbC02Njg2MmJjOSJ9\" data-lbwps-width=\"2048\" data-lbwps-height=\"1365\" data-lbwps-srcsmall=\"https:\/\/sebastienparmentelot.com\/wp-content\/uploads\/2025\/03\/Hotel-Tiara-Yaktsa-Theoules-sur-mer-Sebastien-Parmentelot-19-18x12.avif\">\n\t\t\t\t\t<div class=\"e-gallery-image elementor-gallery-item__image\" data-thumbnail=\"https:\/\/sebastienparmentelot.com\/wp-content\/uploads\/2025\/03\/Hotel-Tiara-Yaktsa-Theoules-sur-mer-Sebastien-Parmentelot-19.avif\" data-width=\"2048\" data-height=\"1365\" alt=\"\" ><\/div>\n\t\t\t\t\t\t\t\t\t\t\t\t\t\t<\/a>\n\t\t\t\t\t\t\t<a class=\"e-gallery-item elementor-gallery-item elementor-animated-content\" href=\"https:\/\/sebastienparmentelot.com\/wp-content\/uploads\/2025\/03\/Hotel-Tiara-Yaktsa-Theoules-sur-mer-Sebastien-Parmentelot-18.avif\" data-elementor-open-lightbox=\"yes\" data-elementor-lightbox-slideshow=\"all-66862bc9\" data-elementor-lightbox-title=\"Hotel Tiara Yaktsa Theoules sur mer S\u00e9bastien Parmentelot-18\" data-e-action-hash=\"#elementor-action%3Aaction%3Dlightbox%26settings%3DeyJpZCI6MTE4MzQsInVybCI6Imh0dHBzOlwvXC9zZWJhc3RpZW5wYXJtZW50ZWxvdC5jb21cL3dwLWNvbnRlbnRcL3VwbG9hZHNcLzIwMjVcLzAzXC9Ib3RlbC1UaWFyYS1ZYWt0c2EtVGhlb3VsZXMtc3VyLW1lci1TZWJhc3RpZW4tUGFybWVudGVsb3QtMTguYXZpZiIsInNsaWRlc2hvdyI6ImFsbC02Njg2MmJjOSJ9\" data-lbwps-width=\"2048\" data-lbwps-height=\"1365\" data-lbwps-srcsmall=\"https:\/\/sebastienparmentelot.com\/wp-content\/uploads\/2025\/03\/Hotel-Tiara-Yaktsa-Theoules-sur-mer-Sebastien-Parmentelot-18-18x12.avif\">\n\t\t\t\t\t<div class=\"e-gallery-image elementor-gallery-item__image\" data-thumbnail=\"https:\/\/sebastienparmentelot.com\/wp-content\/uploads\/2025\/03\/Hotel-Tiara-Yaktsa-Theoules-sur-mer-Sebastien-Parmentelot-18.avif\" data-width=\"2048\" data-height=\"1365\" alt=\"\" ><\/div>\n\t\t\t\t\t\t\t\t\t\t\t\t\t\t<\/a>\n\t\t\t\t\t\t\t<a class=\"e-gallery-item elementor-gallery-item elementor-animated-content\" href=\"https:\/\/sebastienparmentelot.com\/wp-content\/uploads\/2025\/03\/Hotel-Tiara-Yaktsa-Theoules-sur-mer-Sebastien-Parmentelot-17.avif\" data-elementor-open-lightbox=\"yes\" data-elementor-lightbox-slideshow=\"all-66862bc9\" data-elementor-lightbox-title=\"Hotel Tiara Yaktsa Theoules sur mer S\u00e9bastien Parmentelot-17\" data-e-action-hash=\"#elementor-action%3Aaction%3Dlightbox%26settings%3DeyJpZCI6MTE4MzMsInVybCI6Imh0dHBzOlwvXC9zZWJhc3RpZW5wYXJtZW50ZWxvdC5jb21cL3dwLWNvbnRlbnRcL3VwbG9hZHNcLzIwMjVcLzAzXC9Ib3RlbC1UaWFyYS1ZYWt0c2EtVGhlb3VsZXMtc3VyLW1lci1TZWJhc3RpZW4tUGFybWVudGVsb3QtMTcuYXZpZiIsInNsaWRlc2hvdyI6ImFsbC02Njg2MmJjOSJ9\" data-lbwps-width=\"2048\" data-lbwps-height=\"1365\" data-lbwps-srcsmall=\"https:\/\/sebastienparmentelot.com\/wp-content\/uploads\/2025\/03\/Hotel-Tiara-Yaktsa-Theoules-sur-mer-Sebastien-Parmentelot-17-18x12.avif\">\n\t\t\t\t\t<div class=\"e-gallery-image elementor-gallery-item__image\" data-thumbnail=\"https:\/\/sebastienparmentelot.com\/wp-content\/uploads\/2025\/03\/Hotel-Tiara-Yaktsa-Theoules-sur-mer-Sebastien-Parmentelot-17.avif\" data-width=\"2048\" data-height=\"1365\" alt=\"\" ><\/div>\n\t\t\t\t\t\t\t\t\t\t\t\t\t\t<\/a>\n\t\t\t\t\t\t\t<a class=\"e-gallery-item elementor-gallery-item elementor-animated-content\" href=\"https:\/\/sebastienparmentelot.com\/wp-content\/uploads\/2025\/03\/Hotel-Tiara-Yaktsa-Theoules-sur-mer-Sebastien-Parmentelot-16.avif\" data-elementor-open-lightbox=\"yes\" data-elementor-lightbox-slideshow=\"all-66862bc9\" data-elementor-lightbox-title=\"Hotel Tiara Yaktsa Theoules sur mer S\u00e9bastien Parmentelot-16\" data-e-action-hash=\"#elementor-action%3Aaction%3Dlightbox%26settings%3DeyJpZCI6MTE4MzIsInVybCI6Imh0dHBzOlwvXC9zZWJhc3RpZW5wYXJtZW50ZWxvdC5jb21cL3dwLWNvbnRlbnRcL3VwbG9hZHNcLzIwMjVcLzAzXC9Ib3RlbC1UaWFyYS1ZYWt0c2EtVGhlb3VsZXMtc3VyLW1lci1TZWJhc3RpZW4tUGFybWVudGVsb3QtMTYuYXZpZiIsInNsaWRlc2hvdyI6ImFsbC02Njg2MmJjOSJ9\" data-lbwps-width=\"2048\" data-lbwps-height=\"1367\" data-lbwps-srcsmall=\"https:\/\/sebastienparmentelot.com\/wp-content\/uploads\/2025\/03\/Hotel-Tiara-Yaktsa-Theoules-sur-mer-Sebastien-Parmentelot-16-18x12.avif\">\n\t\t\t\t\t<div class=\"e-gallery-image elementor-gallery-item__image\" data-thumbnail=\"https:\/\/sebastienparmentelot.com\/wp-content\/uploads\/2025\/03\/Hotel-Tiara-Yaktsa-Theoules-sur-mer-Sebastien-Parmentelot-16.avif\" data-width=\"2048\" data-height=\"1367\" alt=\"\" ><\/div>\n\t\t\t\t\t\t\t\t\t\t\t\t\t\t<\/a>\n\t\t\t\t\t\t\t<a class=\"e-gallery-item elementor-gallery-item elementor-animated-content\" href=\"https:\/\/sebastienparmentelot.com\/wp-content\/uploads\/2025\/03\/Hotel-Tiara-Yaktsa-Theoules-sur-mer-Sebastien-Parmentelot-15.avif\" data-elementor-open-lightbox=\"yes\" data-elementor-lightbox-slideshow=\"all-66862bc9\" data-elementor-lightbox-title=\"Hotel Tiara Yaktsa Theoules sur mer S\u00e9bastien Parmentelot-15\" data-e-action-hash=\"#elementor-action%3Aaction%3Dlightbox%26settings%3DeyJpZCI6MTE4MzEsInVybCI6Imh0dHBzOlwvXC9zZWJhc3RpZW5wYXJtZW50ZWxvdC5jb21cL3dwLWNvbnRlbnRcL3VwbG9hZHNcLzIwMjVcLzAzXC9Ib3RlbC1UaWFyYS1ZYWt0c2EtVGhlb3VsZXMtc3VyLW1lci1TZWJhc3RpZW4tUGFybWVudGVsb3QtMTUuYXZpZiIsInNsaWRlc2hvdyI6ImFsbC02Njg2MmJjOSJ9\" data-lbwps-width=\"2048\" data-lbwps-height=\"1365\" data-lbwps-srcsmall=\"https:\/\/sebastienparmentelot.com\/wp-content\/uploads\/2025\/03\/Hotel-Tiara-Yaktsa-Theoules-sur-mer-Sebastien-Parmentelot-15-18x12.avif\">\n\t\t\t\t\t<div class=\"e-gallery-image elementor-gallery-item__image\" data-thumbnail=\"https:\/\/sebastienparmentelot.com\/wp-content\/uploads\/2025\/03\/Hotel-Tiara-Yaktsa-Theoules-sur-mer-Sebastien-Parmentelot-15.avif\" data-width=\"2048\" data-height=\"1365\" alt=\"\" ><\/div>\n\t\t\t\t\t\t\t\t\t\t\t\t\t\t<\/a>\n\t\t\t\t\t<\/div>\n\t\t\t\t\t<\/div>\n\t\t\t\t<\/div>\n\t\t\t\t\t<\/div>\n\t\t<\/div>\n\t\t\t\t\t<\/div>\n\t\t<\/section>\n\t\t\t\t<section class=\"elementor-section elementor-top-section elementor-element elementor-element-1a463cc elementor-section-boxed elementor-section-height-default elementor-section-height-default exad-glass-effect-no exad-sticky-section-no\" data-id=\"1a463cc\" data-element_type=\"section\" data-e-type=\"section\">\n\t\t\t\t\t\t<div class=\"elementor-container elementor-column-gap-default\">\n\t\t\t\t\t<div class=\"elementor-column elementor-col-100 elementor-top-column elementor-element elementor-element-fb9b4cf exad-glass-effect-no exad-sticky-section-no\" data-id=\"fb9b4cf\" data-element_type=\"column\" data-e-type=\"column\">\n\t\t\t<div class=\"elementor-widget-wrap elementor-element-populated\">\n\t\t\t\t\t\t<div class=\"elementor-element elementor-element-5a089a2 exad-sticky-section-no exad-glass-effect-no elementor-invisible elementor-widget elementor-widget-heading\" data-id=\"5a089a2\" data-element_type=\"widget\" data-e-type=\"widget\" data-settings=\"{&quot;_animation&quot;:&quot;fadeInUp&quot;}\" data-widget_type=\"heading.default\">\n\t\t\t\t<div class=\"elementor-widget-container\">\n\t\t\t\t\t<h2 class=\"elementor-heading-title elementor-size-default translation-block\"><span>HOTEL<\/span> REFERENCES<\/h2>\t\t\t\t<\/div>\n\t\t\t\t<\/div>\n\t\t\t\t\t<\/div>\n\t\t<\/div>\n\t\t\t\t\t<\/div>\n\t\t<\/section>\n\t\t\t\t<section class=\"elementor-section elementor-top-section elementor-element elementor-element-36ccfd5 elementor-section-boxed elementor-section-height-default elementor-section-height-default exad-glass-effect-no exad-sticky-section-no\" data-id=\"36ccfd5\" data-element_type=\"section\" data-e-type=\"section\">\n\t\t\t\t\t\t<div class=\"elementor-container elementor-column-gap-default\">\n\t\t\t\t\t<div class=\"elementor-column elementor-col-100 elementor-top-column elementor-element elementor-element-32e9fcb exad-glass-effect-no exad-sticky-section-no\" data-id=\"32e9fcb\" data-element_type=\"column\" data-e-type=\"column\">\n\t\t\t<div class=\"elementor-widget-wrap elementor-element-populated\">\n\t\t\t\t\t\t<div class=\"elementor-element elementor-element-45d1769 exad-sticky-section-no exad-glass-effect-no elementor-widget elementor-widget-image-carousel\" data-id=\"45d1769\" data-element_type=\"widget\" data-e-type=\"widget\" data-settings=\"{&quot;slides_to_show_mobile&quot;:&quot;2&quot;,&quot;navigation&quot;:&quot;none&quot;,&quot;slides_to_show&quot;:&quot;6&quot;,&quot;slides_to_scroll&quot;:&quot;2&quot;,&quot;image_spacing_custom&quot;:{&quot;unit&quot;:&quot;px&quot;,&quot;size&quot;:40,&quot;sizes&quot;:[]},&quot;autoplay&quot;:&quot;yes&quot;,&quot;autoplay_speed&quot;:5000,&quot;infinite&quot;:&quot;yes&quot;,&quot;speed&quot;:500,&quot;image_spacing_custom_tablet_extra&quot;:{&quot;unit&quot;:&quot;px&quot;,&quot;size&quot;:&quot;&quot;,&quot;sizes&quot;:[]},&quot;image_spacing_custom_tablet&quot;:{&quot;unit&quot;:&quot;px&quot;,&quot;size&quot;:&quot;&quot;,&quot;sizes&quot;:[]},&quot;image_spacing_custom_mobile_extra&quot;:{&quot;unit&quot;:&quot;px&quot;,&quot;size&quot;:&quot;&quot;,&quot;sizes&quot;:[]},&quot;image_spacing_custom_mobile&quot;:{&quot;unit&quot;:&quot;px&quot;,&quot;size&quot;:&quot;&quot;,&quot;sizes&quot;:[]}}\" data-widget_type=\"image-carousel.default\">\n\t\t\t\t<div class=\"elementor-widget-container\">\n\t\t\t\t\t\t\t<div class=\"elementor-image-carousel-wrapper swiper\" role=\"region\" aria-roledescription=\"carousel\" aria-label=\"Image Carousel\" dir=\"ltr\">\n\t\t\t<div class=\"elementor-image-carousel swiper-wrapper\" aria-live=\"off\">\n\t\t\t\t\t\t\t\t<div class=\"swiper-slide\" role=\"group\" aria-roledescription=\"slide\" aria-label=\"1 sur 8\"><figure class=\"swiper-slide-inner\"><img decoding=\"async\" class=\"swiper-slide-image\" src=\"https:\/\/sebastienparmentelot.com\/wp-content\/uploads\/2025\/02\/Yaktsa-150x150.png\" alt=\"Yaktsa\" title=\"\"><\/figure><\/div><div class=\"swiper-slide\" role=\"group\" aria-roledescription=\"slide\" aria-label=\"2 sur 8\"><figure class=\"swiper-slide-inner\"><img decoding=\"async\" class=\"swiper-slide-image\" src=\"https:\/\/sebastienparmentelot.com\/wp-content\/uploads\/2025\/02\/LGJ-logo--150x150.png\" alt=\"LGJ-logo\" title=\"\"><\/figure><\/div><div class=\"swiper-slide\" role=\"group\" aria-roledescription=\"slide\" aria-label=\"3 sur 8\"><figure class=\"swiper-slide-inner\"><img decoding=\"async\" class=\"swiper-slide-image\" src=\"https:\/\/sebastienparmentelot.com\/wp-content\/uploads\/2025\/02\/Logo-Sonder-150x150.png\" alt=\"Logo Sonder\" title=\"\"><\/figure><\/div><div class=\"swiper-slide\" role=\"group\" aria-roledescription=\"slide\" aria-label=\"4 sur 8\"><figure class=\"swiper-slide-inner\"><img decoding=\"async\" class=\"swiper-slide-image\" src=\"https:\/\/sebastienparmentelot.com\/wp-content\/uploads\/2025\/02\/Logo-Yelo-Hotel-150x150.png\" alt=\"Logo Yelo Hotel\" title=\"\"><\/figure><\/div><div class=\"swiper-slide\" role=\"group\" aria-roledescription=\"slide\" aria-label=\"5 sur 8\"><figure class=\"swiper-slide-inner\"><img decoding=\"async\" class=\"swiper-slide-image\" src=\"https:\/\/sebastienparmentelot.com\/wp-content\/uploads\/2025\/02\/Ultima-logo-150x150.png\" alt=\"Ultima-logo\" title=\"\"><\/figure><\/div><div class=\"swiper-slide\" role=\"group\" aria-roledescription=\"slide\" aria-label=\"6 sur 8\"><figure class=\"swiper-slide-inner\"><img decoding=\"async\" class=\"swiper-slide-image\" src=\"https:\/\/sebastienparmentelot.com\/wp-content\/uploads\/2024\/09\/Sohoma-150x150.png\" alt=\"Sohoma\" title=\"\"><\/figure><\/div><div class=\"swiper-slide\" role=\"group\" aria-roledescription=\"slide\" aria-label=\"7 sur 8\"><figure class=\"swiper-slide-inner\"><img decoding=\"async\" class=\"swiper-slide-image\" src=\"https:\/\/sebastienparmentelot.com\/wp-content\/uploads\/2025\/03\/Carla-Rosa-150x150.png\" alt=\"Carla Rosa\" title=\"\"><\/figure><\/div><div class=\"swiper-slide\" role=\"group\" aria-roledescription=\"slide\" aria-label=\"8 sur 8\"><figure class=\"swiper-slide-inner\"><img decoding=\"async\" class=\"swiper-slide-image\" src=\"https:\/\/sebastienparmentelot.com\/wp-content\/uploads\/2025\/02\/Miramar-150x150.png\" alt=\"Miramar\" title=\"\"><\/figure><\/div>\t\t\t<\/div>\n\t\t\t\t\t\t\t\n\t\t\t\t\t\t\t\t\t<\/div>\n\t\t\t\t\t\t<\/div>\n\t\t\t\t<\/div>\n\t\t\t\t\t<\/div>\n\t\t<\/div>\n\t\t\t\t\t<\/div>\n\t\t<\/section>\n\t\t\t\t<\/div>","protected":false},"excerpt":{"rendered":"<p>PHOTOGRAPHE H\u00d4TEL Photographe sp\u00e9cialis\u00e9 dans la r\u00e9alisation de reportages photos dans le domaine de l&rsquo;h\u00f4tellerie (h\u00f4tel, resort, golf, bastide, ch\u00e2teau, vignoble, etc.), je me d\u00e9place de Saint-Tropez \u00e0 Monaco en passant par Nice, Cannes, Antibes et sur toute la r\u00e9gion Provence-Alpes-C\u00f4te d&rsquo;Azur. Le secteur de l&rsquo;h\u00f4tellerie implique une connaissance particuli\u00e8re du secteur, notamment sur les [&hellip;]<\/p>\n","protected":false},"author":1,"featured_media":0,"parent":0,"menu_order":0,"comment_status":"closed","ping_status":"closed","template":"page-templates\/home.php","meta":{"footnotes":""},"class_list":["post-548","page","type-page","status-publish","hentry"],"_links":{"self":[{"href":"https:\/\/sebastienparmentelot.com\/en\/wp-json\/wp\/v2\/pages\/548","targetHints":{"allow":["GET"]}}],"collection":[{"href":"https:\/\/sebastienparmentelot.com\/en\/wp-json\/wp\/v2\/pages"}],"about":[{"href":"https:\/\/sebastienparmentelot.com\/en\/wp-json\/wp\/v2\/types\/page"}],"author":[{"embeddable":true,"href":"https:\/\/sebastienparmentelot.com\/en\/wp-json\/wp\/v2\/users\/1"}],"replies":[{"embeddable":true,"href":"https:\/\/sebastienparmentelot.com\/en\/wp-json\/wp\/v2\/comments?post=548"}],"version-history":[{"count":145,"href":"https:\/\/sebastienparmentelot.com\/en\/wp-json\/wp\/v2\/pages\/548\/revisions"}],"predecessor-version":[{"id":14607,"href":"https:\/\/sebastienparmentelot.com\/en\/wp-json\/wp\/v2\/pages\/548\/revisions\/14607"}],"wp:attachment":[{"href":"https:\/\/sebastienparmentelot.com\/en\/wp-json\/wp\/v2\/media?parent=548"}],"curies":[{"name":"wp","href":"https:\/\/api.w.org\/{rel}","templated":true}]}}