{"id":7569,"date":"2023-01-03T17:05:59","date_gmt":"2023-01-03T17:05:59","guid":{"rendered":"http:\/\/dopi5886.odns.fr\/?page_id=7569"},"modified":"2025-03-17T20:33:34","modified_gmt":"2025-03-17T20:33:34","slug":"projet-photo-hotel-le-grand-jardin","status":"publish","type":"page","link":"https:\/\/sebastienparmentelot.com\/en\/photo-project-hotel-le-grand-jardin\/","title":{"rendered":"Project Le Grand Jardin"},"content":{"rendered":"<div data-elementor-type=\"wp-page\" data-elementor-id=\"7569\" class=\"elementor elementor-7569\">\n\t\t\t\t\t\t<section class=\"elementor-section elementor-top-section elementor-element elementor-element-755398b6 elementor-section-boxed elementor-section-height-default elementor-section-height-default exad-glass-effect-no exad-sticky-section-no\" data-id=\"755398b6\" data-element_type=\"section\" data-e-type=\"section\">\n\t\t\t\t\t\t<div class=\"elementor-container elementor-column-gap-default\">\n\t\t\t\t\t<div class=\"elementor-column elementor-col-100 elementor-top-column elementor-element elementor-element-41c84a91 exad-glass-effect-no exad-sticky-section-no\" data-id=\"41c84a91\" data-element_type=\"column\" data-e-type=\"column\">\n\t\t\t<div class=\"elementor-widget-wrap elementor-element-populated\">\n\t\t\t\t\t\t<div class=\"elementor-element elementor-element-7284199 exad-sticky-section-no exad-glass-effect-no elementor-widget elementor-widget-image\" data-id=\"7284199\" data-element_type=\"widget\" data-e-type=\"widget\" data-widget_type=\"image.default\">\n\t\t\t\t<div class=\"elementor-widget-container\">\n\t\t\t\t\t\t\t\t\t\t\t\t\t\t\t<img fetchpriority=\"high\" decoding=\"async\" width=\"900\" height=\"599\" src=\"https:\/\/sebastienparmentelot.com\/wp-content\/uploads\/2025\/03\/Le-Grand-Jardin-Ile-de-Lerins-Cannes-Sebastien-Parmentelot-65.avif\" class=\"attachment-large size-large wp-image-11732\" alt=\"\" srcset=\"https:\/\/sebastienparmentelot.com\/wp-content\/uploads\/2025\/03\/Le-Grand-Jardin-Ile-de-Lerins-Cannes-Sebastien-Parmentelot-65.avif 2048w, https:\/\/sebastienparmentelot.com\/wp-content\/uploads\/2025\/03\/Le-Grand-Jardin-Ile-de-Lerins-Cannes-Sebastien-Parmentelot-65-300x200.avif 300w, https:\/\/sebastienparmentelot.com\/wp-content\/uploads\/2025\/03\/Le-Grand-Jardin-Ile-de-Lerins-Cannes-Sebastien-Parmentelot-65-150x100.avif 150w, https:\/\/sebastienparmentelot.com\/wp-content\/uploads\/2025\/03\/Le-Grand-Jardin-Ile-de-Lerins-Cannes-Sebastien-Parmentelot-65-768x512.avif 768w, https:\/\/sebastienparmentelot.com\/wp-content\/uploads\/2025\/03\/Le-Grand-Jardin-Ile-de-Lerins-Cannes-Sebastien-Parmentelot-65-1536x1023.avif 1536w, https:\/\/sebastienparmentelot.com\/wp-content\/uploads\/2025\/03\/Le-Grand-Jardin-Ile-de-Lerins-Cannes-Sebastien-Parmentelot-65-18x12.avif 18w\" sizes=\"(max-width: 900px) 100vw, 900px\" title=\"\">\t\t\t\t\t\t\t\t\t\t\t\t\t\t\t<\/div>\n\t\t\t\t<\/div>\n\t\t\t\t\t<\/div>\n\t\t<\/div>\n\t\t\t\t\t<\/div>\n\t\t<\/section>\n\t\t\t\t<section class=\"elementor-section elementor-top-section elementor-element elementor-element-0de0576 elementor-section-boxed elementor-section-height-default elementor-section-height-default exad-glass-effect-no exad-sticky-section-no\" data-id=\"0de0576\" data-element_type=\"section\" data-e-type=\"section\">\n\t\t\t\t\t\t<div class=\"elementor-container elementor-column-gap-default\">\n\t\t\t\t\t<div class=\"elementor-column elementor-col-100 elementor-top-column elementor-element elementor-element-71207e7 exad-glass-effect-no exad-sticky-section-no\" data-id=\"71207e7\" data-element_type=\"column\" data-e-type=\"column\">\n\t\t\t<div class=\"elementor-widget-wrap elementor-element-populated\">\n\t\t\t\t\t\t<div class=\"elementor-element elementor-element-7f06bbe exad-sticky-section-no exad-glass-effect-no elementor-invisible elementor-widget elementor-widget-heading\" data-id=\"7f06bbe\" data-element_type=\"widget\" data-e-type=\"widget\" data-settings=\"{&quot;_animation&quot;:&quot;fadeInUp&quot;}\" data-widget_type=\"heading.default\">\n\t\t\t\t<div class=\"elementor-widget-container\">\n\t\t\t\t\t<h1 class=\"elementor-heading-title elementor-size-default\"><span>LE GRAND JARDIN<\/span> CANNES<\/h1>\t\t\t\t<\/div>\n\t\t\t\t<\/div>\n\t\t\t\t<div class=\"elementor-element elementor-element-25bc8a9 exad-sticky-section-no exad-glass-effect-no elementor-widget elementor-widget-heading\" data-id=\"25bc8a9\" data-element_type=\"widget\" data-e-type=\"widget\" data-widget_type=\"heading.default\">\n\t\t\t\t<div class=\"elementor-widget-container\">\n\t\t\t\t\t<p class=\"elementor-heading-title elementor-size-default\"><b>Le Grand Jardin<\/b>, unique private property on Sainte-Marguerite island in <b>Cannes<\/b>, is one of the most exclusive destinations on the French Riviera. \n<br><br>\nThe domain steeped in history which extends over 14,000m\u00b2 including a garden classified as \u201cRemarkable\u201d is available for rental and offers 5* service and amenities.\n<br>\n<br>\n<b>Landscape Architect <\/b> : Atelier Herve Meyer\n<br>\n<br>\n<b>Type of project <\/b> Hospitality\n <br>\n<b>Service <\/b> : Photography <\/p>\t\t\t\t<\/div>\n\t\t\t\t<\/div>\n\t\t\t\t\t<\/div>\n\t\t<\/div>\n\t\t\t\t\t<\/div>\n\t\t<\/section>\n\t\t\t\t<section class=\"elementor-section elementor-top-section elementor-element elementor-element-96c51e2 elementor-section-boxed elementor-section-height-default elementor-section-height-default exad-glass-effect-no exad-sticky-section-no\" data-id=\"96c51e2\" data-element_type=\"section\" data-e-type=\"section\">\n\t\t\t\t\t\t<div class=\"elementor-container elementor-column-gap-default\">\n\t\t\t\t\t<div class=\"elementor-column elementor-col-100 elementor-top-column elementor-element elementor-element-5b63cf1 exad-glass-effect-no exad-sticky-section-no\" data-id=\"5b63cf1\" data-element_type=\"column\" data-e-type=\"column\">\n\t\t\t<div class=\"elementor-widget-wrap elementor-element-populated\">\n\t\t\t\t\t\t<div class=\"elementor-element elementor-element-9475f86 exad-sticky-section-no exad-glass-effect-no elementor-widget elementor-widget-gallery\" data-id=\"9475f86\" data-element_type=\"widget\" data-e-type=\"widget\" data-settings=\"{&quot;columns&quot;:3,&quot;gap&quot;:{&quot;unit&quot;:&quot;px&quot;,&quot;size&quot;:30,&quot;sizes&quot;:[]},&quot;gallery_layout&quot;:&quot;masonry&quot;,&quot;lazyload&quot;:&quot;yes&quot;,&quot;columns_tablet&quot;:2,&quot;columns_mobile&quot;:1,&quot;gap_tablet_extra&quot;:{&quot;unit&quot;:&quot;px&quot;,&quot;size&quot;:10,&quot;sizes&quot;:[]},&quot;gap_tablet&quot;:{&quot;unit&quot;:&quot;px&quot;,&quot;size&quot;:10,&quot;sizes&quot;:[]},&quot;gap_mobile_extra&quot;:{&quot;unit&quot;:&quot;px&quot;,&quot;size&quot;:10,&quot;sizes&quot;:[]},&quot;gap_mobile&quot;:{&quot;unit&quot;:&quot;px&quot;,&quot;size&quot;:10,&quot;sizes&quot;:[]},&quot;link_to&quot;:&quot;file&quot;,&quot;content_hover_animation&quot;:&quot;fade-in&quot;}\" data-widget_type=\"gallery.default\">\n\t\t\t\t<div class=\"elementor-widget-container\">\n\t\t\t\t\t\t\t<div class=\"elementor-gallery__container\">\n\t\t\t\t\t<\/div>\n\t\t\t\t\t<\/div>\n\t\t\t\t<\/div>\n\t\t\t\t\t<\/div>\n\t\t<\/div>\n\t\t\t\t\t<\/div>\n\t\t<\/section>\n\t\t\t\t<section class=\"elementor-section elementor-top-section elementor-element elementor-element-212840a8 elementor-section-boxed elementor-section-height-default elementor-section-height-default exad-glass-effect-no exad-sticky-section-no\" data-id=\"212840a8\" data-element_type=\"section\" data-e-type=\"section\">\n\t\t\t\t\t\t<div class=\"elementor-container elementor-column-gap-default\">\n\t\t\t\t\t<div class=\"elementor-column elementor-col-100 elementor-top-column elementor-element elementor-element-7458255a exad-glass-effect-no exad-sticky-section-no\" data-id=\"7458255a\" data-element_type=\"column\" data-e-type=\"column\">\n\t\t\t<div class=\"elementor-widget-wrap elementor-element-populated\">\n\t\t\t\t\t\t<div class=\"elementor-element elementor-element-2c412f6 exad-sticky-section-no exad-glass-effect-no elementor-widget elementor-widget-gallery\" data-id=\"2c412f6\" data-element_type=\"widget\" data-e-type=\"widget\" data-settings=\"{&quot;columns&quot;:2,&quot;gap&quot;:{&quot;unit&quot;:&quot;px&quot;,&quot;size&quot;:30,&quot;sizes&quot;:[]},&quot;gallery_layout&quot;:&quot;masonry&quot;,&quot;lazyload&quot;:&quot;yes&quot;,&quot;columns_tablet&quot;:2,&quot;columns_mobile&quot;:1,&quot;gap_tablet_extra&quot;:{&quot;unit&quot;:&quot;px&quot;,&quot;size&quot;:10,&quot;sizes&quot;:[]},&quot;gap_tablet&quot;:{&quot;unit&quot;:&quot;px&quot;,&quot;size&quot;:10,&quot;sizes&quot;:[]},&quot;gap_mobile_extra&quot;:{&quot;unit&quot;:&quot;px&quot;,&quot;size&quot;:10,&quot;sizes&quot;:[]},&quot;gap_mobile&quot;:{&quot;unit&quot;:&quot;px&quot;,&quot;size&quot;:10,&quot;sizes&quot;:[]},&quot;link_to&quot;:&quot;file&quot;,&quot;overlay_background&quot;:&quot;yes&quot;,&quot;content_hover_animation&quot;:&quot;fade-in&quot;}\" data-widget_type=\"gallery.default\">\n\t\t\t\t<div class=\"elementor-widget-container\">\n\t\t\t\t\t\t\t<div class=\"elementor-gallery__container\">\n\t\t\t\t\t\t\t<a class=\"e-gallery-item elementor-gallery-item elementor-animated-content\" href=\"https:\/\/sebastienparmentelot.com\/wp-content\/uploads\/2025\/03\/Le-Grand-Jardin-Ile-de-Lerins-Cannes-Sebastien-Parmentelot-1.avif\" data-elementor-open-lightbox=\"yes\" data-elementor-lightbox-slideshow=\"all-2c412f6\" data-elementor-lightbox-title=\"Le Grand Jardin Ile de Lerins Cannes S\u00e9bastien Parmentelot-1\" data-e-action-hash=\"#elementor-action%3Aaction%3Dlightbox%26settings%3DeyJpZCI6MTE2NjgsInVybCI6Imh0dHBzOlwvXC9zZWJhc3RpZW5wYXJtZW50ZWxvdC5jb21cL3dwLWNvbnRlbnRcL3VwbG9hZHNcLzIwMjVcLzAzXC9MZS1HcmFuZC1KYXJkaW4tSWxlLWRlLUxlcmlucy1DYW5uZXMtU2ViYXN0aWVuLVBhcm1lbnRlbG90LTEuYXZpZiIsInNsaWRlc2hvdyI6ImFsbC0yYzQxMmY2In0%3D\" data-lbwps-width=\"2048\" data-lbwps-height=\"1365\" data-lbwps-srcsmall=\"https:\/\/sebastienparmentelot.com\/wp-content\/uploads\/2025\/03\/Le-Grand-Jardin-Ile-de-Lerins-Cannes-Sebastien-Parmentelot-1-18x12.avif\">\n\t\t\t\t\t<div class=\"e-gallery-image elementor-gallery-item__image\" data-thumbnail=\"https:\/\/sebastienparmentelot.com\/wp-content\/uploads\/2025\/03\/Le-Grand-Jardin-Ile-de-Lerins-Cannes-Sebastien-Parmentelot-1.avif\" data-width=\"2048\" data-height=\"1365\" alt=\"\" ><\/div>\n\t\t\t\t\t\t\t\t\t\t\t<div class=\"elementor-gallery-item__overlay\"><\/div>\n\t\t\t\t\t\t\t\t\t\t\t\t\t\t<\/a>\n\t\t\t\t\t\t\t<a class=\"e-gallery-item elementor-gallery-item elementor-animated-content\" href=\"https:\/\/sebastienparmentelot.com\/wp-content\/uploads\/2025\/03\/Le-Grand-Jardin-Ile-de-Lerins-Cannes-Sebastien-Parmentelot-2.avif\" data-elementor-open-lightbox=\"yes\" data-elementor-lightbox-slideshow=\"all-2c412f6\" data-elementor-lightbox-title=\"Le Grand Jardin Ile de Lerins Cannes S\u00e9bastien Parmentelot-2\" data-e-action-hash=\"#elementor-action%3Aaction%3Dlightbox%26settings%3DeyJpZCI6MTE2NjksInVybCI6Imh0dHBzOlwvXC9zZWJhc3RpZW5wYXJtZW50ZWxvdC5jb21cL3dwLWNvbnRlbnRcL3VwbG9hZHNcLzIwMjVcLzAzXC9MZS1HcmFuZC1KYXJkaW4tSWxlLWRlLUxlcmlucy1DYW5uZXMtU2ViYXN0aWVuLVBhcm1lbnRlbG90LTIuYXZpZiIsInNsaWRlc2hvdyI6ImFsbC0yYzQxMmY2In0%3D\" data-lbwps-width=\"2048\" data-lbwps-height=\"1365\" data-lbwps-srcsmall=\"https:\/\/sebastienparmentelot.com\/wp-content\/uploads\/2025\/03\/Le-Grand-Jardin-Ile-de-Lerins-Cannes-Sebastien-Parmentelot-2-18x12.avif\">\n\t\t\t\t\t<div class=\"e-gallery-image elementor-gallery-item__image\" data-thumbnail=\"https:\/\/sebastienparmentelot.com\/wp-content\/uploads\/2025\/03\/Le-Grand-Jardin-Ile-de-Lerins-Cannes-Sebastien-Parmentelot-2.avif\" data-width=\"2048\" data-height=\"1365\" alt=\"\" ><\/div>\n\t\t\t\t\t\t\t\t\t\t\t<div class=\"elementor-gallery-item__overlay\"><\/div>\n\t\t\t\t\t\t\t\t\t\t\t\t\t\t<\/a>\n\t\t\t\t\t\t\t<a class=\"e-gallery-item elementor-gallery-item elementor-animated-content\" href=\"https:\/\/sebastienparmentelot.com\/wp-content\/uploads\/2025\/03\/Le-Grand-Jardin-Ile-de-Lerins-Cannes-Sebastien-Parmentelot-3.avif\" data-elementor-open-lightbox=\"yes\" data-elementor-lightbox-slideshow=\"all-2c412f6\" data-elementor-lightbox-title=\"Le Grand Jardin Ile de Lerins Cannes S\u00e9bastien Parmentelot-3\" data-e-action-hash=\"#elementor-action%3Aaction%3Dlightbox%26settings%3DeyJpZCI6MTE2NzAsInVybCI6Imh0dHBzOlwvXC9zZWJhc3RpZW5wYXJtZW50ZWxvdC5jb21cL3dwLWNvbnRlbnRcL3VwbG9hZHNcLzIwMjVcLzAzXC9MZS1HcmFuZC1KYXJkaW4tSWxlLWRlLUxlcmlucy1DYW5uZXMtU2ViYXN0aWVuLVBhcm1lbnRlbG90LTMuYXZpZiIsInNsaWRlc2hvdyI6ImFsbC0yYzQxMmY2In0%3D\" data-lbwps-width=\"2048\" data-lbwps-height=\"1365\" data-lbwps-srcsmall=\"https:\/\/sebastienparmentelot.com\/wp-content\/uploads\/2025\/03\/Le-Grand-Jardin-Ile-de-Lerins-Cannes-Sebastien-Parmentelot-3-18x12.avif\">\n\t\t\t\t\t<div class=\"e-gallery-image elementor-gallery-item__image\" data-thumbnail=\"https:\/\/sebastienparmentelot.com\/wp-content\/uploads\/2025\/03\/Le-Grand-Jardin-Ile-de-Lerins-Cannes-Sebastien-Parmentelot-3.avif\" data-width=\"2048\" data-height=\"1365\" alt=\"\" ><\/div>\n\t\t\t\t\t\t\t\t\t\t\t<div class=\"elementor-gallery-item__overlay\"><\/div>\n\t\t\t\t\t\t\t\t\t\t\t\t\t\t<\/a>\n\t\t\t\t\t\t\t<a class=\"e-gallery-item elementor-gallery-item elementor-animated-content\" href=\"https:\/\/sebastienparmentelot.com\/wp-content\/uploads\/2025\/03\/Le-Grand-Jardin-Ile-de-Lerins-Cannes-Sebastien-Parmentelot-4.avif\" data-elementor-open-lightbox=\"yes\" data-elementor-lightbox-slideshow=\"all-2c412f6\" data-elementor-lightbox-title=\"Le Grand Jardin Ile de Lerins Cannes S\u00e9bastien Parmentelot-4\" data-e-action-hash=\"#elementor-action%3Aaction%3Dlightbox%26settings%3DeyJpZCI6MTE2NzEsInVybCI6Imh0dHBzOlwvXC9zZWJhc3RpZW5wYXJtZW50ZWxvdC5jb21cL3dwLWNvbnRlbnRcL3VwbG9hZHNcLzIwMjVcLzAzXC9MZS1HcmFuZC1KYXJkaW4tSWxlLWRlLUxlcmlucy1DYW5uZXMtU2ViYXN0aWVuLVBhcm1lbnRlbG90LTQuYXZpZiIsInNsaWRlc2hvdyI6ImFsbC0yYzQxMmY2In0%3D\" data-lbwps-width=\"2048\" data-lbwps-height=\"1365\" data-lbwps-srcsmall=\"https:\/\/sebastienparmentelot.com\/wp-content\/uploads\/2025\/03\/Le-Grand-Jardin-Ile-de-Lerins-Cannes-Sebastien-Parmentelot-4-18x12.avif\">\n\t\t\t\t\t<div class=\"e-gallery-image elementor-gallery-item__image\" data-thumbnail=\"https:\/\/sebastienparmentelot.com\/wp-content\/uploads\/2025\/03\/Le-Grand-Jardin-Ile-de-Lerins-Cannes-Sebastien-Parmentelot-4.avif\" data-width=\"2048\" data-height=\"1365\" alt=\"\" ><\/div>\n\t\t\t\t\t\t\t\t\t\t\t<div class=\"elementor-gallery-item__overlay\"><\/div>\n\t\t\t\t\t\t\t\t\t\t\t\t\t\t<\/a>\n\t\t\t\t\t\t\t<a class=\"e-gallery-item elementor-gallery-item elementor-animated-content\" href=\"https:\/\/sebastienparmentelot.com\/wp-content\/uploads\/2025\/03\/Le-Grand-Jardin-Ile-de-Lerins-Cannes-Sebastien-Parmentelot-5.avif\" data-elementor-open-lightbox=\"yes\" data-elementor-lightbox-slideshow=\"all-2c412f6\" data-elementor-lightbox-title=\"Le Grand Jardin Ile de Lerins Cannes S\u00e9bastien Parmentelot-5\" data-e-action-hash=\"#elementor-action%3Aaction%3Dlightbox%26settings%3DeyJpZCI6MTE2NzIsInVybCI6Imh0dHBzOlwvXC9zZWJhc3RpZW5wYXJtZW50ZWxvdC5jb21cL3dwLWNvbnRlbnRcL3VwbG9hZHNcLzIwMjVcLzAzXC9MZS1HcmFuZC1KYXJkaW4tSWxlLWRlLUxlcmlucy1DYW5uZXMtU2ViYXN0aWVuLVBhcm1lbnRlbG90LTUuYXZpZiIsInNsaWRlc2hvdyI6ImFsbC0yYzQxMmY2In0%3D\" data-lbwps-width=\"2048\" data-lbwps-height=\"1365\" data-lbwps-srcsmall=\"https:\/\/sebastienparmentelot.com\/wp-content\/uploads\/2025\/03\/Le-Grand-Jardin-Ile-de-Lerins-Cannes-Sebastien-Parmentelot-5-18x12.avif\">\n\t\t\t\t\t<div class=\"e-gallery-image elementor-gallery-item__image\" data-thumbnail=\"https:\/\/sebastienparmentelot.com\/wp-content\/uploads\/2025\/03\/Le-Grand-Jardin-Ile-de-Lerins-Cannes-Sebastien-Parmentelot-5.avif\" data-width=\"2048\" data-height=\"1365\" alt=\"\" ><\/div>\n\t\t\t\t\t\t\t\t\t\t\t<div class=\"elementor-gallery-item__overlay\"><\/div>\n\t\t\t\t\t\t\t\t\t\t\t\t\t\t<\/a>\n\t\t\t\t\t\t\t<a class=\"e-gallery-item elementor-gallery-item elementor-animated-content\" href=\"https:\/\/sebastienparmentelot.com\/wp-content\/uploads\/2025\/03\/Le-Grand-Jardin-Ile-de-Lerins-Cannes-Sebastien-Parmentelot-6.avif\" data-elementor-open-lightbox=\"yes\" data-elementor-lightbox-slideshow=\"all-2c412f6\" data-elementor-lightbox-title=\"Le Grand Jardin Ile de Lerins Cannes S\u00e9bastien Parmentelot-6\" data-e-action-hash=\"#elementor-action%3Aaction%3Dlightbox%26settings%3DeyJpZCI6MTE2NzMsInVybCI6Imh0dHBzOlwvXC9zZWJhc3RpZW5wYXJtZW50ZWxvdC5jb21cL3dwLWNvbnRlbnRcL3VwbG9hZHNcLzIwMjVcLzAzXC9MZS1HcmFuZC1KYXJkaW4tSWxlLWRlLUxlcmlucy1DYW5uZXMtU2ViYXN0aWVuLVBhcm1lbnRlbG90LTYuYXZpZiIsInNsaWRlc2hvdyI6ImFsbC0yYzQxMmY2In0%3D\" data-lbwps-width=\"2048\" data-lbwps-height=\"1365\" data-lbwps-srcsmall=\"https:\/\/sebastienparmentelot.com\/wp-content\/uploads\/2025\/03\/Le-Grand-Jardin-Ile-de-Lerins-Cannes-Sebastien-Parmentelot-6-18x12.avif\">\n\t\t\t\t\t<div class=\"e-gallery-image elementor-gallery-item__image\" data-thumbnail=\"https:\/\/sebastienparmentelot.com\/wp-content\/uploads\/2025\/03\/Le-Grand-Jardin-Ile-de-Lerins-Cannes-Sebastien-Parmentelot-6.avif\" data-width=\"2048\" data-height=\"1365\" alt=\"\" ><\/div>\n\t\t\t\t\t\t\t\t\t\t\t<div class=\"elementor-gallery-item__overlay\"><\/div>\n\t\t\t\t\t\t\t\t\t\t\t\t\t\t<\/a>\n\t\t\t\t\t\t\t<a class=\"e-gallery-item elementor-gallery-item elementor-animated-content\" href=\"https:\/\/sebastienparmentelot.com\/wp-content\/uploads\/2025\/03\/Le-Grand-Jardin-Ile-de-Lerins-Cannes-Sebastien-Parmentelot-7.avif\" data-elementor-open-lightbox=\"yes\" data-elementor-lightbox-slideshow=\"all-2c412f6\" data-elementor-lightbox-title=\"Le Grand Jardin Ile de Lerins Cannes S\u00e9bastien Parmentelot-7\" data-e-action-hash=\"#elementor-action%3Aaction%3Dlightbox%26settings%3DeyJpZCI6MTE2NzQsInVybCI6Imh0dHBzOlwvXC9zZWJhc3RpZW5wYXJtZW50ZWxvdC5jb21cL3dwLWNvbnRlbnRcL3VwbG9hZHNcLzIwMjVcLzAzXC9MZS1HcmFuZC1KYXJkaW4tSWxlLWRlLUxlcmlucy1DYW5uZXMtU2ViYXN0aWVuLVBhcm1lbnRlbG90LTcuYXZpZiIsInNsaWRlc2hvdyI6ImFsbC0yYzQxMmY2In0%3D\" data-lbwps-width=\"2048\" data-lbwps-height=\"1365\" data-lbwps-srcsmall=\"https:\/\/sebastienparmentelot.com\/wp-content\/uploads\/2025\/03\/Le-Grand-Jardin-Ile-de-Lerins-Cannes-Sebastien-Parmentelot-7-18x12.avif\">\n\t\t\t\t\t<div class=\"e-gallery-image elementor-gallery-item__image\" data-thumbnail=\"https:\/\/sebastienparmentelot.com\/wp-content\/uploads\/2025\/03\/Le-Grand-Jardin-Ile-de-Lerins-Cannes-Sebastien-Parmentelot-7.avif\" data-width=\"2048\" data-height=\"1365\" alt=\"\" ><\/div>\n\t\t\t\t\t\t\t\t\t\t\t<div class=\"elementor-gallery-item__overlay\"><\/div>\n\t\t\t\t\t\t\t\t\t\t\t\t\t\t<\/a>\n\t\t\t\t\t\t\t<a class=\"e-gallery-item elementor-gallery-item elementor-animated-content\" href=\"https:\/\/sebastienparmentelot.com\/wp-content\/uploads\/2025\/03\/Le-Grand-Jardin-Ile-de-Lerins-Cannes-Sebastien-Parmentelot-8.avif\" data-elementor-open-lightbox=\"yes\" data-elementor-lightbox-slideshow=\"all-2c412f6\" data-elementor-lightbox-title=\"Le Grand Jardin Ile de Lerins Cannes S\u00e9bastien Parmentelot-8\" data-e-action-hash=\"#elementor-action%3Aaction%3Dlightbox%26settings%3DeyJpZCI6MTE2NzUsInVybCI6Imh0dHBzOlwvXC9zZWJhc3RpZW5wYXJtZW50ZWxvdC5jb21cL3dwLWNvbnRlbnRcL3VwbG9hZHNcLzIwMjVcLzAzXC9MZS1HcmFuZC1KYXJkaW4tSWxlLWRlLUxlcmlucy1DYW5uZXMtU2ViYXN0aWVuLVBhcm1lbnRlbG90LTguYXZpZiIsInNsaWRlc2hvdyI6ImFsbC0yYzQxMmY2In0%3D\" data-lbwps-width=\"2048\" data-lbwps-height=\"1365\" data-lbwps-srcsmall=\"https:\/\/sebastienparmentelot.com\/wp-content\/uploads\/2025\/03\/Le-Grand-Jardin-Ile-de-Lerins-Cannes-Sebastien-Parmentelot-8-18x12.avif\">\n\t\t\t\t\t<div class=\"e-gallery-image elementor-gallery-item__image\" data-thumbnail=\"https:\/\/sebastienparmentelot.com\/wp-content\/uploads\/2025\/03\/Le-Grand-Jardin-Ile-de-Lerins-Cannes-Sebastien-Parmentelot-8.avif\" data-width=\"2048\" data-height=\"1365\" alt=\"\" ><\/div>\n\t\t\t\t\t\t\t\t\t\t\t<div class=\"elementor-gallery-item__overlay\"><\/div>\n\t\t\t\t\t\t\t\t\t\t\t\t\t\t<\/a>\n\t\t\t\t\t\t\t<a class=\"e-gallery-item elementor-gallery-item elementor-animated-content\" href=\"https:\/\/sebastienparmentelot.com\/wp-content\/uploads\/2025\/03\/Le-Grand-Jardin-Ile-de-Lerins-Cannes-Sebastien-Parmentelot-9.avif\" data-elementor-open-lightbox=\"yes\" data-elementor-lightbox-slideshow=\"all-2c412f6\" data-elementor-lightbox-title=\"Le Grand Jardin Ile de Lerins Cannes S\u00e9bastien Parmentelot-9\" data-e-action-hash=\"#elementor-action%3Aaction%3Dlightbox%26settings%3DeyJpZCI6MTE2NzYsInVybCI6Imh0dHBzOlwvXC9zZWJhc3RpZW5wYXJtZW50ZWxvdC5jb21cL3dwLWNvbnRlbnRcL3VwbG9hZHNcLzIwMjVcLzAzXC9MZS1HcmFuZC1KYXJkaW4tSWxlLWRlLUxlcmlucy1DYW5uZXMtU2ViYXN0aWVuLVBhcm1lbnRlbG90LTkuYXZpZiIsInNsaWRlc2hvdyI6ImFsbC0yYzQxMmY2In0%3D\" data-lbwps-width=\"2048\" data-lbwps-height=\"1365\" data-lbwps-srcsmall=\"https:\/\/sebastienparmentelot.com\/wp-content\/uploads\/2025\/03\/Le-Grand-Jardin-Ile-de-Lerins-Cannes-Sebastien-Parmentelot-9-18x12.avif\">\n\t\t\t\t\t<div class=\"e-gallery-image elementor-gallery-item__image\" data-thumbnail=\"https:\/\/sebastienparmentelot.com\/wp-content\/uploads\/2025\/03\/Le-Grand-Jardin-Ile-de-Lerins-Cannes-Sebastien-Parmentelot-9.avif\" data-width=\"2048\" data-height=\"1365\" alt=\"\" ><\/div>\n\t\t\t\t\t\t\t\t\t\t\t<div class=\"elementor-gallery-item__overlay\"><\/div>\n\t\t\t\t\t\t\t\t\t\t\t\t\t\t<\/a>\n\t\t\t\t\t\t\t<a class=\"e-gallery-item elementor-gallery-item elementor-animated-content\" href=\"https:\/\/sebastienparmentelot.com\/wp-content\/uploads\/2025\/03\/Le-Grand-Jardin-Ile-de-Lerins-Cannes-Sebastien-Parmentelot-10.avif\" data-elementor-open-lightbox=\"yes\" data-elementor-lightbox-slideshow=\"all-2c412f6\" data-elementor-lightbox-title=\"Le Grand Jardin Ile de Lerins Cannes S\u00e9bastien Parmentelot-10\" data-e-action-hash=\"#elementor-action%3Aaction%3Dlightbox%26settings%3DeyJpZCI6MTE2NzcsInVybCI6Imh0dHBzOlwvXC9zZWJhc3RpZW5wYXJtZW50ZWxvdC5jb21cL3dwLWNvbnRlbnRcL3VwbG9hZHNcLzIwMjVcLzAzXC9MZS1HcmFuZC1KYXJkaW4tSWxlLWRlLUxlcmlucy1DYW5uZXMtU2ViYXN0aWVuLVBhcm1lbnRlbG90LTEwLmF2aWYiLCJzbGlkZXNob3ciOiJhbGwtMmM0MTJmNiJ9\" data-lbwps-width=\"2048\" data-lbwps-height=\"1365\" data-lbwps-srcsmall=\"https:\/\/sebastienparmentelot.com\/wp-content\/uploads\/2025\/03\/Le-Grand-Jardin-Ile-de-Lerins-Cannes-Sebastien-Parmentelot-10-18x12.avif\">\n\t\t\t\t\t<div class=\"e-gallery-image elementor-gallery-item__image\" data-thumbnail=\"https:\/\/sebastienparmentelot.com\/wp-content\/uploads\/2025\/03\/Le-Grand-Jardin-Ile-de-Lerins-Cannes-Sebastien-Parmentelot-10.avif\" data-width=\"2048\" data-height=\"1365\" alt=\"\" ><\/div>\n\t\t\t\t\t\t\t\t\t\t\t<div class=\"elementor-gallery-item__overlay\"><\/div>\n\t\t\t\t\t\t\t\t\t\t\t\t\t\t<\/a>\n\t\t\t\t\t\t\t<a class=\"e-gallery-item elementor-gallery-item elementor-animated-content\" href=\"https:\/\/sebastienparmentelot.com\/wp-content\/uploads\/2025\/03\/Le-Grand-Jardin-Ile-de-Lerins-Cannes-Sebastien-Parmentelot-11.avif\" data-elementor-open-lightbox=\"yes\" data-elementor-lightbox-slideshow=\"all-2c412f6\" data-elementor-lightbox-title=\"Le Grand Jardin Ile de Lerins Cannes S\u00e9bastien Parmentelot-11\" data-e-action-hash=\"#elementor-action%3Aaction%3Dlightbox%26settings%3DeyJpZCI6MTE2NzgsInVybCI6Imh0dHBzOlwvXC9zZWJhc3RpZW5wYXJtZW50ZWxvdC5jb21cL3dwLWNvbnRlbnRcL3VwbG9hZHNcLzIwMjVcLzAzXC9MZS1HcmFuZC1KYXJkaW4tSWxlLWRlLUxlcmlucy1DYW5uZXMtU2ViYXN0aWVuLVBhcm1lbnRlbG90LTExLmF2aWYiLCJzbGlkZXNob3ciOiJhbGwtMmM0MTJmNiJ9\" data-lbwps-width=\"2048\" data-lbwps-height=\"1365\" data-lbwps-srcsmall=\"https:\/\/sebastienparmentelot.com\/wp-content\/uploads\/2025\/03\/Le-Grand-Jardin-Ile-de-Lerins-Cannes-Sebastien-Parmentelot-11-18x12.avif\">\n\t\t\t\t\t<div class=\"e-gallery-image elementor-gallery-item__image\" data-thumbnail=\"https:\/\/sebastienparmentelot.com\/wp-content\/uploads\/2025\/03\/Le-Grand-Jardin-Ile-de-Lerins-Cannes-Sebastien-Parmentelot-11.avif\" data-width=\"2048\" data-height=\"1365\" alt=\"\" ><\/div>\n\t\t\t\t\t\t\t\t\t\t\t<div class=\"elementor-gallery-item__overlay\"><\/div>\n\t\t\t\t\t\t\t\t\t\t\t\t\t\t<\/a>\n\t\t\t\t\t\t\t<a class=\"e-gallery-item elementor-gallery-item elementor-animated-content\" href=\"https:\/\/sebastienparmentelot.com\/wp-content\/uploads\/2025\/03\/Le-Grand-Jardin-Ile-de-Lerins-Cannes-Sebastien-Parmentelot-12.avif\" data-elementor-open-lightbox=\"yes\" data-elementor-lightbox-slideshow=\"all-2c412f6\" data-elementor-lightbox-title=\"Le Grand Jardin Ile de Lerins Cannes S\u00e9bastien Parmentelot-12\" data-e-action-hash=\"#elementor-action%3Aaction%3Dlightbox%26settings%3DeyJpZCI6MTE2NzksInVybCI6Imh0dHBzOlwvXC9zZWJhc3RpZW5wYXJtZW50ZWxvdC5jb21cL3dwLWNvbnRlbnRcL3VwbG9hZHNcLzIwMjVcLzAzXC9MZS1HcmFuZC1KYXJkaW4tSWxlLWRlLUxlcmlucy1DYW5uZXMtU2ViYXN0aWVuLVBhcm1lbnRlbG90LTEyLmF2aWYiLCJzbGlkZXNob3ciOiJhbGwtMmM0MTJmNiJ9\" data-lbwps-width=\"2048\" data-lbwps-height=\"1365\" data-lbwps-srcsmall=\"https:\/\/sebastienparmentelot.com\/wp-content\/uploads\/2025\/03\/Le-Grand-Jardin-Ile-de-Lerins-Cannes-Sebastien-Parmentelot-12-18x12.avif\">\n\t\t\t\t\t<div class=\"e-gallery-image elementor-gallery-item__image\" data-thumbnail=\"https:\/\/sebastienparmentelot.com\/wp-content\/uploads\/2025\/03\/Le-Grand-Jardin-Ile-de-Lerins-Cannes-Sebastien-Parmentelot-12.avif\" data-width=\"2048\" data-height=\"1365\" alt=\"\" ><\/div>\n\t\t\t\t\t\t\t\t\t\t\t<div class=\"elementor-gallery-item__overlay\"><\/div>\n\t\t\t\t\t\t\t\t\t\t\t\t\t\t<\/a>\n\t\t\t\t\t\t\t<a class=\"e-gallery-item elementor-gallery-item elementor-animated-content\" href=\"https:\/\/sebastienparmentelot.com\/wp-content\/uploads\/2025\/03\/Le-Grand-Jardin-Ile-de-Lerins-Cannes-Sebastien-Parmentelot-13.avif\" data-elementor-open-lightbox=\"yes\" data-elementor-lightbox-slideshow=\"all-2c412f6\" data-elementor-lightbox-title=\"Le Grand Jardin Ile de Lerins Cannes S\u00e9bastien Parmentelot-13\" data-e-action-hash=\"#elementor-action%3Aaction%3Dlightbox%26settings%3DeyJpZCI6MTE2ODAsInVybCI6Imh0dHBzOlwvXC9zZWJhc3RpZW5wYXJtZW50ZWxvdC5jb21cL3dwLWNvbnRlbnRcL3VwbG9hZHNcLzIwMjVcLzAzXC9MZS1HcmFuZC1KYXJkaW4tSWxlLWRlLUxlcmlucy1DYW5uZXMtU2ViYXN0aWVuLVBhcm1lbnRlbG90LTEzLmF2aWYiLCJzbGlkZXNob3ciOiJhbGwtMmM0MTJmNiJ9\" data-lbwps-width=\"2048\" data-lbwps-height=\"1365\" data-lbwps-srcsmall=\"https:\/\/sebastienparmentelot.com\/wp-content\/uploads\/2025\/03\/Le-Grand-Jardin-Ile-de-Lerins-Cannes-Sebastien-Parmentelot-13-18x12.avif\">\n\t\t\t\t\t<div class=\"e-gallery-image elementor-gallery-item__image\" data-thumbnail=\"https:\/\/sebastienparmentelot.com\/wp-content\/uploads\/2025\/03\/Le-Grand-Jardin-Ile-de-Lerins-Cannes-Sebastien-Parmentelot-13.avif\" data-width=\"2048\" data-height=\"1365\" alt=\"\" ><\/div>\n\t\t\t\t\t\t\t\t\t\t\t<div class=\"elementor-gallery-item__overlay\"><\/div>\n\t\t\t\t\t\t\t\t\t\t\t\t\t\t<\/a>\n\t\t\t\t\t\t\t<a class=\"e-gallery-item elementor-gallery-item elementor-animated-content\" href=\"https:\/\/sebastienparmentelot.com\/wp-content\/uploads\/2025\/03\/Le-Grand-Jardin-Ile-de-Lerins-Cannes-Sebastien-Parmentelot-14.avif\" data-elementor-open-lightbox=\"yes\" data-elementor-lightbox-slideshow=\"all-2c412f6\" data-elementor-lightbox-title=\"Le Grand Jardin Ile de Lerins Cannes S\u00e9bastien Parmentelot-14\" data-e-action-hash=\"#elementor-action%3Aaction%3Dlightbox%26settings%3DeyJpZCI6MTE2ODEsInVybCI6Imh0dHBzOlwvXC9zZWJhc3RpZW5wYXJtZW50ZWxvdC5jb21cL3dwLWNvbnRlbnRcL3VwbG9hZHNcLzIwMjVcLzAzXC9MZS1HcmFuZC1KYXJkaW4tSWxlLWRlLUxlcmlucy1DYW5uZXMtU2ViYXN0aWVuLVBhcm1lbnRlbG90LTE0LmF2aWYiLCJzbGlkZXNob3ciOiJhbGwtMmM0MTJmNiJ9\" data-lbwps-width=\"2048\" data-lbwps-height=\"1365\" data-lbwps-srcsmall=\"https:\/\/sebastienparmentelot.com\/wp-content\/uploads\/2025\/03\/Le-Grand-Jardin-Ile-de-Lerins-Cannes-Sebastien-Parmentelot-14-18x12.avif\">\n\t\t\t\t\t<div class=\"e-gallery-image elementor-gallery-item__image\" data-thumbnail=\"https:\/\/sebastienparmentelot.com\/wp-content\/uploads\/2025\/03\/Le-Grand-Jardin-Ile-de-Lerins-Cannes-Sebastien-Parmentelot-14.avif\" data-width=\"2048\" data-height=\"1365\" alt=\"\" ><\/div>\n\t\t\t\t\t\t\t\t\t\t\t<div class=\"elementor-gallery-item__overlay\"><\/div>\n\t\t\t\t\t\t\t\t\t\t\t\t\t\t<\/a>\n\t\t\t\t\t\t\t<a class=\"e-gallery-item elementor-gallery-item elementor-animated-content\" href=\"https:\/\/sebastienparmentelot.com\/wp-content\/uploads\/2025\/03\/Le-Grand-Jardin-Ile-de-Lerins-Cannes-Sebastien-Parmentelot-17.avif\" data-elementor-open-lightbox=\"yes\" data-elementor-lightbox-slideshow=\"all-2c412f6\" data-elementor-lightbox-title=\"Le Grand Jardin Ile de Lerins Cannes S\u00e9bastien Parmentelot-17\" data-e-action-hash=\"#elementor-action%3Aaction%3Dlightbox%26settings%3DeyJpZCI6MTE2ODQsInVybCI6Imh0dHBzOlwvXC9zZWJhc3RpZW5wYXJtZW50ZWxvdC5jb21cL3dwLWNvbnRlbnRcL3VwbG9hZHNcLzIwMjVcLzAzXC9MZS1HcmFuZC1KYXJkaW4tSWxlLWRlLUxlcmlucy1DYW5uZXMtU2ViYXN0aWVuLVBhcm1lbnRlbG90LTE3LmF2aWYiLCJzbGlkZXNob3ciOiJhbGwtMmM0MTJmNiJ9\" data-lbwps-width=\"2048\" data-lbwps-height=\"1365\" data-lbwps-srcsmall=\"https:\/\/sebastienparmentelot.com\/wp-content\/uploads\/2025\/03\/Le-Grand-Jardin-Ile-de-Lerins-Cannes-Sebastien-Parmentelot-17-18x12.avif\">\n\t\t\t\t\t<div class=\"e-gallery-image elementor-gallery-item__image\" data-thumbnail=\"https:\/\/sebastienparmentelot.com\/wp-content\/uploads\/2025\/03\/Le-Grand-Jardin-Ile-de-Lerins-Cannes-Sebastien-Parmentelot-17.avif\" data-width=\"2048\" data-height=\"1365\" alt=\"\" ><\/div>\n\t\t\t\t\t\t\t\t\t\t\t<div class=\"elementor-gallery-item__overlay\"><\/div>\n\t\t\t\t\t\t\t\t\t\t\t\t\t\t<\/a>\n\t\t\t\t\t\t\t<a class=\"e-gallery-item elementor-gallery-item elementor-animated-content\" href=\"https:\/\/sebastienparmentelot.com\/wp-content\/uploads\/2025\/03\/Le-Grand-Jardin-Ile-de-Lerins-Cannes-Sebastien-Parmentelot-18.avif\" data-elementor-open-lightbox=\"yes\" data-elementor-lightbox-slideshow=\"all-2c412f6\" data-elementor-lightbox-title=\"Le Grand Jardin Ile de Lerins Cannes S\u00e9bastien Parmentelot-18\" data-e-action-hash=\"#elementor-action%3Aaction%3Dlightbox%26settings%3DeyJpZCI6MTE2ODUsInVybCI6Imh0dHBzOlwvXC9zZWJhc3RpZW5wYXJtZW50ZWxvdC5jb21cL3dwLWNvbnRlbnRcL3VwbG9hZHNcLzIwMjVcLzAzXC9MZS1HcmFuZC1KYXJkaW4tSWxlLWRlLUxlcmlucy1DYW5uZXMtU2ViYXN0aWVuLVBhcm1lbnRlbG90LTE4LmF2aWYiLCJzbGlkZXNob3ciOiJhbGwtMmM0MTJmNiJ9\" data-lbwps-width=\"2048\" data-lbwps-height=\"1365\" data-lbwps-srcsmall=\"https:\/\/sebastienparmentelot.com\/wp-content\/uploads\/2025\/03\/Le-Grand-Jardin-Ile-de-Lerins-Cannes-Sebastien-Parmentelot-18-18x12.avif\">\n\t\t\t\t\t<div class=\"e-gallery-image elementor-gallery-item__image\" data-thumbnail=\"https:\/\/sebastienparmentelot.com\/wp-content\/uploads\/2025\/03\/Le-Grand-Jardin-Ile-de-Lerins-Cannes-Sebastien-Parmentelot-18.avif\" data-width=\"2048\" data-height=\"1365\" alt=\"\" ><\/div>\n\t\t\t\t\t\t\t\t\t\t\t<div class=\"elementor-gallery-item__overlay\"><\/div>\n\t\t\t\t\t\t\t\t\t\t\t\t\t\t<\/a>\n\t\t\t\t\t\t\t<a class=\"e-gallery-item elementor-gallery-item elementor-animated-content\" href=\"https:\/\/sebastienparmentelot.com\/wp-content\/uploads\/2025\/03\/Le-Grand-Jardin-Ile-de-Lerins-Cannes-Sebastien-Parmentelot-19.avif\" data-elementor-open-lightbox=\"yes\" data-elementor-lightbox-slideshow=\"all-2c412f6\" data-elementor-lightbox-title=\"Le Grand Jardin Ile de Lerins Cannes S\u00e9bastien Parmentelot-19\" data-e-action-hash=\"#elementor-action%3Aaction%3Dlightbox%26settings%3DeyJpZCI6MTE2ODYsInVybCI6Imh0dHBzOlwvXC9zZWJhc3RpZW5wYXJtZW50ZWxvdC5jb21cL3dwLWNvbnRlbnRcL3VwbG9hZHNcLzIwMjVcLzAzXC9MZS1HcmFuZC1KYXJkaW4tSWxlLWRlLUxlcmlucy1DYW5uZXMtU2ViYXN0aWVuLVBhcm1lbnRlbG90LTE5LmF2aWYiLCJzbGlkZXNob3ciOiJhbGwtMmM0MTJmNiJ9\" data-lbwps-width=\"2048\" data-lbwps-height=\"1365\" data-lbwps-srcsmall=\"https:\/\/sebastienparmentelot.com\/wp-content\/uploads\/2025\/03\/Le-Grand-Jardin-Ile-de-Lerins-Cannes-Sebastien-Parmentelot-19-18x12.avif\">\n\t\t\t\t\t<div class=\"e-gallery-image elementor-gallery-item__image\" data-thumbnail=\"https:\/\/sebastienparmentelot.com\/wp-content\/uploads\/2025\/03\/Le-Grand-Jardin-Ile-de-Lerins-Cannes-Sebastien-Parmentelot-19.avif\" data-width=\"2048\" data-height=\"1365\" alt=\"\" ><\/div>\n\t\t\t\t\t\t\t\t\t\t\t<div class=\"elementor-gallery-item__overlay\"><\/div>\n\t\t\t\t\t\t\t\t\t\t\t\t\t\t<\/a>\n\t\t\t\t\t\t\t<a class=\"e-gallery-item elementor-gallery-item elementor-animated-content\" href=\"https:\/\/sebastienparmentelot.com\/wp-content\/uploads\/2025\/03\/Le-Grand-Jardin-Ile-de-Lerins-Cannes-Sebastien-Parmentelot-20.avif\" data-elementor-open-lightbox=\"yes\" data-elementor-lightbox-slideshow=\"all-2c412f6\" data-elementor-lightbox-title=\"Le Grand Jardin Ile de Lerins Cannes S\u00e9bastien Parmentelot-20\" data-e-action-hash=\"#elementor-action%3Aaction%3Dlightbox%26settings%3DeyJpZCI6MTE2ODcsInVybCI6Imh0dHBzOlwvXC9zZWJhc3RpZW5wYXJtZW50ZWxvdC5jb21cL3dwLWNvbnRlbnRcL3VwbG9hZHNcLzIwMjVcLzAzXC9MZS1HcmFuZC1KYXJkaW4tSWxlLWRlLUxlcmlucy1DYW5uZXMtU2ViYXN0aWVuLVBhcm1lbnRlbG90LTIwLmF2aWYiLCJzbGlkZXNob3ciOiJhbGwtMmM0MTJmNiJ9\" data-lbwps-width=\"2048\" data-lbwps-height=\"1365\" data-lbwps-srcsmall=\"https:\/\/sebastienparmentelot.com\/wp-content\/uploads\/2025\/03\/Le-Grand-Jardin-Ile-de-Lerins-Cannes-Sebastien-Parmentelot-20-18x12.avif\">\n\t\t\t\t\t<div class=\"e-gallery-image elementor-gallery-item__image\" data-thumbnail=\"https:\/\/sebastienparmentelot.com\/wp-content\/uploads\/2025\/03\/Le-Grand-Jardin-Ile-de-Lerins-Cannes-Sebastien-Parmentelot-20.avif\" data-width=\"2048\" data-height=\"1365\" alt=\"\" ><\/div>\n\t\t\t\t\t\t\t\t\t\t\t<div class=\"elementor-gallery-item__overlay\"><\/div>\n\t\t\t\t\t\t\t\t\t\t\t\t\t\t<\/a>\n\t\t\t\t\t\t\t<a class=\"e-gallery-item elementor-gallery-item elementor-animated-content\" href=\"https:\/\/sebastienparmentelot.com\/wp-content\/uploads\/2025\/03\/Le-Grand-Jardin-Ile-de-Lerins-Cannes-Sebastien-Parmentelot-21.avif\" data-elementor-open-lightbox=\"yes\" data-elementor-lightbox-slideshow=\"all-2c412f6\" data-elementor-lightbox-title=\"Le Grand Jardin Ile de Lerins Cannes S\u00e9bastien Parmentelot-21\" data-e-action-hash=\"#elementor-action%3Aaction%3Dlightbox%26settings%3DeyJpZCI6MTE2ODgsInVybCI6Imh0dHBzOlwvXC9zZWJhc3RpZW5wYXJtZW50ZWxvdC5jb21cL3dwLWNvbnRlbnRcL3VwbG9hZHNcLzIwMjVcLzAzXC9MZS1HcmFuZC1KYXJkaW4tSWxlLWRlLUxlcmlucy1DYW5uZXMtU2ViYXN0aWVuLVBhcm1lbnRlbG90LTIxLmF2aWYiLCJzbGlkZXNob3ciOiJhbGwtMmM0MTJmNiJ9\" data-lbwps-width=\"2048\" data-lbwps-height=\"1365\" data-lbwps-srcsmall=\"https:\/\/sebastienparmentelot.com\/wp-content\/uploads\/2025\/03\/Le-Grand-Jardin-Ile-de-Lerins-Cannes-Sebastien-Parmentelot-21-18x12.avif\">\n\t\t\t\t\t<div class=\"e-gallery-image elementor-gallery-item__image\" data-thumbnail=\"https:\/\/sebastienparmentelot.com\/wp-content\/uploads\/2025\/03\/Le-Grand-Jardin-Ile-de-Lerins-Cannes-Sebastien-Parmentelot-21.avif\" data-width=\"2048\" data-height=\"1365\" alt=\"\" ><\/div>\n\t\t\t\t\t\t\t\t\t\t\t<div class=\"elementor-gallery-item__overlay\"><\/div>\n\t\t\t\t\t\t\t\t\t\t\t\t\t\t<\/a>\n\t\t\t\t\t\t\t<a class=\"e-gallery-item elementor-gallery-item elementor-animated-content\" href=\"https:\/\/sebastienparmentelot.com\/wp-content\/uploads\/2025\/03\/Le-Grand-Jardin-Ile-de-Lerins-Cannes-Sebastien-Parmentelot-22.avif\" data-elementor-open-lightbox=\"yes\" data-elementor-lightbox-slideshow=\"all-2c412f6\" data-elementor-lightbox-title=\"Le Grand Jardin Ile de Lerins Cannes S\u00e9bastien Parmentelot-22\" data-e-action-hash=\"#elementor-action%3Aaction%3Dlightbox%26settings%3DeyJpZCI6MTE2ODksInVybCI6Imh0dHBzOlwvXC9zZWJhc3RpZW5wYXJtZW50ZWxvdC5jb21cL3dwLWNvbnRlbnRcL3VwbG9hZHNcLzIwMjVcLzAzXC9MZS1HcmFuZC1KYXJkaW4tSWxlLWRlLUxlcmlucy1DYW5uZXMtU2ViYXN0aWVuLVBhcm1lbnRlbG90LTIyLmF2aWYiLCJzbGlkZXNob3ciOiJhbGwtMmM0MTJmNiJ9\" data-lbwps-width=\"2048\" data-lbwps-height=\"1365\" data-lbwps-srcsmall=\"https:\/\/sebastienparmentelot.com\/wp-content\/uploads\/2025\/03\/Le-Grand-Jardin-Ile-de-Lerins-Cannes-Sebastien-Parmentelot-22-18x12.avif\">\n\t\t\t\t\t<div class=\"e-gallery-image elementor-gallery-item__image\" data-thumbnail=\"https:\/\/sebastienparmentelot.com\/wp-content\/uploads\/2025\/03\/Le-Grand-Jardin-Ile-de-Lerins-Cannes-Sebastien-Parmentelot-22.avif\" data-width=\"2048\" data-height=\"1365\" alt=\"\" ><\/div>\n\t\t\t\t\t\t\t\t\t\t\t<div class=\"elementor-gallery-item__overlay\"><\/div>\n\t\t\t\t\t\t\t\t\t\t\t\t\t\t<\/a>\n\t\t\t\t\t\t\t<a class=\"e-gallery-item elementor-gallery-item elementor-animated-content\" href=\"https:\/\/sebastienparmentelot.com\/wp-content\/uploads\/2025\/03\/Le-Grand-Jardin-Ile-de-Lerins-Cannes-Sebastien-Parmentelot-24.avif\" data-elementor-open-lightbox=\"yes\" data-elementor-lightbox-slideshow=\"all-2c412f6\" data-elementor-lightbox-title=\"Le Grand Jardin Ile de Lerins Cannes S\u00e9bastien Parmentelot-24\" data-e-action-hash=\"#elementor-action%3Aaction%3Dlightbox%26settings%3DeyJpZCI6MTE2OTEsInVybCI6Imh0dHBzOlwvXC9zZWJhc3RpZW5wYXJtZW50ZWxvdC5jb21cL3dwLWNvbnRlbnRcL3VwbG9hZHNcLzIwMjVcLzAzXC9MZS1HcmFuZC1KYXJkaW4tSWxlLWRlLUxlcmlucy1DYW5uZXMtU2ViYXN0aWVuLVBhcm1lbnRlbG90LTI0LmF2aWYiLCJzbGlkZXNob3ciOiJhbGwtMmM0MTJmNiJ9\" data-lbwps-width=\"2048\" data-lbwps-height=\"1152\" data-lbwps-srcsmall=\"https:\/\/sebastienparmentelot.com\/wp-content\/uploads\/2025\/03\/Le-Grand-Jardin-Ile-de-Lerins-Cannes-Sebastien-Parmentelot-24-18x10.avif\">\n\t\t\t\t\t<div class=\"e-gallery-image elementor-gallery-item__image\" data-thumbnail=\"https:\/\/sebastienparmentelot.com\/wp-content\/uploads\/2025\/03\/Le-Grand-Jardin-Ile-de-Lerins-Cannes-Sebastien-Parmentelot-24.avif\" data-width=\"2048\" data-height=\"1152\" alt=\"\" ><\/div>\n\t\t\t\t\t\t\t\t\t\t\t<div class=\"elementor-gallery-item__overlay\"><\/div>\n\t\t\t\t\t\t\t\t\t\t\t\t\t\t<\/a>\n\t\t\t\t\t\t\t<a class=\"e-gallery-item elementor-gallery-item elementor-animated-content\" href=\"https:\/\/sebastienparmentelot.com\/wp-content\/uploads\/2025\/03\/Le-Grand-Jardin-Ile-de-Lerins-Cannes-Sebastien-Parmentelot-25.avif\" data-elementor-open-lightbox=\"yes\" data-elementor-lightbox-slideshow=\"all-2c412f6\" data-elementor-lightbox-title=\"Le Grand Jardin Ile de Lerins Cannes S\u00e9bastien Parmentelot-25\" data-e-action-hash=\"#elementor-action%3Aaction%3Dlightbox%26settings%3DeyJpZCI6MTE2OTIsInVybCI6Imh0dHBzOlwvXC9zZWJhc3RpZW5wYXJtZW50ZWxvdC5jb21cL3dwLWNvbnRlbnRcL3VwbG9hZHNcLzIwMjVcLzAzXC9MZS1HcmFuZC1KYXJkaW4tSWxlLWRlLUxlcmlucy1DYW5uZXMtU2ViYXN0aWVuLVBhcm1lbnRlbG90LTI1LmF2aWYiLCJzbGlkZXNob3ciOiJhbGwtMmM0MTJmNiJ9\" data-lbwps-width=\"2048\" data-lbwps-height=\"1365\" data-lbwps-srcsmall=\"https:\/\/sebastienparmentelot.com\/wp-content\/uploads\/2025\/03\/Le-Grand-Jardin-Ile-de-Lerins-Cannes-Sebastien-Parmentelot-25-18x12.avif\">\n\t\t\t\t\t<div class=\"e-gallery-image elementor-gallery-item__image\" data-thumbnail=\"https:\/\/sebastienparmentelot.com\/wp-content\/uploads\/2025\/03\/Le-Grand-Jardin-Ile-de-Lerins-Cannes-Sebastien-Parmentelot-25.avif\" data-width=\"2048\" data-height=\"1365\" alt=\"\" ><\/div>\n\t\t\t\t\t\t\t\t\t\t\t<div class=\"elementor-gallery-item__overlay\"><\/div>\n\t\t\t\t\t\t\t\t\t\t\t\t\t\t<\/a>\n\t\t\t\t\t\t\t<a class=\"e-gallery-item elementor-gallery-item elementor-animated-content\" href=\"https:\/\/sebastienparmentelot.com\/wp-content\/uploads\/2025\/03\/Le-Grand-Jardin-Ile-de-Lerins-Cannes-Sebastien-Parmentelot-26.avif\" data-elementor-open-lightbox=\"yes\" data-elementor-lightbox-slideshow=\"all-2c412f6\" data-elementor-lightbox-title=\"Le Grand Jardin Ile de Lerins Cannes S\u00e9bastien Parmentelot-26\" data-e-action-hash=\"#elementor-action%3Aaction%3Dlightbox%26settings%3DeyJpZCI6MTE2OTMsInVybCI6Imh0dHBzOlwvXC9zZWJhc3RpZW5wYXJtZW50ZWxvdC5jb21cL3dwLWNvbnRlbnRcL3VwbG9hZHNcLzIwMjVcLzAzXC9MZS1HcmFuZC1KYXJkaW4tSWxlLWRlLUxlcmlucy1DYW5uZXMtU2ViYXN0aWVuLVBhcm1lbnRlbG90LTI2LmF2aWYiLCJzbGlkZXNob3ciOiJhbGwtMmM0MTJmNiJ9\" data-lbwps-width=\"2048\" data-lbwps-height=\"1365\" data-lbwps-srcsmall=\"https:\/\/sebastienparmentelot.com\/wp-content\/uploads\/2025\/03\/Le-Grand-Jardin-Ile-de-Lerins-Cannes-Sebastien-Parmentelot-26-18x12.avif\">\n\t\t\t\t\t<div class=\"e-gallery-image elementor-gallery-item__image\" data-thumbnail=\"https:\/\/sebastienparmentelot.com\/wp-content\/uploads\/2025\/03\/Le-Grand-Jardin-Ile-de-Lerins-Cannes-Sebastien-Parmentelot-26.avif\" data-width=\"2048\" data-height=\"1365\" alt=\"\" ><\/div>\n\t\t\t\t\t\t\t\t\t\t\t<div class=\"elementor-gallery-item__overlay\"><\/div>\n\t\t\t\t\t\t\t\t\t\t\t\t\t\t<\/a>\n\t\t\t\t\t\t\t<a class=\"e-gallery-item elementor-gallery-item elementor-animated-content\" href=\"https:\/\/sebastienparmentelot.com\/wp-content\/uploads\/2025\/03\/Le-Grand-Jardin-Ile-de-Lerins-Cannes-Sebastien-Parmentelot-29.avif\" data-elementor-open-lightbox=\"yes\" data-elementor-lightbox-slideshow=\"all-2c412f6\" data-elementor-lightbox-title=\"Le Grand Jardin Ile de Lerins Cannes S\u00e9bastien Parmentelot-29\" data-e-action-hash=\"#elementor-action%3Aaction%3Dlightbox%26settings%3DeyJpZCI6MTE2OTYsInVybCI6Imh0dHBzOlwvXC9zZWJhc3RpZW5wYXJtZW50ZWxvdC5jb21cL3dwLWNvbnRlbnRcL3VwbG9hZHNcLzIwMjVcLzAzXC9MZS1HcmFuZC1KYXJkaW4tSWxlLWRlLUxlcmlucy1DYW5uZXMtU2ViYXN0aWVuLVBhcm1lbnRlbG90LTI5LmF2aWYiLCJzbGlkZXNob3ciOiJhbGwtMmM0MTJmNiJ9\" data-lbwps-width=\"2048\" data-lbwps-height=\"1365\" data-lbwps-srcsmall=\"https:\/\/sebastienparmentelot.com\/wp-content\/uploads\/2025\/03\/Le-Grand-Jardin-Ile-de-Lerins-Cannes-Sebastien-Parmentelot-29-18x12.avif\">\n\t\t\t\t\t<div class=\"e-gallery-image elementor-gallery-item__image\" data-thumbnail=\"https:\/\/sebastienparmentelot.com\/wp-content\/uploads\/2025\/03\/Le-Grand-Jardin-Ile-de-Lerins-Cannes-Sebastien-Parmentelot-29.avif\" data-width=\"2048\" data-height=\"1365\" alt=\"\" ><\/div>\n\t\t\t\t\t\t\t\t\t\t\t<div class=\"elementor-gallery-item__overlay\"><\/div>\n\t\t\t\t\t\t\t\t\t\t\t\t\t\t<\/a>\n\t\t\t\t\t\t\t<a class=\"e-gallery-item elementor-gallery-item elementor-animated-content\" href=\"https:\/\/sebastienparmentelot.com\/wp-content\/uploads\/2025\/03\/Le-Grand-Jardin-Ile-de-Lerins-Cannes-Sebastien-Parmentelot-30.avif\" data-elementor-open-lightbox=\"yes\" data-elementor-lightbox-slideshow=\"all-2c412f6\" data-elementor-lightbox-title=\"Le Grand Jardin Ile de Lerins Cannes S\u00e9bastien Parmentelot-30\" data-e-action-hash=\"#elementor-action%3Aaction%3Dlightbox%26settings%3DeyJpZCI6MTE2OTcsInVybCI6Imh0dHBzOlwvXC9zZWJhc3RpZW5wYXJtZW50ZWxvdC5jb21cL3dwLWNvbnRlbnRcL3VwbG9hZHNcLzIwMjVcLzAzXC9MZS1HcmFuZC1KYXJkaW4tSWxlLWRlLUxlcmlucy1DYW5uZXMtU2ViYXN0aWVuLVBhcm1lbnRlbG90LTMwLmF2aWYiLCJzbGlkZXNob3ciOiJhbGwtMmM0MTJmNiJ9\" data-lbwps-width=\"2048\" data-lbwps-height=\"1365\" data-lbwps-srcsmall=\"https:\/\/sebastienparmentelot.com\/wp-content\/uploads\/2025\/03\/Le-Grand-Jardin-Ile-de-Lerins-Cannes-Sebastien-Parmentelot-30-18x12.avif\">\n\t\t\t\t\t<div class=\"e-gallery-image elementor-gallery-item__image\" data-thumbnail=\"https:\/\/sebastienparmentelot.com\/wp-content\/uploads\/2025\/03\/Le-Grand-Jardin-Ile-de-Lerins-Cannes-Sebastien-Parmentelot-30.avif\" data-width=\"2048\" data-height=\"1365\" alt=\"\" ><\/div>\n\t\t\t\t\t\t\t\t\t\t\t<div class=\"elementor-gallery-item__overlay\"><\/div>\n\t\t\t\t\t\t\t\t\t\t\t\t\t\t<\/a>\n\t\t\t\t\t\t\t<a class=\"e-gallery-item elementor-gallery-item elementor-animated-content\" href=\"https:\/\/sebastienparmentelot.com\/wp-content\/uploads\/2025\/03\/Le-Grand-Jardin-Ile-de-Lerins-Cannes-Sebastien-Parmentelot-31.avif\" data-elementor-open-lightbox=\"yes\" data-elementor-lightbox-slideshow=\"all-2c412f6\" data-elementor-lightbox-title=\"Le Grand Jardin Ile de Lerins Cannes S\u00e9bastien Parmentelot-31\" data-e-action-hash=\"#elementor-action%3Aaction%3Dlightbox%26settings%3DeyJpZCI6MTE2OTgsInVybCI6Imh0dHBzOlwvXC9zZWJhc3RpZW5wYXJtZW50ZWxvdC5jb21cL3dwLWNvbnRlbnRcL3VwbG9hZHNcLzIwMjVcLzAzXC9MZS1HcmFuZC1KYXJkaW4tSWxlLWRlLUxlcmlucy1DYW5uZXMtU2ViYXN0aWVuLVBhcm1lbnRlbG90LTMxLmF2aWYiLCJzbGlkZXNob3ciOiJhbGwtMmM0MTJmNiJ9\" data-lbwps-width=\"2048\" data-lbwps-height=\"1365\" data-lbwps-srcsmall=\"https:\/\/sebastienparmentelot.com\/wp-content\/uploads\/2025\/03\/Le-Grand-Jardin-Ile-de-Lerins-Cannes-Sebastien-Parmentelot-31-18x12.avif\">\n\t\t\t\t\t<div class=\"e-gallery-image elementor-gallery-item__image\" data-thumbnail=\"https:\/\/sebastienparmentelot.com\/wp-content\/uploads\/2025\/03\/Le-Grand-Jardin-Ile-de-Lerins-Cannes-Sebastien-Parmentelot-31.avif\" data-width=\"2048\" data-height=\"1365\" alt=\"\" ><\/div>\n\t\t\t\t\t\t\t\t\t\t\t<div class=\"elementor-gallery-item__overlay\"><\/div>\n\t\t\t\t\t\t\t\t\t\t\t\t\t\t<\/a>\n\t\t\t\t\t\t\t<a class=\"e-gallery-item elementor-gallery-item elementor-animated-content\" href=\"https:\/\/sebastienparmentelot.com\/wp-content\/uploads\/2025\/03\/Le-Grand-Jardin-Ile-de-Lerins-Cannes-Sebastien-Parmentelot-32.avif\" data-elementor-open-lightbox=\"yes\" data-elementor-lightbox-slideshow=\"all-2c412f6\" data-elementor-lightbox-title=\"Le Grand Jardin Ile de Lerins Cannes S\u00e9bastien Parmentelot-32\" data-e-action-hash=\"#elementor-action%3Aaction%3Dlightbox%26settings%3DeyJpZCI6MTE2OTksInVybCI6Imh0dHBzOlwvXC9zZWJhc3RpZW5wYXJtZW50ZWxvdC5jb21cL3dwLWNvbnRlbnRcL3VwbG9hZHNcLzIwMjVcLzAzXC9MZS1HcmFuZC1KYXJkaW4tSWxlLWRlLUxlcmlucy1DYW5uZXMtU2ViYXN0aWVuLVBhcm1lbnRlbG90LTMyLmF2aWYiLCJzbGlkZXNob3ciOiJhbGwtMmM0MTJmNiJ9\" data-lbwps-width=\"2048\" data-lbwps-height=\"1365\" data-lbwps-srcsmall=\"https:\/\/sebastienparmentelot.com\/wp-content\/uploads\/2025\/03\/Le-Grand-Jardin-Ile-de-Lerins-Cannes-Sebastien-Parmentelot-32-18x12.avif\">\n\t\t\t\t\t<div class=\"e-gallery-image elementor-gallery-item__image\" data-thumbnail=\"https:\/\/sebastienparmentelot.com\/wp-content\/uploads\/2025\/03\/Le-Grand-Jardin-Ile-de-Lerins-Cannes-Sebastien-Parmentelot-32.avif\" data-width=\"2048\" data-height=\"1365\" alt=\"\" ><\/div>\n\t\t\t\t\t\t\t\t\t\t\t<div class=\"elementor-gallery-item__overlay\"><\/div>\n\t\t\t\t\t\t\t\t\t\t\t\t\t\t<\/a>\n\t\t\t\t\t\t\t<a class=\"e-gallery-item elementor-gallery-item elementor-animated-content\" href=\"https:\/\/sebastienparmentelot.com\/wp-content\/uploads\/2025\/03\/Le-Grand-Jardin-Ile-de-Lerins-Cannes-Sebastien-Parmentelot-33.avif\" data-elementor-open-lightbox=\"yes\" data-elementor-lightbox-slideshow=\"all-2c412f6\" data-elementor-lightbox-title=\"Le Grand Jardin Ile de Lerins Cannes S\u00e9bastien Parmentelot-33\" data-e-action-hash=\"#elementor-action%3Aaction%3Dlightbox%26settings%3DeyJpZCI6MTE3MDAsInVybCI6Imh0dHBzOlwvXC9zZWJhc3RpZW5wYXJtZW50ZWxvdC5jb21cL3dwLWNvbnRlbnRcL3VwbG9hZHNcLzIwMjVcLzAzXC9MZS1HcmFuZC1KYXJkaW4tSWxlLWRlLUxlcmlucy1DYW5uZXMtU2ViYXN0aWVuLVBhcm1lbnRlbG90LTMzLmF2aWYiLCJzbGlkZXNob3ciOiJhbGwtMmM0MTJmNiJ9\" data-lbwps-width=\"2048\" data-lbwps-height=\"1365\" data-lbwps-srcsmall=\"https:\/\/sebastienparmentelot.com\/wp-content\/uploads\/2025\/03\/Le-Grand-Jardin-Ile-de-Lerins-Cannes-Sebastien-Parmentelot-33-18x12.avif\">\n\t\t\t\t\t<div class=\"e-gallery-image elementor-gallery-item__image\" data-thumbnail=\"https:\/\/sebastienparmentelot.com\/wp-content\/uploads\/2025\/03\/Le-Grand-Jardin-Ile-de-Lerins-Cannes-Sebastien-Parmentelot-33.avif\" data-width=\"2048\" data-height=\"1365\" alt=\"\" ><\/div>\n\t\t\t\t\t\t\t\t\t\t\t<div class=\"elementor-gallery-item__overlay\"><\/div>\n\t\t\t\t\t\t\t\t\t\t\t\t\t\t<\/a>\n\t\t\t\t\t\t\t<a class=\"e-gallery-item elementor-gallery-item elementor-animated-content\" href=\"https:\/\/sebastienparmentelot.com\/wp-content\/uploads\/2025\/03\/Le-Grand-Jardin-Ile-de-Lerins-Cannes-Sebastien-Parmentelot-34.avif\" data-elementor-open-lightbox=\"yes\" data-elementor-lightbox-slideshow=\"all-2c412f6\" data-elementor-lightbox-title=\"Le Grand Jardin Ile de Lerins Cannes S\u00e9bastien Parmentelot-34\" data-e-action-hash=\"#elementor-action%3Aaction%3Dlightbox%26settings%3DeyJpZCI6MTE3MDEsInVybCI6Imh0dHBzOlwvXC9zZWJhc3RpZW5wYXJtZW50ZWxvdC5jb21cL3dwLWNvbnRlbnRcL3VwbG9hZHNcLzIwMjVcLzAzXC9MZS1HcmFuZC1KYXJkaW4tSWxlLWRlLUxlcmlucy1DYW5uZXMtU2ViYXN0aWVuLVBhcm1lbnRlbG90LTM0LmF2aWYiLCJzbGlkZXNob3ciOiJhbGwtMmM0MTJmNiJ9\" data-lbwps-width=\"2048\" data-lbwps-height=\"1365\" data-lbwps-srcsmall=\"https:\/\/sebastienparmentelot.com\/wp-content\/uploads\/2025\/03\/Le-Grand-Jardin-Ile-de-Lerins-Cannes-Sebastien-Parmentelot-34-18x12.avif\">\n\t\t\t\t\t<div class=\"e-gallery-image elementor-gallery-item__image\" data-thumbnail=\"https:\/\/sebastienparmentelot.com\/wp-content\/uploads\/2025\/03\/Le-Grand-Jardin-Ile-de-Lerins-Cannes-Sebastien-Parmentelot-34.avif\" data-width=\"2048\" data-height=\"1365\" alt=\"\" ><\/div>\n\t\t\t\t\t\t\t\t\t\t\t<div class=\"elementor-gallery-item__overlay\"><\/div>\n\t\t\t\t\t\t\t\t\t\t\t\t\t\t<\/a>\n\t\t\t\t\t\t\t<a class=\"e-gallery-item elementor-gallery-item elementor-animated-content\" href=\"https:\/\/sebastienparmentelot.com\/wp-content\/uploads\/2025\/03\/Le-Grand-Jardin-Ile-de-Lerins-Cannes-Sebastien-Parmentelot-35.avif\" data-elementor-open-lightbox=\"yes\" data-elementor-lightbox-slideshow=\"all-2c412f6\" data-elementor-lightbox-title=\"Le Grand Jardin Ile de Lerins Cannes S\u00e9bastien Parmentelot-35\" data-e-action-hash=\"#elementor-action%3Aaction%3Dlightbox%26settings%3DeyJpZCI6MTE3MDIsInVybCI6Imh0dHBzOlwvXC9zZWJhc3RpZW5wYXJtZW50ZWxvdC5jb21cL3dwLWNvbnRlbnRcL3VwbG9hZHNcLzIwMjVcLzAzXC9MZS1HcmFuZC1KYXJkaW4tSWxlLWRlLUxlcmlucy1DYW5uZXMtU2ViYXN0aWVuLVBhcm1lbnRlbG90LTM1LmF2aWYiLCJzbGlkZXNob3ciOiJhbGwtMmM0MTJmNiJ9\" data-lbwps-width=\"2048\" data-lbwps-height=\"1365\" data-lbwps-srcsmall=\"https:\/\/sebastienparmentelot.com\/wp-content\/uploads\/2025\/03\/Le-Grand-Jardin-Ile-de-Lerins-Cannes-Sebastien-Parmentelot-35-18x12.avif\">\n\t\t\t\t\t<div class=\"e-gallery-image elementor-gallery-item__image\" data-thumbnail=\"https:\/\/sebastienparmentelot.com\/wp-content\/uploads\/2025\/03\/Le-Grand-Jardin-Ile-de-Lerins-Cannes-Sebastien-Parmentelot-35.avif\" data-width=\"2048\" data-height=\"1365\" alt=\"\" ><\/div>\n\t\t\t\t\t\t\t\t\t\t\t<div class=\"elementor-gallery-item__overlay\"><\/div>\n\t\t\t\t\t\t\t\t\t\t\t\t\t\t<\/a>\n\t\t\t\t\t\t\t<a class=\"e-gallery-item elementor-gallery-item elementor-animated-content\" href=\"https:\/\/sebastienparmentelot.com\/wp-content\/uploads\/2025\/03\/Le-Grand-Jardin-Ile-de-Lerins-Cannes-Sebastien-Parmentelot-36.avif\" data-elementor-open-lightbox=\"yes\" data-elementor-lightbox-slideshow=\"all-2c412f6\" data-elementor-lightbox-title=\"Le Grand Jardin Ile de Lerins Cannes S\u00e9bastien Parmentelot-36\" data-e-action-hash=\"#elementor-action%3Aaction%3Dlightbox%26settings%3DeyJpZCI6MTE3MDMsInVybCI6Imh0dHBzOlwvXC9zZWJhc3RpZW5wYXJtZW50ZWxvdC5jb21cL3dwLWNvbnRlbnRcL3VwbG9hZHNcLzIwMjVcLzAzXC9MZS1HcmFuZC1KYXJkaW4tSWxlLWRlLUxlcmlucy1DYW5uZXMtU2ViYXN0aWVuLVBhcm1lbnRlbG90LTM2LmF2aWYiLCJzbGlkZXNob3ciOiJhbGwtMmM0MTJmNiJ9\" data-lbwps-width=\"2048\" data-lbwps-height=\"1365\" data-lbwps-srcsmall=\"https:\/\/sebastienparmentelot.com\/wp-content\/uploads\/2025\/03\/Le-Grand-Jardin-Ile-de-Lerins-Cannes-Sebastien-Parmentelot-36-18x12.avif\">\n\t\t\t\t\t<div class=\"e-gallery-image elementor-gallery-item__image\" data-thumbnail=\"https:\/\/sebastienparmentelot.com\/wp-content\/uploads\/2025\/03\/Le-Grand-Jardin-Ile-de-Lerins-Cannes-Sebastien-Parmentelot-36.avif\" data-width=\"2048\" data-height=\"1365\" alt=\"\" ><\/div>\n\t\t\t\t\t\t\t\t\t\t\t<div class=\"elementor-gallery-item__overlay\"><\/div>\n\t\t\t\t\t\t\t\t\t\t\t\t\t\t<\/a>\n\t\t\t\t\t\t\t<a class=\"e-gallery-item elementor-gallery-item elementor-animated-content\" href=\"https:\/\/sebastienparmentelot.com\/wp-content\/uploads\/2025\/03\/Le-Grand-Jardin-Ile-de-Lerins-Cannes-Sebastien-Parmentelot-37.avif\" data-elementor-open-lightbox=\"yes\" data-elementor-lightbox-slideshow=\"all-2c412f6\" data-elementor-lightbox-title=\"Le Grand Jardin Ile de Lerins Cannes S\u00e9bastien Parmentelot-37\" data-e-action-hash=\"#elementor-action%3Aaction%3Dlightbox%26settings%3DeyJpZCI6MTE3MDQsInVybCI6Imh0dHBzOlwvXC9zZWJhc3RpZW5wYXJtZW50ZWxvdC5jb21cL3dwLWNvbnRlbnRcL3VwbG9hZHNcLzIwMjVcLzAzXC9MZS1HcmFuZC1KYXJkaW4tSWxlLWRlLUxlcmlucy1DYW5uZXMtU2ViYXN0aWVuLVBhcm1lbnRlbG90LTM3LmF2aWYiLCJzbGlkZXNob3ciOiJhbGwtMmM0MTJmNiJ9\" data-lbwps-width=\"2048\" data-lbwps-height=\"1365\" data-lbwps-srcsmall=\"https:\/\/sebastienparmentelot.com\/wp-content\/uploads\/2025\/03\/Le-Grand-Jardin-Ile-de-Lerins-Cannes-Sebastien-Parmentelot-37-18x12.avif\">\n\t\t\t\t\t<div class=\"e-gallery-image elementor-gallery-item__image\" data-thumbnail=\"https:\/\/sebastienparmentelot.com\/wp-content\/uploads\/2025\/03\/Le-Grand-Jardin-Ile-de-Lerins-Cannes-Sebastien-Parmentelot-37.avif\" data-width=\"2048\" data-height=\"1365\" alt=\"\" ><\/div>\n\t\t\t\t\t\t\t\t\t\t\t<div class=\"elementor-gallery-item__overlay\"><\/div>\n\t\t\t\t\t\t\t\t\t\t\t\t\t\t<\/a>\n\t\t\t\t\t\t\t<a class=\"e-gallery-item elementor-gallery-item elementor-animated-content\" href=\"https:\/\/sebastienparmentelot.com\/wp-content\/uploads\/2025\/03\/Le-Grand-Jardin-Ile-de-Lerins-Cannes-Sebastien-Parmentelot-38.avif\" data-elementor-open-lightbox=\"yes\" data-elementor-lightbox-slideshow=\"all-2c412f6\" data-elementor-lightbox-title=\"Le Grand Jardin Ile de Lerins Cannes S\u00e9bastien Parmentelot-38\" data-e-action-hash=\"#elementor-action%3Aaction%3Dlightbox%26settings%3DeyJpZCI6MTE3MDUsInVybCI6Imh0dHBzOlwvXC9zZWJhc3RpZW5wYXJtZW50ZWxvdC5jb21cL3dwLWNvbnRlbnRcL3VwbG9hZHNcLzIwMjVcLzAzXC9MZS1HcmFuZC1KYXJkaW4tSWxlLWRlLUxlcmlucy1DYW5uZXMtU2ViYXN0aWVuLVBhcm1lbnRlbG90LTM4LmF2aWYiLCJzbGlkZXNob3ciOiJhbGwtMmM0MTJmNiJ9\" data-lbwps-width=\"2048\" data-lbwps-height=\"1365\" data-lbwps-srcsmall=\"https:\/\/sebastienparmentelot.com\/wp-content\/uploads\/2025\/03\/Le-Grand-Jardin-Ile-de-Lerins-Cannes-Sebastien-Parmentelot-38-18x12.avif\">\n\t\t\t\t\t<div class=\"e-gallery-image elementor-gallery-item__image\" data-thumbnail=\"https:\/\/sebastienparmentelot.com\/wp-content\/uploads\/2025\/03\/Le-Grand-Jardin-Ile-de-Lerins-Cannes-Sebastien-Parmentelot-38.avif\" data-width=\"2048\" data-height=\"1365\" alt=\"\" ><\/div>\n\t\t\t\t\t\t\t\t\t\t\t<div class=\"elementor-gallery-item__overlay\"><\/div>\n\t\t\t\t\t\t\t\t\t\t\t\t\t\t<\/a>\n\t\t\t\t\t\t\t<a class=\"e-gallery-item elementor-gallery-item elementor-animated-content\" href=\"https:\/\/sebastienparmentelot.com\/wp-content\/uploads\/2025\/03\/Le-Grand-Jardin-Ile-de-Lerins-Cannes-Sebastien-Parmentelot-39.avif\" data-elementor-open-lightbox=\"yes\" data-elementor-lightbox-slideshow=\"all-2c412f6\" data-elementor-lightbox-title=\"Le Grand Jardin Ile de Lerins Cannes S\u00e9bastien Parmentelot-39\" data-e-action-hash=\"#elementor-action%3Aaction%3Dlightbox%26settings%3DeyJpZCI6MTE3MDYsInVybCI6Imh0dHBzOlwvXC9zZWJhc3RpZW5wYXJtZW50ZWxvdC5jb21cL3dwLWNvbnRlbnRcL3VwbG9hZHNcLzIwMjVcLzAzXC9MZS1HcmFuZC1KYXJkaW4tSWxlLWRlLUxlcmlucy1DYW5uZXMtU2ViYXN0aWVuLVBhcm1lbnRlbG90LTM5LmF2aWYiLCJzbGlkZXNob3ciOiJhbGwtMmM0MTJmNiJ9\" data-lbwps-width=\"2048\" data-lbwps-height=\"1365\" data-lbwps-srcsmall=\"https:\/\/sebastienparmentelot.com\/wp-content\/uploads\/2025\/03\/Le-Grand-Jardin-Ile-de-Lerins-Cannes-Sebastien-Parmentelot-39-18x12.avif\">\n\t\t\t\t\t<div class=\"e-gallery-image elementor-gallery-item__image\" data-thumbnail=\"https:\/\/sebastienparmentelot.com\/wp-content\/uploads\/2025\/03\/Le-Grand-Jardin-Ile-de-Lerins-Cannes-Sebastien-Parmentelot-39.avif\" data-width=\"2048\" data-height=\"1365\" alt=\"\" ><\/div>\n\t\t\t\t\t\t\t\t\t\t\t<div class=\"elementor-gallery-item__overlay\"><\/div>\n\t\t\t\t\t\t\t\t\t\t\t\t\t\t<\/a>\n\t\t\t\t\t\t\t<a class=\"e-gallery-item elementor-gallery-item elementor-animated-content\" href=\"https:\/\/sebastienparmentelot.com\/wp-content\/uploads\/2025\/03\/Le-Grand-Jardin-Ile-de-Lerins-Cannes-Sebastien-Parmentelot-40.avif\" data-elementor-open-lightbox=\"yes\" data-elementor-lightbox-slideshow=\"all-2c412f6\" data-elementor-lightbox-title=\"Le Grand Jardin Ile de Lerins Cannes S\u00e9bastien Parmentelot-40\" data-e-action-hash=\"#elementor-action%3Aaction%3Dlightbox%26settings%3DeyJpZCI6MTE3MDcsInVybCI6Imh0dHBzOlwvXC9zZWJhc3RpZW5wYXJtZW50ZWxvdC5jb21cL3dwLWNvbnRlbnRcL3VwbG9hZHNcLzIwMjVcLzAzXC9MZS1HcmFuZC1KYXJkaW4tSWxlLWRlLUxlcmlucy1DYW5uZXMtU2ViYXN0aWVuLVBhcm1lbnRlbG90LTQwLmF2aWYiLCJzbGlkZXNob3ciOiJhbGwtMmM0MTJmNiJ9\" data-lbwps-width=\"2048\" data-lbwps-height=\"1365\" data-lbwps-srcsmall=\"https:\/\/sebastienparmentelot.com\/wp-content\/uploads\/2025\/03\/Le-Grand-Jardin-Ile-de-Lerins-Cannes-Sebastien-Parmentelot-40-18x12.avif\">\n\t\t\t\t\t<div class=\"e-gallery-image elementor-gallery-item__image\" data-thumbnail=\"https:\/\/sebastienparmentelot.com\/wp-content\/uploads\/2025\/03\/Le-Grand-Jardin-Ile-de-Lerins-Cannes-Sebastien-Parmentelot-40.avif\" data-width=\"2048\" data-height=\"1365\" alt=\"\" ><\/div>\n\t\t\t\t\t\t\t\t\t\t\t<div class=\"elementor-gallery-item__overlay\"><\/div>\n\t\t\t\t\t\t\t\t\t\t\t\t\t\t<\/a>\n\t\t\t\t\t\t\t<a class=\"e-gallery-item elementor-gallery-item elementor-animated-content\" href=\"https:\/\/sebastienparmentelot.com\/wp-content\/uploads\/2025\/03\/Le-Grand-Jardin-Ile-de-Lerins-Cannes-Sebastien-Parmentelot-41.avif\" data-elementor-open-lightbox=\"yes\" data-elementor-lightbox-slideshow=\"all-2c412f6\" data-elementor-lightbox-title=\"Le Grand Jardin Ile de Lerins Cannes S\u00e9bastien Parmentelot-41\" data-e-action-hash=\"#elementor-action%3Aaction%3Dlightbox%26settings%3DeyJpZCI6MTE3MDgsInVybCI6Imh0dHBzOlwvXC9zZWJhc3RpZW5wYXJtZW50ZWxvdC5jb21cL3dwLWNvbnRlbnRcL3VwbG9hZHNcLzIwMjVcLzAzXC9MZS1HcmFuZC1KYXJkaW4tSWxlLWRlLUxlcmlucy1DYW5uZXMtU2ViYXN0aWVuLVBhcm1lbnRlbG90LTQxLmF2aWYiLCJzbGlkZXNob3ciOiJhbGwtMmM0MTJmNiJ9\" data-lbwps-width=\"2048\" data-lbwps-height=\"1365\" data-lbwps-srcsmall=\"https:\/\/sebastienparmentelot.com\/wp-content\/uploads\/2025\/03\/Le-Grand-Jardin-Ile-de-Lerins-Cannes-Sebastien-Parmentelot-41-18x12.avif\">\n\t\t\t\t\t<div class=\"e-gallery-image elementor-gallery-item__image\" data-thumbnail=\"https:\/\/sebastienparmentelot.com\/wp-content\/uploads\/2025\/03\/Le-Grand-Jardin-Ile-de-Lerins-Cannes-Sebastien-Parmentelot-41.avif\" data-width=\"2048\" data-height=\"1365\" alt=\"\" ><\/div>\n\t\t\t\t\t\t\t\t\t\t\t<div class=\"elementor-gallery-item__overlay\"><\/div>\n\t\t\t\t\t\t\t\t\t\t\t\t\t\t<\/a>\n\t\t\t\t\t\t\t<a class=\"e-gallery-item elementor-gallery-item elementor-animated-content\" href=\"https:\/\/sebastienparmentelot.com\/wp-content\/uploads\/2025\/03\/Le-Grand-Jardin-Ile-de-Lerins-Cannes-Sebastien-Parmentelot-42.avif\" data-elementor-open-lightbox=\"yes\" data-elementor-lightbox-slideshow=\"all-2c412f6\" data-elementor-lightbox-title=\"Le Grand Jardin Ile de Lerins Cannes S\u00e9bastien Parmentelot-42\" data-e-action-hash=\"#elementor-action%3Aaction%3Dlightbox%26settings%3DeyJpZCI6MTE3MDksInVybCI6Imh0dHBzOlwvXC9zZWJhc3RpZW5wYXJtZW50ZWxvdC5jb21cL3dwLWNvbnRlbnRcL3VwbG9hZHNcLzIwMjVcLzAzXC9MZS1HcmFuZC1KYXJkaW4tSWxlLWRlLUxlcmlucy1DYW5uZXMtU2ViYXN0aWVuLVBhcm1lbnRlbG90LTQyLmF2aWYiLCJzbGlkZXNob3ciOiJhbGwtMmM0MTJmNiJ9\" data-lbwps-width=\"2048\" data-lbwps-height=\"1365\" data-lbwps-srcsmall=\"https:\/\/sebastienparmentelot.com\/wp-content\/uploads\/2025\/03\/Le-Grand-Jardin-Ile-de-Lerins-Cannes-Sebastien-Parmentelot-42-18x12.avif\">\n\t\t\t\t\t<div class=\"e-gallery-image elementor-gallery-item__image\" data-thumbnail=\"https:\/\/sebastienparmentelot.com\/wp-content\/uploads\/2025\/03\/Le-Grand-Jardin-Ile-de-Lerins-Cannes-Sebastien-Parmentelot-42.avif\" data-width=\"2048\" data-height=\"1365\" alt=\"\" ><\/div>\n\t\t\t\t\t\t\t\t\t\t\t<div class=\"elementor-gallery-item__overlay\"><\/div>\n\t\t\t\t\t\t\t\t\t\t\t\t\t\t<\/a>\n\t\t\t\t\t\t\t<a class=\"e-gallery-item elementor-gallery-item elementor-animated-content\" href=\"https:\/\/sebastienparmentelot.com\/wp-content\/uploads\/2025\/03\/Le-Grand-Jardin-Ile-de-Lerins-Cannes-Sebastien-Parmentelot-43.avif\" data-elementor-open-lightbox=\"yes\" data-elementor-lightbox-slideshow=\"all-2c412f6\" data-elementor-lightbox-title=\"Le Grand Jardin Ile de Lerins Cannes S\u00e9bastien Parmentelot-43\" data-e-action-hash=\"#elementor-action%3Aaction%3Dlightbox%26settings%3DeyJpZCI6MTE3MTAsInVybCI6Imh0dHBzOlwvXC9zZWJhc3RpZW5wYXJtZW50ZWxvdC5jb21cL3dwLWNvbnRlbnRcL3VwbG9hZHNcLzIwMjVcLzAzXC9MZS1HcmFuZC1KYXJkaW4tSWxlLWRlLUxlcmlucy1DYW5uZXMtU2ViYXN0aWVuLVBhcm1lbnRlbG90LTQzLmF2aWYiLCJzbGlkZXNob3ciOiJhbGwtMmM0MTJmNiJ9\" data-lbwps-width=\"2048\" data-lbwps-height=\"1365\" data-lbwps-srcsmall=\"https:\/\/sebastienparmentelot.com\/wp-content\/uploads\/2025\/03\/Le-Grand-Jardin-Ile-de-Lerins-Cannes-Sebastien-Parmentelot-43-18x12.avif\">\n\t\t\t\t\t<div class=\"e-gallery-image elementor-gallery-item__image\" data-thumbnail=\"https:\/\/sebastienparmentelot.com\/wp-content\/uploads\/2025\/03\/Le-Grand-Jardin-Ile-de-Lerins-Cannes-Sebastien-Parmentelot-43.avif\" data-width=\"2048\" data-height=\"1365\" alt=\"\" ><\/div>\n\t\t\t\t\t\t\t\t\t\t\t<div class=\"elementor-gallery-item__overlay\"><\/div>\n\t\t\t\t\t\t\t\t\t\t\t\t\t\t<\/a>\n\t\t\t\t\t\t\t<a class=\"e-gallery-item elementor-gallery-item elementor-animated-content\" href=\"https:\/\/sebastienparmentelot.com\/wp-content\/uploads\/2025\/03\/Le-Grand-Jardin-Ile-de-Lerins-Cannes-Sebastien-Parmentelot-46.avif\" data-elementor-open-lightbox=\"yes\" data-elementor-lightbox-slideshow=\"all-2c412f6\" data-elementor-lightbox-title=\"Le Grand Jardin Ile de Lerins Cannes S\u00e9bastien Parmentelot-46\" data-e-action-hash=\"#elementor-action%3Aaction%3Dlightbox%26settings%3DeyJpZCI6MTE3MTMsInVybCI6Imh0dHBzOlwvXC9zZWJhc3RpZW5wYXJtZW50ZWxvdC5jb21cL3dwLWNvbnRlbnRcL3VwbG9hZHNcLzIwMjVcLzAzXC9MZS1HcmFuZC1KYXJkaW4tSWxlLWRlLUxlcmlucy1DYW5uZXMtU2ViYXN0aWVuLVBhcm1lbnRlbG90LTQ2LmF2aWYiLCJzbGlkZXNob3ciOiJhbGwtMmM0MTJmNiJ9\" data-lbwps-width=\"2048\" data-lbwps-height=\"1365\" data-lbwps-srcsmall=\"https:\/\/sebastienparmentelot.com\/wp-content\/uploads\/2025\/03\/Le-Grand-Jardin-Ile-de-Lerins-Cannes-Sebastien-Parmentelot-46-18x12.avif\">\n\t\t\t\t\t<div class=\"e-gallery-image elementor-gallery-item__image\" data-thumbnail=\"https:\/\/sebastienparmentelot.com\/wp-content\/uploads\/2025\/03\/Le-Grand-Jardin-Ile-de-Lerins-Cannes-Sebastien-Parmentelot-46.avif\" data-width=\"2048\" data-height=\"1365\" alt=\"\" ><\/div>\n\t\t\t\t\t\t\t\t\t\t\t<div class=\"elementor-gallery-item__overlay\"><\/div>\n\t\t\t\t\t\t\t\t\t\t\t\t\t\t<\/a>\n\t\t\t\t\t\t\t<a class=\"e-gallery-item elementor-gallery-item elementor-animated-content\" href=\"https:\/\/sebastienparmentelot.com\/wp-content\/uploads\/2025\/03\/Le-Grand-Jardin-Ile-de-Lerins-Cannes-Sebastien-Parmentelot-47.avif\" data-elementor-open-lightbox=\"yes\" data-elementor-lightbox-slideshow=\"all-2c412f6\" data-elementor-lightbox-title=\"Le Grand Jardin Ile de Lerins Cannes S\u00e9bastien Parmentelot-47\" data-e-action-hash=\"#elementor-action%3Aaction%3Dlightbox%26settings%3DeyJpZCI6MTE3MTQsInVybCI6Imh0dHBzOlwvXC9zZWJhc3RpZW5wYXJtZW50ZWxvdC5jb21cL3dwLWNvbnRlbnRcL3VwbG9hZHNcLzIwMjVcLzAzXC9MZS1HcmFuZC1KYXJkaW4tSWxlLWRlLUxlcmlucy1DYW5uZXMtU2ViYXN0aWVuLVBhcm1lbnRlbG90LTQ3LmF2aWYiLCJzbGlkZXNob3ciOiJhbGwtMmM0MTJmNiJ9\" data-lbwps-width=\"2048\" data-lbwps-height=\"1365\" data-lbwps-srcsmall=\"https:\/\/sebastienparmentelot.com\/wp-content\/uploads\/2025\/03\/Le-Grand-Jardin-Ile-de-Lerins-Cannes-Sebastien-Parmentelot-47-18x12.avif\">\n\t\t\t\t\t<div class=\"e-gallery-image elementor-gallery-item__image\" data-thumbnail=\"https:\/\/sebastienparmentelot.com\/wp-content\/uploads\/2025\/03\/Le-Grand-Jardin-Ile-de-Lerins-Cannes-Sebastien-Parmentelot-47.avif\" data-width=\"2048\" data-height=\"1365\" alt=\"\" ><\/div>\n\t\t\t\t\t\t\t\t\t\t\t<div class=\"elementor-gallery-item__overlay\"><\/div>\n\t\t\t\t\t\t\t\t\t\t\t\t\t\t<\/a>\n\t\t\t\t\t\t\t<a class=\"e-gallery-item elementor-gallery-item elementor-animated-content\" href=\"https:\/\/sebastienparmentelot.com\/wp-content\/uploads\/2025\/03\/Le-Grand-Jardin-Ile-de-Lerins-Cannes-Sebastien-Parmentelot-48.avif\" data-elementor-open-lightbox=\"yes\" data-elementor-lightbox-slideshow=\"all-2c412f6\" data-elementor-lightbox-title=\"Le Grand Jardin Ile de Lerins Cannes S\u00e9bastien Parmentelot-48\" data-e-action-hash=\"#elementor-action%3Aaction%3Dlightbox%26settings%3DeyJpZCI6MTE3MTUsInVybCI6Imh0dHBzOlwvXC9zZWJhc3RpZW5wYXJtZW50ZWxvdC5jb21cL3dwLWNvbnRlbnRcL3VwbG9hZHNcLzIwMjVcLzAzXC9MZS1HcmFuZC1KYXJkaW4tSWxlLWRlLUxlcmlucy1DYW5uZXMtU2ViYXN0aWVuLVBhcm1lbnRlbG90LTQ4LmF2aWYiLCJzbGlkZXNob3ciOiJhbGwtMmM0MTJmNiJ9\" data-lbwps-width=\"2048\" data-lbwps-height=\"1365\" data-lbwps-srcsmall=\"https:\/\/sebastienparmentelot.com\/wp-content\/uploads\/2025\/03\/Le-Grand-Jardin-Ile-de-Lerins-Cannes-Sebastien-Parmentelot-48-18x12.avif\">\n\t\t\t\t\t<div class=\"e-gallery-image elementor-gallery-item__image\" data-thumbnail=\"https:\/\/sebastienparmentelot.com\/wp-content\/uploads\/2025\/03\/Le-Grand-Jardin-Ile-de-Lerins-Cannes-Sebastien-Parmentelot-48.avif\" data-width=\"2048\" data-height=\"1365\" alt=\"\" ><\/div>\n\t\t\t\t\t\t\t\t\t\t\t<div class=\"elementor-gallery-item__overlay\"><\/div>\n\t\t\t\t\t\t\t\t\t\t\t\t\t\t<\/a>\n\t\t\t\t\t\t\t<a class=\"e-gallery-item elementor-gallery-item elementor-animated-content\" href=\"https:\/\/sebastienparmentelot.com\/wp-content\/uploads\/2025\/03\/Le-Grand-Jardin-Ile-de-Lerins-Cannes-Sebastien-Parmentelot-49.avif\" data-elementor-open-lightbox=\"yes\" data-elementor-lightbox-slideshow=\"all-2c412f6\" data-elementor-lightbox-title=\"Le Grand Jardin Ile de Lerins Cannes S\u00e9bastien Parmentelot-49\" data-e-action-hash=\"#elementor-action%3Aaction%3Dlightbox%26settings%3DeyJpZCI6MTE3MTYsInVybCI6Imh0dHBzOlwvXC9zZWJhc3RpZW5wYXJtZW50ZWxvdC5jb21cL3dwLWNvbnRlbnRcL3VwbG9hZHNcLzIwMjVcLzAzXC9MZS1HcmFuZC1KYXJkaW4tSWxlLWRlLUxlcmlucy1DYW5uZXMtU2ViYXN0aWVuLVBhcm1lbnRlbG90LTQ5LmF2aWYiLCJzbGlkZXNob3ciOiJhbGwtMmM0MTJmNiJ9\" data-lbwps-width=\"2048\" data-lbwps-height=\"1365\" data-lbwps-srcsmall=\"https:\/\/sebastienparmentelot.com\/wp-content\/uploads\/2025\/03\/Le-Grand-Jardin-Ile-de-Lerins-Cannes-Sebastien-Parmentelot-49-18x12.avif\">\n\t\t\t\t\t<div class=\"e-gallery-image elementor-gallery-item__image\" data-thumbnail=\"https:\/\/sebastienparmentelot.com\/wp-content\/uploads\/2025\/03\/Le-Grand-Jardin-Ile-de-Lerins-Cannes-Sebastien-Parmentelot-49.avif\" data-width=\"2048\" data-height=\"1365\" alt=\"\" ><\/div>\n\t\t\t\t\t\t\t\t\t\t\t<div class=\"elementor-gallery-item__overlay\"><\/div>\n\t\t\t\t\t\t\t\t\t\t\t\t\t\t<\/a>\n\t\t\t\t\t\t\t<a class=\"e-gallery-item elementor-gallery-item elementor-animated-content\" href=\"https:\/\/sebastienparmentelot.com\/wp-content\/uploads\/2025\/03\/Le-Grand-Jardin-Ile-de-Lerins-Cannes-Sebastien-Parmentelot-50.avif\" data-elementor-open-lightbox=\"yes\" data-elementor-lightbox-slideshow=\"all-2c412f6\" data-elementor-lightbox-title=\"Le Grand Jardin Ile de Lerins Cannes S\u00e9bastien Parmentelot-50\" data-e-action-hash=\"#elementor-action%3Aaction%3Dlightbox%26settings%3DeyJpZCI6MTE3MTcsInVybCI6Imh0dHBzOlwvXC9zZWJhc3RpZW5wYXJtZW50ZWxvdC5jb21cL3dwLWNvbnRlbnRcL3VwbG9hZHNcLzIwMjVcLzAzXC9MZS1HcmFuZC1KYXJkaW4tSWxlLWRlLUxlcmlucy1DYW5uZXMtU2ViYXN0aWVuLVBhcm1lbnRlbG90LTUwLmF2aWYiLCJzbGlkZXNob3ciOiJhbGwtMmM0MTJmNiJ9\" data-lbwps-width=\"2048\" data-lbwps-height=\"1365\" data-lbwps-srcsmall=\"https:\/\/sebastienparmentelot.com\/wp-content\/uploads\/2025\/03\/Le-Grand-Jardin-Ile-de-Lerins-Cannes-Sebastien-Parmentelot-50-18x12.avif\">\n\t\t\t\t\t<div class=\"e-gallery-image elementor-gallery-item__image\" data-thumbnail=\"https:\/\/sebastienparmentelot.com\/wp-content\/uploads\/2025\/03\/Le-Grand-Jardin-Ile-de-Lerins-Cannes-Sebastien-Parmentelot-50.avif\" data-width=\"2048\" data-height=\"1365\" alt=\"\" ><\/div>\n\t\t\t\t\t\t\t\t\t\t\t<div class=\"elementor-gallery-item__overlay\"><\/div>\n\t\t\t\t\t\t\t\t\t\t\t\t\t\t<\/a>\n\t\t\t\t\t\t\t<a class=\"e-gallery-item elementor-gallery-item elementor-animated-content\" href=\"https:\/\/sebastienparmentelot.com\/wp-content\/uploads\/2025\/03\/Le-Grand-Jardin-Ile-de-Lerins-Cannes-Sebastien-Parmentelot-51.avif\" data-elementor-open-lightbox=\"yes\" data-elementor-lightbox-slideshow=\"all-2c412f6\" data-elementor-lightbox-title=\"Le Grand Jardin Ile de Lerins Cannes S\u00e9bastien Parmentelot-51\" data-e-action-hash=\"#elementor-action%3Aaction%3Dlightbox%26settings%3DeyJpZCI6MTE3MTgsInVybCI6Imh0dHBzOlwvXC9zZWJhc3RpZW5wYXJtZW50ZWxvdC5jb21cL3dwLWNvbnRlbnRcL3VwbG9hZHNcLzIwMjVcLzAzXC9MZS1HcmFuZC1KYXJkaW4tSWxlLWRlLUxlcmlucy1DYW5uZXMtU2ViYXN0aWVuLVBhcm1lbnRlbG90LTUxLmF2aWYiLCJzbGlkZXNob3ciOiJhbGwtMmM0MTJmNiJ9\" data-lbwps-width=\"2048\" data-lbwps-height=\"1365\" data-lbwps-srcsmall=\"https:\/\/sebastienparmentelot.com\/wp-content\/uploads\/2025\/03\/Le-Grand-Jardin-Ile-de-Lerins-Cannes-Sebastien-Parmentelot-51-18x12.avif\">\n\t\t\t\t\t<div class=\"e-gallery-image elementor-gallery-item__image\" data-thumbnail=\"https:\/\/sebastienparmentelot.com\/wp-content\/uploads\/2025\/03\/Le-Grand-Jardin-Ile-de-Lerins-Cannes-Sebastien-Parmentelot-51.avif\" data-width=\"2048\" data-height=\"1365\" alt=\"\" ><\/div>\n\t\t\t\t\t\t\t\t\t\t\t<div class=\"elementor-gallery-item__overlay\"><\/div>\n\t\t\t\t\t\t\t\t\t\t\t\t\t\t<\/a>\n\t\t\t\t\t\t\t<a class=\"e-gallery-item elementor-gallery-item elementor-animated-content\" href=\"https:\/\/sebastienparmentelot.com\/wp-content\/uploads\/2025\/03\/Le-Grand-Jardin-Ile-de-Lerins-Cannes-Sebastien-Parmentelot-52.avif\" data-elementor-open-lightbox=\"yes\" data-elementor-lightbox-slideshow=\"all-2c412f6\" data-elementor-lightbox-title=\"Le Grand Jardin Ile de Lerins Cannes S\u00e9bastien Parmentelot-52\" data-e-action-hash=\"#elementor-action%3Aaction%3Dlightbox%26settings%3DeyJpZCI6MTE3MTksInVybCI6Imh0dHBzOlwvXC9zZWJhc3RpZW5wYXJtZW50ZWxvdC5jb21cL3dwLWNvbnRlbnRcL3VwbG9hZHNcLzIwMjVcLzAzXC9MZS1HcmFuZC1KYXJkaW4tSWxlLWRlLUxlcmlucy1DYW5uZXMtU2ViYXN0aWVuLVBhcm1lbnRlbG90LTUyLmF2aWYiLCJzbGlkZXNob3ciOiJhbGwtMmM0MTJmNiJ9\" data-lbwps-width=\"2048\" data-lbwps-height=\"1365\" data-lbwps-srcsmall=\"https:\/\/sebastienparmentelot.com\/wp-content\/uploads\/2025\/03\/Le-Grand-Jardin-Ile-de-Lerins-Cannes-Sebastien-Parmentelot-52-18x12.avif\">\n\t\t\t\t\t<div class=\"e-gallery-image elementor-gallery-item__image\" data-thumbnail=\"https:\/\/sebastienparmentelot.com\/wp-content\/uploads\/2025\/03\/Le-Grand-Jardin-Ile-de-Lerins-Cannes-Sebastien-Parmentelot-52.avif\" data-width=\"2048\" data-height=\"1365\" alt=\"\" ><\/div>\n\t\t\t\t\t\t\t\t\t\t\t<div class=\"elementor-gallery-item__overlay\"><\/div>\n\t\t\t\t\t\t\t\t\t\t\t\t\t\t<\/a>\n\t\t\t\t\t\t\t<a class=\"e-gallery-item elementor-gallery-item elementor-animated-content\" href=\"https:\/\/sebastienparmentelot.com\/wp-content\/uploads\/2025\/03\/Le-Grand-Jardin-Ile-de-Lerins-Cannes-Sebastien-Parmentelot-53.avif\" data-elementor-open-lightbox=\"yes\" data-elementor-lightbox-slideshow=\"all-2c412f6\" data-elementor-lightbox-title=\"Le Grand Jardin Ile de Lerins Cannes S\u00e9bastien Parmentelot-53\" data-e-action-hash=\"#elementor-action%3Aaction%3Dlightbox%26settings%3DeyJpZCI6MTE3MjAsInVybCI6Imh0dHBzOlwvXC9zZWJhc3RpZW5wYXJtZW50ZWxvdC5jb21cL3dwLWNvbnRlbnRcL3VwbG9hZHNcLzIwMjVcLzAzXC9MZS1HcmFuZC1KYXJkaW4tSWxlLWRlLUxlcmlucy1DYW5uZXMtU2ViYXN0aWVuLVBhcm1lbnRlbG90LTUzLmF2aWYiLCJzbGlkZXNob3ciOiJhbGwtMmM0MTJmNiJ9\" data-lbwps-width=\"2048\" data-lbwps-height=\"1365\" data-lbwps-srcsmall=\"https:\/\/sebastienparmentelot.com\/wp-content\/uploads\/2025\/03\/Le-Grand-Jardin-Ile-de-Lerins-Cannes-Sebastien-Parmentelot-53-18x12.avif\">\n\t\t\t\t\t<div class=\"e-gallery-image elementor-gallery-item__image\" data-thumbnail=\"https:\/\/sebastienparmentelot.com\/wp-content\/uploads\/2025\/03\/Le-Grand-Jardin-Ile-de-Lerins-Cannes-Sebastien-Parmentelot-53.avif\" data-width=\"2048\" data-height=\"1365\" alt=\"\" ><\/div>\n\t\t\t\t\t\t\t\t\t\t\t<div class=\"elementor-gallery-item__overlay\"><\/div>\n\t\t\t\t\t\t\t\t\t\t\t\t\t\t<\/a>\n\t\t\t\t\t\t\t<a class=\"e-gallery-item elementor-gallery-item elementor-animated-content\" href=\"https:\/\/sebastienparmentelot.com\/wp-content\/uploads\/2025\/03\/Le-Grand-Jardin-Ile-de-Lerins-Cannes-Sebastien-Parmentelot-54.avif\" data-elementor-open-lightbox=\"yes\" data-elementor-lightbox-slideshow=\"all-2c412f6\" data-elementor-lightbox-title=\"Le Grand Jardin Ile de Lerins Cannes S\u00e9bastien Parmentelot-54\" data-e-action-hash=\"#elementor-action%3Aaction%3Dlightbox%26settings%3DeyJpZCI6MTE3MjEsInVybCI6Imh0dHBzOlwvXC9zZWJhc3RpZW5wYXJtZW50ZWxvdC5jb21cL3dwLWNvbnRlbnRcL3VwbG9hZHNcLzIwMjVcLzAzXC9MZS1HcmFuZC1KYXJkaW4tSWxlLWRlLUxlcmlucy1DYW5uZXMtU2ViYXN0aWVuLVBhcm1lbnRlbG90LTU0LmF2aWYiLCJzbGlkZXNob3ciOiJhbGwtMmM0MTJmNiJ9\" data-lbwps-width=\"2048\" data-lbwps-height=\"1365\" data-lbwps-srcsmall=\"https:\/\/sebastienparmentelot.com\/wp-content\/uploads\/2025\/03\/Le-Grand-Jardin-Ile-de-Lerins-Cannes-Sebastien-Parmentelot-54-18x12.avif\">\n\t\t\t\t\t<div class=\"e-gallery-image elementor-gallery-item__image\" data-thumbnail=\"https:\/\/sebastienparmentelot.com\/wp-content\/uploads\/2025\/03\/Le-Grand-Jardin-Ile-de-Lerins-Cannes-Sebastien-Parmentelot-54.avif\" data-width=\"2048\" data-height=\"1365\" alt=\"\" ><\/div>\n\t\t\t\t\t\t\t\t\t\t\t<div class=\"elementor-gallery-item__overlay\"><\/div>\n\t\t\t\t\t\t\t\t\t\t\t\t\t\t<\/a>\n\t\t\t\t\t\t\t<a class=\"e-gallery-item elementor-gallery-item elementor-animated-content\" href=\"https:\/\/sebastienparmentelot.com\/wp-content\/uploads\/2025\/03\/Le-Grand-Jardin-Ile-de-Lerins-Cannes-Sebastien-Parmentelot-55.avif\" data-elementor-open-lightbox=\"yes\" data-elementor-lightbox-slideshow=\"all-2c412f6\" data-elementor-lightbox-title=\"Le Grand Jardin Ile de Lerins Cannes S\u00e9bastien Parmentelot-55\" data-e-action-hash=\"#elementor-action%3Aaction%3Dlightbox%26settings%3DeyJpZCI6MTE3MjIsInVybCI6Imh0dHBzOlwvXC9zZWJhc3RpZW5wYXJtZW50ZWxvdC5jb21cL3dwLWNvbnRlbnRcL3VwbG9hZHNcLzIwMjVcLzAzXC9MZS1HcmFuZC1KYXJkaW4tSWxlLWRlLUxlcmlucy1DYW5uZXMtU2ViYXN0aWVuLVBhcm1lbnRlbG90LTU1LmF2aWYiLCJzbGlkZXNob3ciOiJhbGwtMmM0MTJmNiJ9\" data-lbwps-width=\"2048\" data-lbwps-height=\"1365\" data-lbwps-srcsmall=\"https:\/\/sebastienparmentelot.com\/wp-content\/uploads\/2025\/03\/Le-Grand-Jardin-Ile-de-Lerins-Cannes-Sebastien-Parmentelot-55-18x12.avif\">\n\t\t\t\t\t<div class=\"e-gallery-image elementor-gallery-item__image\" data-thumbnail=\"https:\/\/sebastienparmentelot.com\/wp-content\/uploads\/2025\/03\/Le-Grand-Jardin-Ile-de-Lerins-Cannes-Sebastien-Parmentelot-55.avif\" data-width=\"2048\" data-height=\"1365\" alt=\"\" ><\/div>\n\t\t\t\t\t\t\t\t\t\t\t<div class=\"elementor-gallery-item__overlay\"><\/div>\n\t\t\t\t\t\t\t\t\t\t\t\t\t\t<\/a>\n\t\t\t\t\t\t\t<a class=\"e-gallery-item elementor-gallery-item elementor-animated-content\" href=\"https:\/\/sebastienparmentelot.com\/wp-content\/uploads\/2025\/03\/Le-Grand-Jardin-Ile-de-Lerins-Cannes-Sebastien-Parmentelot-56.avif\" data-elementor-open-lightbox=\"yes\" data-elementor-lightbox-slideshow=\"all-2c412f6\" data-elementor-lightbox-title=\"Le Grand Jardin Ile de Lerins Cannes S\u00e9bastien Parmentelot-56\" data-e-action-hash=\"#elementor-action%3Aaction%3Dlightbox%26settings%3DeyJpZCI6MTE3MjMsInVybCI6Imh0dHBzOlwvXC9zZWJhc3RpZW5wYXJtZW50ZWxvdC5jb21cL3dwLWNvbnRlbnRcL3VwbG9hZHNcLzIwMjVcLzAzXC9MZS1HcmFuZC1KYXJkaW4tSWxlLWRlLUxlcmlucy1DYW5uZXMtU2ViYXN0aWVuLVBhcm1lbnRlbG90LTU2LmF2aWYiLCJzbGlkZXNob3ciOiJhbGwtMmM0MTJmNiJ9\" data-lbwps-width=\"2048\" data-lbwps-height=\"1365\" data-lbwps-srcsmall=\"https:\/\/sebastienparmentelot.com\/wp-content\/uploads\/2025\/03\/Le-Grand-Jardin-Ile-de-Lerins-Cannes-Sebastien-Parmentelot-56-18x12.avif\">\n\t\t\t\t\t<div class=\"e-gallery-image elementor-gallery-item__image\" data-thumbnail=\"https:\/\/sebastienparmentelot.com\/wp-content\/uploads\/2025\/03\/Le-Grand-Jardin-Ile-de-Lerins-Cannes-Sebastien-Parmentelot-56.avif\" data-width=\"2048\" data-height=\"1365\" alt=\"\" ><\/div>\n\t\t\t\t\t\t\t\t\t\t\t<div class=\"elementor-gallery-item__overlay\"><\/div>\n\t\t\t\t\t\t\t\t\t\t\t\t\t\t<\/a>\n\t\t\t\t\t\t\t<a class=\"e-gallery-item elementor-gallery-item elementor-animated-content\" href=\"https:\/\/sebastienparmentelot.com\/wp-content\/uploads\/2025\/03\/Le-Grand-Jardin-Ile-de-Lerins-Cannes-Sebastien-Parmentelot-57.avif\" data-elementor-open-lightbox=\"yes\" data-elementor-lightbox-slideshow=\"all-2c412f6\" data-elementor-lightbox-title=\"Le Grand Jardin Ile de Lerins Cannes S\u00e9bastien Parmentelot-57\" data-e-action-hash=\"#elementor-action%3Aaction%3Dlightbox%26settings%3DeyJpZCI6MTE3MjQsInVybCI6Imh0dHBzOlwvXC9zZWJhc3RpZW5wYXJtZW50ZWxvdC5jb21cL3dwLWNvbnRlbnRcL3VwbG9hZHNcLzIwMjVcLzAzXC9MZS1HcmFuZC1KYXJkaW4tSWxlLWRlLUxlcmlucy1DYW5uZXMtU2ViYXN0aWVuLVBhcm1lbnRlbG90LTU3LmF2aWYiLCJzbGlkZXNob3ciOiJhbGwtMmM0MTJmNiJ9\" data-lbwps-width=\"2048\" data-lbwps-height=\"1365\" data-lbwps-srcsmall=\"https:\/\/sebastienparmentelot.com\/wp-content\/uploads\/2025\/03\/Le-Grand-Jardin-Ile-de-Lerins-Cannes-Sebastien-Parmentelot-57-18x12.avif\">\n\t\t\t\t\t<div class=\"e-gallery-image elementor-gallery-item__image\" data-thumbnail=\"https:\/\/sebastienparmentelot.com\/wp-content\/uploads\/2025\/03\/Le-Grand-Jardin-Ile-de-Lerins-Cannes-Sebastien-Parmentelot-57.avif\" data-width=\"2048\" data-height=\"1365\" alt=\"\" ><\/div>\n\t\t\t\t\t\t\t\t\t\t\t<div class=\"elementor-gallery-item__overlay\"><\/div>\n\t\t\t\t\t\t\t\t\t\t\t\t\t\t<\/a>\n\t\t\t\t\t\t\t<a class=\"e-gallery-item elementor-gallery-item elementor-animated-content\" href=\"https:\/\/sebastienparmentelot.com\/wp-content\/uploads\/2025\/03\/Le-Grand-Jardin-Ile-de-Lerins-Cannes-Sebastien-Parmentelot-59.avif\" data-elementor-open-lightbox=\"yes\" data-elementor-lightbox-slideshow=\"all-2c412f6\" data-elementor-lightbox-title=\"Le Grand Jardin Ile de Lerins Cannes S\u00e9bastien Parmentelot-59\" data-e-action-hash=\"#elementor-action%3Aaction%3Dlightbox%26settings%3DeyJpZCI6MTE3MjYsInVybCI6Imh0dHBzOlwvXC9zZWJhc3RpZW5wYXJtZW50ZWxvdC5jb21cL3dwLWNvbnRlbnRcL3VwbG9hZHNcLzIwMjVcLzAzXC9MZS1HcmFuZC1KYXJkaW4tSWxlLWRlLUxlcmlucy1DYW5uZXMtU2ViYXN0aWVuLVBhcm1lbnRlbG90LTU5LmF2aWYiLCJzbGlkZXNob3ciOiJhbGwtMmM0MTJmNiJ9\" data-lbwps-width=\"2048\" data-lbwps-height=\"1152\" data-lbwps-srcsmall=\"https:\/\/sebastienparmentelot.com\/wp-content\/uploads\/2025\/03\/Le-Grand-Jardin-Ile-de-Lerins-Cannes-Sebastien-Parmentelot-59-18x10.avif\">\n\t\t\t\t\t<div class=\"e-gallery-image elementor-gallery-item__image\" data-thumbnail=\"https:\/\/sebastienparmentelot.com\/wp-content\/uploads\/2025\/03\/Le-Grand-Jardin-Ile-de-Lerins-Cannes-Sebastien-Parmentelot-59.avif\" data-width=\"2048\" data-height=\"1152\" alt=\"\" ><\/div>\n\t\t\t\t\t\t\t\t\t\t\t<div class=\"elementor-gallery-item__overlay\"><\/div>\n\t\t\t\t\t\t\t\t\t\t\t\t\t\t<\/a>\n\t\t\t\t\t\t\t<a class=\"e-gallery-item elementor-gallery-item elementor-animated-content\" href=\"https:\/\/sebastienparmentelot.com\/wp-content\/uploads\/2025\/03\/Le-Grand-Jardin-Ile-de-Lerins-Cannes-Sebastien-Parmentelot-60.avif\" data-elementor-open-lightbox=\"yes\" data-elementor-lightbox-slideshow=\"all-2c412f6\" data-elementor-lightbox-title=\"Le Grand Jardin Ile de Lerins Cannes S\u00e9bastien Parmentelot-60\" data-e-action-hash=\"#elementor-action%3Aaction%3Dlightbox%26settings%3DeyJpZCI6MTE3MjcsInVybCI6Imh0dHBzOlwvXC9zZWJhc3RpZW5wYXJtZW50ZWxvdC5jb21cL3dwLWNvbnRlbnRcL3VwbG9hZHNcLzIwMjVcLzAzXC9MZS1HcmFuZC1KYXJkaW4tSWxlLWRlLUxlcmlucy1DYW5uZXMtU2ViYXN0aWVuLVBhcm1lbnRlbG90LTYwLmF2aWYiLCJzbGlkZXNob3ciOiJhbGwtMmM0MTJmNiJ9\" data-lbwps-width=\"1365\" data-lbwps-height=\"2048\" data-lbwps-srcsmall=\"https:\/\/sebastienparmentelot.com\/wp-content\/uploads\/2025\/03\/Le-Grand-Jardin-Ile-de-Lerins-Cannes-Sebastien-Parmentelot-60-8x12.avif\">\n\t\t\t\t\t<div class=\"e-gallery-image elementor-gallery-item__image\" data-thumbnail=\"https:\/\/sebastienparmentelot.com\/wp-content\/uploads\/2025\/03\/Le-Grand-Jardin-Ile-de-Lerins-Cannes-Sebastien-Parmentelot-60.avif\" data-width=\"1365\" data-height=\"2048\" alt=\"\" ><\/div>\n\t\t\t\t\t\t\t\t\t\t\t<div class=\"elementor-gallery-item__overlay\"><\/div>\n\t\t\t\t\t\t\t\t\t\t\t\t\t\t<\/a>\n\t\t\t\t\t\t\t<a class=\"e-gallery-item elementor-gallery-item elementor-animated-content\" href=\"https:\/\/sebastienparmentelot.com\/wp-content\/uploads\/2025\/03\/Le-Grand-Jardin-Ile-de-Lerins-Cannes-Sebastien-Parmentelot-61.avif\" data-elementor-open-lightbox=\"yes\" data-elementor-lightbox-slideshow=\"all-2c412f6\" data-elementor-lightbox-title=\"Le Grand Jardin Ile de Lerins Cannes S\u00e9bastien Parmentelot-61\" data-e-action-hash=\"#elementor-action%3Aaction%3Dlightbox%26settings%3DeyJpZCI6MTE3MjgsInVybCI6Imh0dHBzOlwvXC9zZWJhc3RpZW5wYXJtZW50ZWxvdC5jb21cL3dwLWNvbnRlbnRcL3VwbG9hZHNcLzIwMjVcLzAzXC9MZS1HcmFuZC1KYXJkaW4tSWxlLWRlLUxlcmlucy1DYW5uZXMtU2ViYXN0aWVuLVBhcm1lbnRlbG90LTYxLmF2aWYiLCJzbGlkZXNob3ciOiJhbGwtMmM0MTJmNiJ9\" data-lbwps-width=\"2048\" data-lbwps-height=\"1365\" data-lbwps-srcsmall=\"https:\/\/sebastienparmentelot.com\/wp-content\/uploads\/2025\/03\/Le-Grand-Jardin-Ile-de-Lerins-Cannes-Sebastien-Parmentelot-61-18x12.avif\">\n\t\t\t\t\t<div class=\"e-gallery-image elementor-gallery-item__image\" data-thumbnail=\"https:\/\/sebastienparmentelot.com\/wp-content\/uploads\/2025\/03\/Le-Grand-Jardin-Ile-de-Lerins-Cannes-Sebastien-Parmentelot-61.avif\" data-width=\"2048\" data-height=\"1365\" alt=\"\" ><\/div>\n\t\t\t\t\t\t\t\t\t\t\t<div class=\"elementor-gallery-item__overlay\"><\/div>\n\t\t\t\t\t\t\t\t\t\t\t\t\t\t<\/a>\n\t\t\t\t\t\t\t<a class=\"e-gallery-item elementor-gallery-item elementor-animated-content\" href=\"https:\/\/sebastienparmentelot.com\/wp-content\/uploads\/2025\/03\/Le-Grand-Jardin-Ile-de-Lerins-Cannes-Sebastien-Parmentelot-62.avif\" data-elementor-open-lightbox=\"yes\" data-elementor-lightbox-slideshow=\"all-2c412f6\" data-elementor-lightbox-title=\"Le Grand Jardin Ile de Lerins Cannes S\u00e9bastien Parmentelot-62\" data-e-action-hash=\"#elementor-action%3Aaction%3Dlightbox%26settings%3DeyJpZCI6MTE3MjksInVybCI6Imh0dHBzOlwvXC9zZWJhc3RpZW5wYXJtZW50ZWxvdC5jb21cL3dwLWNvbnRlbnRcL3VwbG9hZHNcLzIwMjVcLzAzXC9MZS1HcmFuZC1KYXJkaW4tSWxlLWRlLUxlcmlucy1DYW5uZXMtU2ViYXN0aWVuLVBhcm1lbnRlbG90LTYyLmF2aWYiLCJzbGlkZXNob3ciOiJhbGwtMmM0MTJmNiJ9\" data-lbwps-width=\"2048\" data-lbwps-height=\"1365\" data-lbwps-srcsmall=\"https:\/\/sebastienparmentelot.com\/wp-content\/uploads\/2025\/03\/Le-Grand-Jardin-Ile-de-Lerins-Cannes-Sebastien-Parmentelot-62-18x12.avif\">\n\t\t\t\t\t<div class=\"e-gallery-image elementor-gallery-item__image\" data-thumbnail=\"https:\/\/sebastienparmentelot.com\/wp-content\/uploads\/2025\/03\/Le-Grand-Jardin-Ile-de-Lerins-Cannes-Sebastien-Parmentelot-62.avif\" data-width=\"2048\" data-height=\"1365\" alt=\"\" ><\/div>\n\t\t\t\t\t\t\t\t\t\t\t<div class=\"elementor-gallery-item__overlay\"><\/div>\n\t\t\t\t\t\t\t\t\t\t\t\t\t\t<\/a>\n\t\t\t\t\t\t\t<a class=\"e-gallery-item elementor-gallery-item elementor-animated-content\" href=\"https:\/\/sebastienparmentelot.com\/wp-content\/uploads\/2025\/03\/Le-Grand-Jardin-Ile-de-Lerins-Cannes-Sebastien-Parmentelot-63.avif\" data-elementor-open-lightbox=\"yes\" data-elementor-lightbox-slideshow=\"all-2c412f6\" data-elementor-lightbox-title=\"Le Grand Jardin Ile de Lerins Cannes S\u00e9bastien Parmentelot-63\" data-e-action-hash=\"#elementor-action%3Aaction%3Dlightbox%26settings%3DeyJpZCI6MTE3MzAsInVybCI6Imh0dHBzOlwvXC9zZWJhc3RpZW5wYXJtZW50ZWxvdC5jb21cL3dwLWNvbnRlbnRcL3VwbG9hZHNcLzIwMjVcLzAzXC9MZS1HcmFuZC1KYXJkaW4tSWxlLWRlLUxlcmlucy1DYW5uZXMtU2ViYXN0aWVuLVBhcm1lbnRlbG90LTYzLmF2aWYiLCJzbGlkZXNob3ciOiJhbGwtMmM0MTJmNiJ9\" data-lbwps-width=\"1365\" data-lbwps-height=\"2048\" data-lbwps-srcsmall=\"https:\/\/sebastienparmentelot.com\/wp-content\/uploads\/2025\/03\/Le-Grand-Jardin-Ile-de-Lerins-Cannes-Sebastien-Parmentelot-63-8x12.avif\">\n\t\t\t\t\t<div class=\"e-gallery-image elementor-gallery-item__image\" data-thumbnail=\"https:\/\/sebastienparmentelot.com\/wp-content\/uploads\/2025\/03\/Le-Grand-Jardin-Ile-de-Lerins-Cannes-Sebastien-Parmentelot-63.avif\" data-width=\"1365\" data-height=\"2048\" alt=\"\" ><\/div>\n\t\t\t\t\t\t\t\t\t\t\t<div class=\"elementor-gallery-item__overlay\"><\/div>\n\t\t\t\t\t\t\t\t\t\t\t\t\t\t<\/a>\n\t\t\t\t\t\t\t<a class=\"e-gallery-item elementor-gallery-item elementor-animated-content\" href=\"https:\/\/sebastienparmentelot.com\/wp-content\/uploads\/2025\/03\/Le-Grand-Jardin-Ile-de-Lerins-Cannes-Sebastien-Parmentelot-64.avif\" data-elementor-open-lightbox=\"yes\" data-elementor-lightbox-slideshow=\"all-2c412f6\" data-elementor-lightbox-title=\"Le Grand Jardin Ile de Lerins Cannes S\u00e9bastien Parmentelot-64\" data-e-action-hash=\"#elementor-action%3Aaction%3Dlightbox%26settings%3DeyJpZCI6MTE3MzEsInVybCI6Imh0dHBzOlwvXC9zZWJhc3RpZW5wYXJtZW50ZWxvdC5jb21cL3dwLWNvbnRlbnRcL3VwbG9hZHNcLzIwMjVcLzAzXC9MZS1HcmFuZC1KYXJkaW4tSWxlLWRlLUxlcmlucy1DYW5uZXMtU2ViYXN0aWVuLVBhcm1lbnRlbG90LTY0LmF2aWYiLCJzbGlkZXNob3ciOiJhbGwtMmM0MTJmNiJ9\" data-lbwps-width=\"2048\" data-lbwps-height=\"1364\" data-lbwps-srcsmall=\"https:\/\/sebastienparmentelot.com\/wp-content\/uploads\/2025\/03\/Le-Grand-Jardin-Ile-de-Lerins-Cannes-Sebastien-Parmentelot-64-18x12.avif\">\n\t\t\t\t\t<div class=\"e-gallery-image elementor-gallery-item__image\" data-thumbnail=\"https:\/\/sebastienparmentelot.com\/wp-content\/uploads\/2025\/03\/Le-Grand-Jardin-Ile-de-Lerins-Cannes-Sebastien-Parmentelot-64.avif\" data-width=\"2048\" data-height=\"1364\" alt=\"\" ><\/div>\n\t\t\t\t\t\t\t\t\t\t\t<div class=\"elementor-gallery-item__overlay\"><\/div>\n\t\t\t\t\t\t\t\t\t\t\t\t\t\t<\/a>\n\t\t\t\t\t\t\t<a class=\"e-gallery-item elementor-gallery-item elementor-animated-content\" href=\"https:\/\/sebastienparmentelot.com\/wp-content\/uploads\/2025\/03\/Le-Grand-Jardin-Ile-de-Lerins-Cannes-Sebastien-Parmentelot-67.avif\" data-elementor-open-lightbox=\"yes\" data-elementor-lightbox-slideshow=\"all-2c412f6\" data-elementor-lightbox-title=\"Le Grand Jardin Ile de Lerins Cannes S\u00e9bastien Parmentelot-67\" data-e-action-hash=\"#elementor-action%3Aaction%3Dlightbox%26settings%3DeyJpZCI6MTE3MzQsInVybCI6Imh0dHBzOlwvXC9zZWJhc3RpZW5wYXJtZW50ZWxvdC5jb21cL3dwLWNvbnRlbnRcL3VwbG9hZHNcLzIwMjVcLzAzXC9MZS1HcmFuZC1KYXJkaW4tSWxlLWRlLUxlcmlucy1DYW5uZXMtU2ViYXN0aWVuLVBhcm1lbnRlbG90LTY3LmF2aWYiLCJzbGlkZXNob3ciOiJhbGwtMmM0MTJmNiJ9\" data-lbwps-width=\"2048\" data-lbwps-height=\"1364\" data-lbwps-srcsmall=\"https:\/\/sebastienparmentelot.com\/wp-content\/uploads\/2025\/03\/Le-Grand-Jardin-Ile-de-Lerins-Cannes-Sebastien-Parmentelot-67-18x12.avif\">\n\t\t\t\t\t<div class=\"e-gallery-image elementor-gallery-item__image\" data-thumbnail=\"https:\/\/sebastienparmentelot.com\/wp-content\/uploads\/2025\/03\/Le-Grand-Jardin-Ile-de-Lerins-Cannes-Sebastien-Parmentelot-67.avif\" data-width=\"2048\" data-height=\"1364\" alt=\"\" ><\/div>\n\t\t\t\t\t\t\t\t\t\t\t<div class=\"elementor-gallery-item__overlay\"><\/div>\n\t\t\t\t\t\t\t\t\t\t\t\t\t\t<\/a>\n\t\t\t\t\t\t\t<a class=\"e-gallery-item elementor-gallery-item elementor-animated-content\" href=\"https:\/\/sebastienparmentelot.com\/wp-content\/uploads\/2025\/03\/Le-Grand-Jardin-Ile-de-Lerins-Cannes-Sebastien-Parmentelot-68.avif\" data-elementor-open-lightbox=\"yes\" data-elementor-lightbox-slideshow=\"all-2c412f6\" data-elementor-lightbox-title=\"Le Grand Jardin Ile de Lerins Cannes S\u00e9bastien Parmentelot-68\" data-e-action-hash=\"#elementor-action%3Aaction%3Dlightbox%26settings%3DeyJpZCI6MTE3MzUsInVybCI6Imh0dHBzOlwvXC9zZWJhc3RpZW5wYXJtZW50ZWxvdC5jb21cL3dwLWNvbnRlbnRcL3VwbG9hZHNcLzIwMjVcLzAzXC9MZS1HcmFuZC1KYXJkaW4tSWxlLWRlLUxlcmlucy1DYW5uZXMtU2ViYXN0aWVuLVBhcm1lbnRlbG90LTY4LmF2aWYiLCJzbGlkZXNob3ciOiJhbGwtMmM0MTJmNiJ9\" data-lbwps-width=\"2048\" data-lbwps-height=\"1364\" data-lbwps-srcsmall=\"https:\/\/sebastienparmentelot.com\/wp-content\/uploads\/2025\/03\/Le-Grand-Jardin-Ile-de-Lerins-Cannes-Sebastien-Parmentelot-68-18x12.avif\">\n\t\t\t\t\t<div class=\"e-gallery-image elementor-gallery-item__image\" data-thumbnail=\"https:\/\/sebastienparmentelot.com\/wp-content\/uploads\/2025\/03\/Le-Grand-Jardin-Ile-de-Lerins-Cannes-Sebastien-Parmentelot-68.avif\" data-width=\"2048\" data-height=\"1364\" alt=\"\" ><\/div>\n\t\t\t\t\t\t\t\t\t\t\t<div class=\"elementor-gallery-item__overlay\"><\/div>\n\t\t\t\t\t\t\t\t\t\t\t\t\t\t<\/a>\n\t\t\t\t\t\t\t<a class=\"e-gallery-item elementor-gallery-item elementor-animated-content\" href=\"https:\/\/sebastienparmentelot.com\/wp-content\/uploads\/2025\/03\/Le-Grand-Jardin-Ile-de-Lerins-Cannes-Sebastien-Parmentelot-69.avif\" data-elementor-open-lightbox=\"yes\" data-elementor-lightbox-slideshow=\"all-2c412f6\" data-elementor-lightbox-title=\"Le Grand Jardin Ile de Lerins Cannes S\u00e9bastien Parmentelot-69\" data-e-action-hash=\"#elementor-action%3Aaction%3Dlightbox%26settings%3DeyJpZCI6MTE3MzYsInVybCI6Imh0dHBzOlwvXC9zZWJhc3RpZW5wYXJtZW50ZWxvdC5jb21cL3dwLWNvbnRlbnRcL3VwbG9hZHNcLzIwMjVcLzAzXC9MZS1HcmFuZC1KYXJkaW4tSWxlLWRlLUxlcmlucy1DYW5uZXMtU2ViYXN0aWVuLVBhcm1lbnRlbG90LTY5LmF2aWYiLCJzbGlkZXNob3ciOiJhbGwtMmM0MTJmNiJ9\" data-lbwps-width=\"2048\" data-lbwps-height=\"1364\" data-lbwps-srcsmall=\"https:\/\/sebastienparmentelot.com\/wp-content\/uploads\/2025\/03\/Le-Grand-Jardin-Ile-de-Lerins-Cannes-Sebastien-Parmentelot-69-18x12.avif\">\n\t\t\t\t\t<div class=\"e-gallery-image elementor-gallery-item__image\" data-thumbnail=\"https:\/\/sebastienparmentelot.com\/wp-content\/uploads\/2025\/03\/Le-Grand-Jardin-Ile-de-Lerins-Cannes-Sebastien-Parmentelot-69.avif\" data-width=\"2048\" data-height=\"1364\" alt=\"\" ><\/div>\n\t\t\t\t\t\t\t\t\t\t\t<div class=\"elementor-gallery-item__overlay\"><\/div>\n\t\t\t\t\t\t\t\t\t\t\t\t\t\t<\/a>\n\t\t\t\t\t\t\t<a class=\"e-gallery-item elementor-gallery-item elementor-animated-content\" href=\"https:\/\/sebastienparmentelot.com\/wp-content\/uploads\/2025\/03\/Le-Grand-Jardin-Ile-de-Lerins-Cannes-Sebastien-Parmentelot-70.avif\" data-elementor-open-lightbox=\"yes\" data-elementor-lightbox-slideshow=\"all-2c412f6\" data-elementor-lightbox-title=\"Le Grand Jardin Ile de Lerins Cannes S\u00e9bastien Parmentelot-70\" data-e-action-hash=\"#elementor-action%3Aaction%3Dlightbox%26settings%3DeyJpZCI6MTE3MzcsInVybCI6Imh0dHBzOlwvXC9zZWJhc3RpZW5wYXJtZW50ZWxvdC5jb21cL3dwLWNvbnRlbnRcL3VwbG9hZHNcLzIwMjVcLzAzXC9MZS1HcmFuZC1KYXJkaW4tSWxlLWRlLUxlcmlucy1DYW5uZXMtU2ViYXN0aWVuLVBhcm1lbnRlbG90LTcwLmF2aWYiLCJzbGlkZXNob3ciOiJhbGwtMmM0MTJmNiJ9\" data-lbwps-width=\"1364\" data-lbwps-height=\"2048\" data-lbwps-srcsmall=\"https:\/\/sebastienparmentelot.com\/wp-content\/uploads\/2025\/03\/Le-Grand-Jardin-Ile-de-Lerins-Cannes-Sebastien-Parmentelot-70-8x12.avif\">\n\t\t\t\t\t<div class=\"e-gallery-image elementor-gallery-item__image\" data-thumbnail=\"https:\/\/sebastienparmentelot.com\/wp-content\/uploads\/2025\/03\/Le-Grand-Jardin-Ile-de-Lerins-Cannes-Sebastien-Parmentelot-70.avif\" data-width=\"1364\" data-height=\"2048\" alt=\"\" ><\/div>\n\t\t\t\t\t\t\t\t\t\t\t<div class=\"elementor-gallery-item__overlay\"><\/div>\n\t\t\t\t\t\t\t\t\t\t\t\t\t\t<\/a>\n\t\t\t\t\t\t\t<a class=\"e-gallery-item elementor-gallery-item elementor-animated-content\" href=\"https:\/\/sebastienparmentelot.com\/wp-content\/uploads\/2025\/03\/Le-Grand-Jardin-Ile-de-Lerins-Cannes-Sebastien-Parmentelot-71.avif\" data-elementor-open-lightbox=\"yes\" data-elementor-lightbox-slideshow=\"all-2c412f6\" data-elementor-lightbox-title=\"Le Grand Jardin Ile de Lerins Cannes S\u00e9bastien Parmentelot-71\" data-e-action-hash=\"#elementor-action%3Aaction%3Dlightbox%26settings%3DeyJpZCI6MTE3MzgsInVybCI6Imh0dHBzOlwvXC9zZWJhc3RpZW5wYXJtZW50ZWxvdC5jb21cL3dwLWNvbnRlbnRcL3VwbG9hZHNcLzIwMjVcLzAzXC9MZS1HcmFuZC1KYXJkaW4tSWxlLWRlLUxlcmlucy1DYW5uZXMtU2ViYXN0aWVuLVBhcm1lbnRlbG90LTcxLmF2aWYiLCJzbGlkZXNob3ciOiJhbGwtMmM0MTJmNiJ9\" data-lbwps-width=\"2048\" data-lbwps-height=\"1364\" data-lbwps-srcsmall=\"https:\/\/sebastienparmentelot.com\/wp-content\/uploads\/2025\/03\/Le-Grand-Jardin-Ile-de-Lerins-Cannes-Sebastien-Parmentelot-71-18x12.avif\">\n\t\t\t\t\t<div class=\"e-gallery-image elementor-gallery-item__image\" data-thumbnail=\"https:\/\/sebastienparmentelot.com\/wp-content\/uploads\/2025\/03\/Le-Grand-Jardin-Ile-de-Lerins-Cannes-Sebastien-Parmentelot-71.avif\" data-width=\"2048\" data-height=\"1364\" alt=\"\" ><\/div>\n\t\t\t\t\t\t\t\t\t\t\t<div class=\"elementor-gallery-item__overlay\"><\/div>\n\t\t\t\t\t\t\t\t\t\t\t\t\t\t<\/a>\n\t\t\t\t\t\t\t<a class=\"e-gallery-item elementor-gallery-item elementor-animated-content\" href=\"https:\/\/sebastienparmentelot.com\/wp-content\/uploads\/2025\/03\/Le-Grand-Jardin-Ile-de-Lerins-Cannes-Sebastien-Parmentelot-72.avif\" data-elementor-open-lightbox=\"yes\" data-elementor-lightbox-slideshow=\"all-2c412f6\" data-elementor-lightbox-title=\"Le Grand Jardin Ile de Lerins Cannes S\u00e9bastien Parmentelot-72\" data-e-action-hash=\"#elementor-action%3Aaction%3Dlightbox%26settings%3DeyJpZCI6MTE3MzksInVybCI6Imh0dHBzOlwvXC9zZWJhc3RpZW5wYXJtZW50ZWxvdC5jb21cL3dwLWNvbnRlbnRcL3VwbG9hZHNcLzIwMjVcLzAzXC9MZS1HcmFuZC1KYXJkaW4tSWxlLWRlLUxlcmlucy1DYW5uZXMtU2ViYXN0aWVuLVBhcm1lbnRlbG90LTcyLmF2aWYiLCJzbGlkZXNob3ciOiJhbGwtMmM0MTJmNiJ9\" data-lbwps-width=\"2048\" data-lbwps-height=\"1364\" data-lbwps-srcsmall=\"https:\/\/sebastienparmentelot.com\/wp-content\/uploads\/2025\/03\/Le-Grand-Jardin-Ile-de-Lerins-Cannes-Sebastien-Parmentelot-72-18x12.avif\">\n\t\t\t\t\t<div class=\"e-gallery-image elementor-gallery-item__image\" data-thumbnail=\"https:\/\/sebastienparmentelot.com\/wp-content\/uploads\/2025\/03\/Le-Grand-Jardin-Ile-de-Lerins-Cannes-Sebastien-Parmentelot-72.avif\" data-width=\"2048\" data-height=\"1364\" alt=\"\" ><\/div>\n\t\t\t\t\t\t\t\t\t\t\t<div class=\"elementor-gallery-item__overlay\"><\/div>\n\t\t\t\t\t\t\t\t\t\t\t\t\t\t<\/a>\n\t\t\t\t\t\t\t<a class=\"e-gallery-item elementor-gallery-item elementor-animated-content\" href=\"https:\/\/sebastienparmentelot.com\/wp-content\/uploads\/2025\/03\/Le-Grand-Jardin-Ile-de-Lerins-Cannes-Sebastien-Parmentelot-73.avif\" data-elementor-open-lightbox=\"yes\" data-elementor-lightbox-slideshow=\"all-2c412f6\" data-elementor-lightbox-title=\"Le Grand Jardin Ile de Lerins Cannes S\u00e9bastien Parmentelot-73\" data-e-action-hash=\"#elementor-action%3Aaction%3Dlightbox%26settings%3DeyJpZCI6MTE3NDAsInVybCI6Imh0dHBzOlwvXC9zZWJhc3RpZW5wYXJtZW50ZWxvdC5jb21cL3dwLWNvbnRlbnRcL3VwbG9hZHNcLzIwMjVcLzAzXC9MZS1HcmFuZC1KYXJkaW4tSWxlLWRlLUxlcmlucy1DYW5uZXMtU2ViYXN0aWVuLVBhcm1lbnRlbG90LTczLmF2aWYiLCJzbGlkZXNob3ciOiJhbGwtMmM0MTJmNiJ9\" data-lbwps-width=\"1364\" data-lbwps-height=\"2048\" data-lbwps-srcsmall=\"https:\/\/sebastienparmentelot.com\/wp-content\/uploads\/2025\/03\/Le-Grand-Jardin-Ile-de-Lerins-Cannes-Sebastien-Parmentelot-73-8x12.avif\">\n\t\t\t\t\t<div class=\"e-gallery-image elementor-gallery-item__image\" data-thumbnail=\"https:\/\/sebastienparmentelot.com\/wp-content\/uploads\/2025\/03\/Le-Grand-Jardin-Ile-de-Lerins-Cannes-Sebastien-Parmentelot-73.avif\" data-width=\"1364\" data-height=\"2048\" alt=\"\" ><\/div>\n\t\t\t\t\t\t\t\t\t\t\t<div class=\"elementor-gallery-item__overlay\"><\/div>\n\t\t\t\t\t\t\t\t\t\t\t\t\t\t<\/a>\n\t\t\t\t\t\t\t<a class=\"e-gallery-item elementor-gallery-item elementor-animated-content\" href=\"https:\/\/sebastienparmentelot.com\/wp-content\/uploads\/2025\/03\/Le-Grand-Jardin-Ile-de-Lerins-Cannes-Sebastien-Parmentelot-81.avif\" data-elementor-open-lightbox=\"yes\" data-elementor-lightbox-slideshow=\"all-2c412f6\" data-elementor-lightbox-title=\"Le Grand Jardin Ile de Lerins Cannes S\u00e9bastien Parmentelot-81\" data-e-action-hash=\"#elementor-action%3Aaction%3Dlightbox%26settings%3DeyJpZCI6MTE3NDgsInVybCI6Imh0dHBzOlwvXC9zZWJhc3RpZW5wYXJtZW50ZWxvdC5jb21cL3dwLWNvbnRlbnRcL3VwbG9hZHNcLzIwMjVcLzAzXC9MZS1HcmFuZC1KYXJkaW4tSWxlLWRlLUxlcmlucy1DYW5uZXMtU2ViYXN0aWVuLVBhcm1lbnRlbG90LTgxLmF2aWYiLCJzbGlkZXNob3ciOiJhbGwtMmM0MTJmNiJ9\" data-lbwps-width=\"2048\" data-lbwps-height=\"1365\" data-lbwps-srcsmall=\"https:\/\/sebastienparmentelot.com\/wp-content\/uploads\/2025\/03\/Le-Grand-Jardin-Ile-de-Lerins-Cannes-Sebastien-Parmentelot-81-18x12.avif\">\n\t\t\t\t\t<div class=\"e-gallery-image elementor-gallery-item__image\" data-thumbnail=\"https:\/\/sebastienparmentelot.com\/wp-content\/uploads\/2025\/03\/Le-Grand-Jardin-Ile-de-Lerins-Cannes-Sebastien-Parmentelot-81.avif\" data-width=\"2048\" data-height=\"1365\" alt=\"\" ><\/div>\n\t\t\t\t\t\t\t\t\t\t\t<div class=\"elementor-gallery-item__overlay\"><\/div>\n\t\t\t\t\t\t\t\t\t\t\t\t\t\t<\/a>\n\t\t\t\t\t\t\t<a class=\"e-gallery-item elementor-gallery-item elementor-animated-content\" href=\"https:\/\/sebastienparmentelot.com\/wp-content\/uploads\/2025\/03\/Le-Grand-Jardin-Ile-de-Lerins-Cannes-Sebastien-Parmentelot-82.avif\" data-elementor-open-lightbox=\"yes\" data-elementor-lightbox-slideshow=\"all-2c412f6\" data-elementor-lightbox-title=\"Le Grand Jardin Ile de Lerins Cannes S\u00e9bastien Parmentelot-82\" data-e-action-hash=\"#elementor-action%3Aaction%3Dlightbox%26settings%3DeyJpZCI6MTE3NDksInVybCI6Imh0dHBzOlwvXC9zZWJhc3RpZW5wYXJtZW50ZWxvdC5jb21cL3dwLWNvbnRlbnRcL3VwbG9hZHNcLzIwMjVcLzAzXC9MZS1HcmFuZC1KYXJkaW4tSWxlLWRlLUxlcmlucy1DYW5uZXMtU2ViYXN0aWVuLVBhcm1lbnRlbG90LTgyLmF2aWYiLCJzbGlkZXNob3ciOiJhbGwtMmM0MTJmNiJ9\" data-lbwps-width=\"2048\" data-lbwps-height=\"1365\" data-lbwps-srcsmall=\"https:\/\/sebastienparmentelot.com\/wp-content\/uploads\/2025\/03\/Le-Grand-Jardin-Ile-de-Lerins-Cannes-Sebastien-Parmentelot-82-18x12.avif\">\n\t\t\t\t\t<div class=\"e-gallery-image elementor-gallery-item__image\" data-thumbnail=\"https:\/\/sebastienparmentelot.com\/wp-content\/uploads\/2025\/03\/Le-Grand-Jardin-Ile-de-Lerins-Cannes-Sebastien-Parmentelot-82.avif\" data-width=\"2048\" data-height=\"1365\" alt=\"\" ><\/div>\n\t\t\t\t\t\t\t\t\t\t\t<div class=\"elementor-gallery-item__overlay\"><\/div>\n\t\t\t\t\t\t\t\t\t\t\t\t\t\t<\/a>\n\t\t\t\t\t\t\t<a class=\"e-gallery-item elementor-gallery-item elementor-animated-content\" href=\"https:\/\/sebastienparmentelot.com\/wp-content\/uploads\/2025\/03\/Le-Grand-Jardin-Ile-de-Lerins-Cannes-Sebastien-Parmentelot-83.avif\" data-elementor-open-lightbox=\"yes\" data-elementor-lightbox-slideshow=\"all-2c412f6\" data-elementor-lightbox-title=\"Le Grand Jardin Ile de Lerins Cannes S\u00e9bastien Parmentelot-83\" data-e-action-hash=\"#elementor-action%3Aaction%3Dlightbox%26settings%3DeyJpZCI6MTE3NTAsInVybCI6Imh0dHBzOlwvXC9zZWJhc3RpZW5wYXJtZW50ZWxvdC5jb21cL3dwLWNvbnRlbnRcL3VwbG9hZHNcLzIwMjVcLzAzXC9MZS1HcmFuZC1KYXJkaW4tSWxlLWRlLUxlcmlucy1DYW5uZXMtU2ViYXN0aWVuLVBhcm1lbnRlbG90LTgzLmF2aWYiLCJzbGlkZXNob3ciOiJhbGwtMmM0MTJmNiJ9\" data-lbwps-width=\"2048\" data-lbwps-height=\"1365\" data-lbwps-srcsmall=\"https:\/\/sebastienparmentelot.com\/wp-content\/uploads\/2025\/03\/Le-Grand-Jardin-Ile-de-Lerins-Cannes-Sebastien-Parmentelot-83-18x12.avif\">\n\t\t\t\t\t<div class=\"e-gallery-image elementor-gallery-item__image\" data-thumbnail=\"https:\/\/sebastienparmentelot.com\/wp-content\/uploads\/2025\/03\/Le-Grand-Jardin-Ile-de-Lerins-Cannes-Sebastien-Parmentelot-83.avif\" data-width=\"2048\" data-height=\"1365\" alt=\"\" ><\/div>\n\t\t\t\t\t\t\t\t\t\t\t<div class=\"elementor-gallery-item__overlay\"><\/div>\n\t\t\t\t\t\t\t\t\t\t\t\t\t\t<\/a>\n\t\t\t\t\t\t\t<a class=\"e-gallery-item elementor-gallery-item elementor-animated-content\" href=\"https:\/\/sebastienparmentelot.com\/wp-content\/uploads\/2025\/03\/Le-Grand-Jardin-Ile-de-Lerins-Cannes-Sebastien-Parmentelot-84.avif\" data-elementor-open-lightbox=\"yes\" data-elementor-lightbox-slideshow=\"all-2c412f6\" data-elementor-lightbox-title=\"Le Grand Jardin Ile de Lerins Cannes S\u00e9bastien Parmentelot-84\" data-e-action-hash=\"#elementor-action%3Aaction%3Dlightbox%26settings%3DeyJpZCI6MTE3NTEsInVybCI6Imh0dHBzOlwvXC9zZWJhc3RpZW5wYXJtZW50ZWxvdC5jb21cL3dwLWNvbnRlbnRcL3VwbG9hZHNcLzIwMjVcLzAzXC9MZS1HcmFuZC1KYXJkaW4tSWxlLWRlLUxlcmlucy1DYW5uZXMtU2ViYXN0aWVuLVBhcm1lbnRlbG90LTg0LmF2aWYiLCJzbGlkZXNob3ciOiJhbGwtMmM0MTJmNiJ9\" data-lbwps-width=\"2048\" data-lbwps-height=\"1365\" data-lbwps-srcsmall=\"https:\/\/sebastienparmentelot.com\/wp-content\/uploads\/2025\/03\/Le-Grand-Jardin-Ile-de-Lerins-Cannes-Sebastien-Parmentelot-84-18x12.avif\">\n\t\t\t\t\t<div class=\"e-gallery-image elementor-gallery-item__image\" data-thumbnail=\"https:\/\/sebastienparmentelot.com\/wp-content\/uploads\/2025\/03\/Le-Grand-Jardin-Ile-de-Lerins-Cannes-Sebastien-Parmentelot-84.avif\" data-width=\"2048\" data-height=\"1365\" alt=\"\" ><\/div>\n\t\t\t\t\t\t\t\t\t\t\t<div class=\"elementor-gallery-item__overlay\"><\/div>\n\t\t\t\t\t\t\t\t\t\t\t\t\t\t<\/a>\n\t\t\t\t\t\t\t<a class=\"e-gallery-item elementor-gallery-item elementor-animated-content\" href=\"https:\/\/sebastienparmentelot.com\/wp-content\/uploads\/2025\/03\/Le-Grand-Jardin-Ile-de-Lerins-Cannes-Sebastien-Parmentelot-87.avif\" data-elementor-open-lightbox=\"yes\" data-elementor-lightbox-slideshow=\"all-2c412f6\" data-elementor-lightbox-title=\"Le Grand Jardin Ile de Lerins Cannes S\u00e9bastien Parmentelot-87\" data-e-action-hash=\"#elementor-action%3Aaction%3Dlightbox%26settings%3DeyJpZCI6MTE3NTQsInVybCI6Imh0dHBzOlwvXC9zZWJhc3RpZW5wYXJtZW50ZWxvdC5jb21cL3dwLWNvbnRlbnRcL3VwbG9hZHNcLzIwMjVcLzAzXC9MZS1HcmFuZC1KYXJkaW4tSWxlLWRlLUxlcmlucy1DYW5uZXMtU2ViYXN0aWVuLVBhcm1lbnRlbG90LTg3LmF2aWYiLCJzbGlkZXNob3ciOiJhbGwtMmM0MTJmNiJ9\" data-lbwps-width=\"2048\" data-lbwps-height=\"1365\" data-lbwps-srcsmall=\"https:\/\/sebastienparmentelot.com\/wp-content\/uploads\/2025\/03\/Le-Grand-Jardin-Ile-de-Lerins-Cannes-Sebastien-Parmentelot-87-18x12.avif\">\n\t\t\t\t\t<div class=\"e-gallery-image elementor-gallery-item__image\" data-thumbnail=\"https:\/\/sebastienparmentelot.com\/wp-content\/uploads\/2025\/03\/Le-Grand-Jardin-Ile-de-Lerins-Cannes-Sebastien-Parmentelot-87.avif\" data-width=\"2048\" data-height=\"1365\" alt=\"\" ><\/div>\n\t\t\t\t\t\t\t\t\t\t\t<div class=\"elementor-gallery-item__overlay\"><\/div>\n\t\t\t\t\t\t\t\t\t\t\t\t\t\t<\/a>\n\t\t\t\t\t\t\t<a class=\"e-gallery-item elementor-gallery-item elementor-animated-content\" href=\"https:\/\/sebastienparmentelot.com\/wp-content\/uploads\/2025\/03\/Le-Grand-Jardin-Ile-de-Lerins-Cannes-Sebastien-Parmentelot-88.avif\" data-elementor-open-lightbox=\"yes\" data-elementor-lightbox-slideshow=\"all-2c412f6\" data-elementor-lightbox-title=\"Le Grand Jardin Ile de Lerins Cannes S\u00e9bastien Parmentelot-88\" data-e-action-hash=\"#elementor-action%3Aaction%3Dlightbox%26settings%3DeyJpZCI6MTE3NTUsInVybCI6Imh0dHBzOlwvXC9zZWJhc3RpZW5wYXJtZW50ZWxvdC5jb21cL3dwLWNvbnRlbnRcL3VwbG9hZHNcLzIwMjVcLzAzXC9MZS1HcmFuZC1KYXJkaW4tSWxlLWRlLUxlcmlucy1DYW5uZXMtU2ViYXN0aWVuLVBhcm1lbnRlbG90LTg4LmF2aWYiLCJzbGlkZXNob3ciOiJhbGwtMmM0MTJmNiJ9\" data-lbwps-width=\"2048\" data-lbwps-height=\"1365\" data-lbwps-srcsmall=\"https:\/\/sebastienparmentelot.com\/wp-content\/uploads\/2025\/03\/Le-Grand-Jardin-Ile-de-Lerins-Cannes-Sebastien-Parmentelot-88-18x12.avif\">\n\t\t\t\t\t<div class=\"e-gallery-image elementor-gallery-item__image\" data-thumbnail=\"https:\/\/sebastienparmentelot.com\/wp-content\/uploads\/2025\/03\/Le-Grand-Jardin-Ile-de-Lerins-Cannes-Sebastien-Parmentelot-88.avif\" data-width=\"2048\" data-height=\"1365\" alt=\"\" ><\/div>\n\t\t\t\t\t\t\t\t\t\t\t<div class=\"elementor-gallery-item__overlay\"><\/div>\n\t\t\t\t\t\t\t\t\t\t\t\t\t\t<\/a>\n\t\t\t\t\t\t\t<a class=\"e-gallery-item elementor-gallery-item elementor-animated-content\" href=\"https:\/\/sebastienparmentelot.com\/wp-content\/uploads\/2025\/03\/Le-Grand-Jardin-Ile-de-Lerins-Cannes-Sebastien-Parmentelot-89.avif\" data-elementor-open-lightbox=\"yes\" data-elementor-lightbox-slideshow=\"all-2c412f6\" data-elementor-lightbox-title=\"Le Grand Jardin Ile de Lerins Cannes S\u00e9bastien Parmentelot-89\" data-e-action-hash=\"#elementor-action%3Aaction%3Dlightbox%26settings%3DeyJpZCI6MTE3NTYsInVybCI6Imh0dHBzOlwvXC9zZWJhc3RpZW5wYXJtZW50ZWxvdC5jb21cL3dwLWNvbnRlbnRcL3VwbG9hZHNcLzIwMjVcLzAzXC9MZS1HcmFuZC1KYXJkaW4tSWxlLWRlLUxlcmlucy1DYW5uZXMtU2ViYXN0aWVuLVBhcm1lbnRlbG90LTg5LmF2aWYiLCJzbGlkZXNob3ciOiJhbGwtMmM0MTJmNiJ9\" data-lbwps-width=\"2048\" data-lbwps-height=\"1365\" data-lbwps-srcsmall=\"https:\/\/sebastienparmentelot.com\/wp-content\/uploads\/2025\/03\/Le-Grand-Jardin-Ile-de-Lerins-Cannes-Sebastien-Parmentelot-89-18x12.avif\">\n\t\t\t\t\t<div class=\"e-gallery-image elementor-gallery-item__image\" data-thumbnail=\"https:\/\/sebastienparmentelot.com\/wp-content\/uploads\/2025\/03\/Le-Grand-Jardin-Ile-de-Lerins-Cannes-Sebastien-Parmentelot-89.avif\" data-width=\"2048\" data-height=\"1365\" alt=\"\" ><\/div>\n\t\t\t\t\t\t\t\t\t\t\t<div class=\"elementor-gallery-item__overlay\"><\/div>\n\t\t\t\t\t\t\t\t\t\t\t\t\t\t<\/a>\n\t\t\t\t\t\t\t<a class=\"e-gallery-item elementor-gallery-item elementor-animated-content\" href=\"https:\/\/sebastienparmentelot.com\/wp-content\/uploads\/2025\/03\/Le-Grand-Jardin-Ile-de-Lerins-Cannes-Sebastien-Parmentelot-90.avif\" data-elementor-open-lightbox=\"yes\" data-elementor-lightbox-slideshow=\"all-2c412f6\" data-elementor-lightbox-title=\"Le Grand Jardin Ile de Lerins Cannes S\u00e9bastien Parmentelot-90\" data-e-action-hash=\"#elementor-action%3Aaction%3Dlightbox%26settings%3DeyJpZCI6MTE3NTcsInVybCI6Imh0dHBzOlwvXC9zZWJhc3RpZW5wYXJtZW50ZWxvdC5jb21cL3dwLWNvbnRlbnRcL3VwbG9hZHNcLzIwMjVcLzAzXC9MZS1HcmFuZC1KYXJkaW4tSWxlLWRlLUxlcmlucy1DYW5uZXMtU2ViYXN0aWVuLVBhcm1lbnRlbG90LTkwLmF2aWYiLCJzbGlkZXNob3ciOiJhbGwtMmM0MTJmNiJ9\" data-lbwps-width=\"2048\" data-lbwps-height=\"1365\" data-lbwps-srcsmall=\"https:\/\/sebastienparmentelot.com\/wp-content\/uploads\/2025\/03\/Le-Grand-Jardin-Ile-de-Lerins-Cannes-Sebastien-Parmentelot-90-18x12.avif\">\n\t\t\t\t\t<div class=\"e-gallery-image elementor-gallery-item__image\" data-thumbnail=\"https:\/\/sebastienparmentelot.com\/wp-content\/uploads\/2025\/03\/Le-Grand-Jardin-Ile-de-Lerins-Cannes-Sebastien-Parmentelot-90.avif\" data-width=\"2048\" data-height=\"1365\" alt=\"\" ><\/div>\n\t\t\t\t\t\t\t\t\t\t\t<div class=\"elementor-gallery-item__overlay\"><\/div>\n\t\t\t\t\t\t\t\t\t\t\t\t\t\t<\/a>\n\t\t\t\t\t\t\t<a class=\"e-gallery-item elementor-gallery-item elementor-animated-content\" href=\"https:\/\/sebastienparmentelot.com\/wp-content\/uploads\/2025\/03\/Le-Grand-Jardin-Ile-de-Lerins-Cannes-Sebastien-Parmentelot-91.avif\" data-elementor-open-lightbox=\"yes\" data-elementor-lightbox-slideshow=\"all-2c412f6\" data-elementor-lightbox-title=\"Le Grand Jardin Ile de Lerins Cannes S\u00e9bastien Parmentelot-91\" data-e-action-hash=\"#elementor-action%3Aaction%3Dlightbox%26settings%3DeyJpZCI6MTE3NTgsInVybCI6Imh0dHBzOlwvXC9zZWJhc3RpZW5wYXJtZW50ZWxvdC5jb21cL3dwLWNvbnRlbnRcL3VwbG9hZHNcLzIwMjVcLzAzXC9MZS1HcmFuZC1KYXJkaW4tSWxlLWRlLUxlcmlucy1DYW5uZXMtU2ViYXN0aWVuLVBhcm1lbnRlbG90LTkxLmF2aWYiLCJzbGlkZXNob3ciOiJhbGwtMmM0MTJmNiJ9\" data-lbwps-width=\"2048\" data-lbwps-height=\"1365\" data-lbwps-srcsmall=\"https:\/\/sebastienparmentelot.com\/wp-content\/uploads\/2025\/03\/Le-Grand-Jardin-Ile-de-Lerins-Cannes-Sebastien-Parmentelot-91-18x12.avif\">\n\t\t\t\t\t<div class=\"e-gallery-image elementor-gallery-item__image\" data-thumbnail=\"https:\/\/sebastienparmentelot.com\/wp-content\/uploads\/2025\/03\/Le-Grand-Jardin-Ile-de-Lerins-Cannes-Sebastien-Parmentelot-91.avif\" data-width=\"2048\" data-height=\"1365\" alt=\"\" ><\/div>\n\t\t\t\t\t\t\t\t\t\t\t<div class=\"elementor-gallery-item__overlay\"><\/div>\n\t\t\t\t\t\t\t\t\t\t\t\t\t\t<\/a>\n\t\t\t\t\t\t\t<a class=\"e-gallery-item elementor-gallery-item elementor-animated-content\" href=\"https:\/\/sebastienparmentelot.com\/wp-content\/uploads\/2025\/03\/Le-Grand-Jardin-Ile-de-Lerins-Cannes-Sebastien-Parmentelot-92.avif\" data-elementor-open-lightbox=\"yes\" data-elementor-lightbox-slideshow=\"all-2c412f6\" data-elementor-lightbox-title=\"Le Grand Jardin Ile de Lerins Cannes S\u00e9bastien Parmentelot-92\" data-e-action-hash=\"#elementor-action%3Aaction%3Dlightbox%26settings%3DeyJpZCI6MTE3NTksInVybCI6Imh0dHBzOlwvXC9zZWJhc3RpZW5wYXJtZW50ZWxvdC5jb21cL3dwLWNvbnRlbnRcL3VwbG9hZHNcLzIwMjVcLzAzXC9MZS1HcmFuZC1KYXJkaW4tSWxlLWRlLUxlcmlucy1DYW5uZXMtU2ViYXN0aWVuLVBhcm1lbnRlbG90LTkyLmF2aWYiLCJzbGlkZXNob3ciOiJhbGwtMmM0MTJmNiJ9\" data-lbwps-width=\"2048\" data-lbwps-height=\"1365\" data-lbwps-srcsmall=\"https:\/\/sebastienparmentelot.com\/wp-content\/uploads\/2025\/03\/Le-Grand-Jardin-Ile-de-Lerins-Cannes-Sebastien-Parmentelot-92-18x12.avif\">\n\t\t\t\t\t<div class=\"e-gallery-image elementor-gallery-item__image\" data-thumbnail=\"https:\/\/sebastienparmentelot.com\/wp-content\/uploads\/2025\/03\/Le-Grand-Jardin-Ile-de-Lerins-Cannes-Sebastien-Parmentelot-92.avif\" data-width=\"2048\" data-height=\"1365\" alt=\"\" ><\/div>\n\t\t\t\t\t\t\t\t\t\t\t<div class=\"elementor-gallery-item__overlay\"><\/div>\n\t\t\t\t\t\t\t\t\t\t\t\t\t\t<\/a>\n\t\t\t\t\t\t\t<a class=\"e-gallery-item elementor-gallery-item elementor-animated-content\" href=\"https:\/\/sebastienparmentelot.com\/wp-content\/uploads\/2025\/03\/Le-Grand-Jardin-Ile-de-Lerins-Cannes-Sebastien-Parmentelot-93.avif\" data-elementor-open-lightbox=\"yes\" data-elementor-lightbox-slideshow=\"all-2c412f6\" data-elementor-lightbox-title=\"Le Grand Jardin Ile de Lerins Cannes S\u00e9bastien Parmentelot-93\" data-e-action-hash=\"#elementor-action%3Aaction%3Dlightbox%26settings%3DeyJpZCI6MTE3NjAsInVybCI6Imh0dHBzOlwvXC9zZWJhc3RpZW5wYXJtZW50ZWxvdC5jb21cL3dwLWNvbnRlbnRcL3VwbG9hZHNcLzIwMjVcLzAzXC9MZS1HcmFuZC1KYXJkaW4tSWxlLWRlLUxlcmlucy1DYW5uZXMtU2ViYXN0aWVuLVBhcm1lbnRlbG90LTkzLmF2aWYiLCJzbGlkZXNob3ciOiJhbGwtMmM0MTJmNiJ9\" data-lbwps-width=\"1365\" data-lbwps-height=\"2048\" data-lbwps-srcsmall=\"https:\/\/sebastienparmentelot.com\/wp-content\/uploads\/2025\/03\/Le-Grand-Jardin-Ile-de-Lerins-Cannes-Sebastien-Parmentelot-93-8x12.avif\">\n\t\t\t\t\t<div class=\"e-gallery-image elementor-gallery-item__image\" data-thumbnail=\"https:\/\/sebastienparmentelot.com\/wp-content\/uploads\/2025\/03\/Le-Grand-Jardin-Ile-de-Lerins-Cannes-Sebastien-Parmentelot-93.avif\" data-width=\"1365\" data-height=\"2048\" alt=\"\" ><\/div>\n\t\t\t\t\t\t\t\t\t\t\t<div class=\"elementor-gallery-item__overlay\"><\/div>\n\t\t\t\t\t\t\t\t\t\t\t\t\t\t<\/a>\n\t\t\t\t\t\t\t<a class=\"e-gallery-item elementor-gallery-item elementor-animated-content\" href=\"https:\/\/sebastienparmentelot.com\/wp-content\/uploads\/2025\/03\/Le-Grand-Jardin-Ile-de-Lerins-Cannes-Sebastien-Parmentelot-94.avif\" data-elementor-open-lightbox=\"yes\" data-elementor-lightbox-slideshow=\"all-2c412f6\" data-elementor-lightbox-title=\"Le Grand Jardin Ile de Lerins Cannes S\u00e9bastien Parmentelot-94\" data-e-action-hash=\"#elementor-action%3Aaction%3Dlightbox%26settings%3DeyJpZCI6MTE3NjEsInVybCI6Imh0dHBzOlwvXC9zZWJhc3RpZW5wYXJtZW50ZWxvdC5jb21cL3dwLWNvbnRlbnRcL3VwbG9hZHNcLzIwMjVcLzAzXC9MZS1HcmFuZC1KYXJkaW4tSWxlLWRlLUxlcmlucy1DYW5uZXMtU2ViYXN0aWVuLVBhcm1lbnRlbG90LTk0LmF2aWYiLCJzbGlkZXNob3ciOiJhbGwtMmM0MTJmNiJ9\" data-lbwps-width=\"2048\" data-lbwps-height=\"1365\" data-lbwps-srcsmall=\"https:\/\/sebastienparmentelot.com\/wp-content\/uploads\/2025\/03\/Le-Grand-Jardin-Ile-de-Lerins-Cannes-Sebastien-Parmentelot-94-18x12.avif\">\n\t\t\t\t\t<div class=\"e-gallery-image elementor-gallery-item__image\" data-thumbnail=\"https:\/\/sebastienparmentelot.com\/wp-content\/uploads\/2025\/03\/Le-Grand-Jardin-Ile-de-Lerins-Cannes-Sebastien-Parmentelot-94.avif\" data-width=\"2048\" data-height=\"1365\" alt=\"\" ><\/div>\n\t\t\t\t\t\t\t\t\t\t\t<div class=\"elementor-gallery-item__overlay\"><\/div>\n\t\t\t\t\t\t\t\t\t\t\t\t\t\t<\/a>\n\t\t\t\t\t\t\t<a class=\"e-gallery-item elementor-gallery-item elementor-animated-content\" href=\"https:\/\/sebastienparmentelot.com\/wp-content\/uploads\/2025\/03\/Le-Grand-Jardin-Ile-de-Lerins-Cannes-Sebastien-Parmentelot-85.avif\" data-elementor-open-lightbox=\"yes\" data-elementor-lightbox-slideshow=\"all-2c412f6\" data-elementor-lightbox-title=\"Le Grand Jardin Ile de Lerins Cannes S\u00e9bastien Parmentelot-85\" data-e-action-hash=\"#elementor-action%3Aaction%3Dlightbox%26settings%3DeyJpZCI6MTE3NTIsInVybCI6Imh0dHBzOlwvXC9zZWJhc3RpZW5wYXJtZW50ZWxvdC5jb21cL3dwLWNvbnRlbnRcL3VwbG9hZHNcLzIwMjVcLzAzXC9MZS1HcmFuZC1KYXJkaW4tSWxlLWRlLUxlcmlucy1DYW5uZXMtU2ViYXN0aWVuLVBhcm1lbnRlbG90LTg1LmF2aWYiLCJzbGlkZXNob3ciOiJhbGwtMmM0MTJmNiJ9\" data-lbwps-width=\"2048\" data-lbwps-height=\"1365\" data-lbwps-srcsmall=\"https:\/\/sebastienparmentelot.com\/wp-content\/uploads\/2025\/03\/Le-Grand-Jardin-Ile-de-Lerins-Cannes-Sebastien-Parmentelot-85-18x12.avif\">\n\t\t\t\t\t<div class=\"e-gallery-image elementor-gallery-item__image\" data-thumbnail=\"https:\/\/sebastienparmentelot.com\/wp-content\/uploads\/2025\/03\/Le-Grand-Jardin-Ile-de-Lerins-Cannes-Sebastien-Parmentelot-85.avif\" data-width=\"2048\" data-height=\"1365\" alt=\"\" ><\/div>\n\t\t\t\t\t\t\t\t\t\t\t<div class=\"elementor-gallery-item__overlay\"><\/div>\n\t\t\t\t\t\t\t\t\t\t\t\t\t\t<\/a>\n\t\t\t\t\t\t\t<a class=\"e-gallery-item elementor-gallery-item elementor-animated-content\" href=\"https:\/\/sebastienparmentelot.com\/wp-content\/uploads\/2025\/03\/Le-Grand-Jardin-Ile-de-Lerins-Cannes-Sebastien-Parmentelot-86.avif\" data-elementor-open-lightbox=\"yes\" data-elementor-lightbox-slideshow=\"all-2c412f6\" data-elementor-lightbox-title=\"Le Grand Jardin Ile de Lerins Cannes S\u00e9bastien Parmentelot-86\" data-e-action-hash=\"#elementor-action%3Aaction%3Dlightbox%26settings%3DeyJpZCI6MTE3NTMsInVybCI6Imh0dHBzOlwvXC9zZWJhc3RpZW5wYXJtZW50ZWxvdC5jb21cL3dwLWNvbnRlbnRcL3VwbG9hZHNcLzIwMjVcLzAzXC9MZS1HcmFuZC1KYXJkaW4tSWxlLWRlLUxlcmlucy1DYW5uZXMtU2ViYXN0aWVuLVBhcm1lbnRlbG90LTg2LmF2aWYiLCJzbGlkZXNob3ciOiJhbGwtMmM0MTJmNiJ9\" data-lbwps-width=\"2048\" data-lbwps-height=\"1365\" data-lbwps-srcsmall=\"https:\/\/sebastienparmentelot.com\/wp-content\/uploads\/2025\/03\/Le-Grand-Jardin-Ile-de-Lerins-Cannes-Sebastien-Parmentelot-86-18x12.avif\">\n\t\t\t\t\t<div class=\"e-gallery-image elementor-gallery-item__image\" data-thumbnail=\"https:\/\/sebastienparmentelot.com\/wp-content\/uploads\/2025\/03\/Le-Grand-Jardin-Ile-de-Lerins-Cannes-Sebastien-Parmentelot-86.avif\" data-width=\"2048\" data-height=\"1365\" alt=\"\" ><\/div>\n\t\t\t\t\t\t\t\t\t\t\t<div class=\"elementor-gallery-item__overlay\"><\/div>\n\t\t\t\t\t\t\t\t\t\t\t\t\t\t<\/a>\n\t\t\t\t\t\t\t<a class=\"e-gallery-item elementor-gallery-item elementor-animated-content\" href=\"https:\/\/sebastienparmentelot.com\/wp-content\/uploads\/2025\/03\/Le-Grand-Jardin-Ile-de-Lerins-Cannes-Sebastien-Parmentelot-65.avif\" data-elementor-open-lightbox=\"yes\" data-elementor-lightbox-slideshow=\"all-2c412f6\" data-elementor-lightbox-title=\"Le Grand Jardin Ile de Lerins Cannes S\u00e9bastien Parmentelot-65\" data-e-action-hash=\"#elementor-action%3Aaction%3Dlightbox%26settings%3DeyJpZCI6MTE3MzIsInVybCI6Imh0dHBzOlwvXC9zZWJhc3RpZW5wYXJtZW50ZWxvdC5jb21cL3dwLWNvbnRlbnRcL3VwbG9hZHNcLzIwMjVcLzAzXC9MZS1HcmFuZC1KYXJkaW4tSWxlLWRlLUxlcmlucy1DYW5uZXMtU2ViYXN0aWVuLVBhcm1lbnRlbG90LTY1LmF2aWYiLCJzbGlkZXNob3ciOiJhbGwtMmM0MTJmNiJ9\" data-lbwps-width=\"2048\" data-lbwps-height=\"1364\" data-lbwps-srcsmall=\"https:\/\/sebastienparmentelot.com\/wp-content\/uploads\/2025\/03\/Le-Grand-Jardin-Ile-de-Lerins-Cannes-Sebastien-Parmentelot-65-18x12.avif\">\n\t\t\t\t\t<div class=\"e-gallery-image elementor-gallery-item__image\" data-thumbnail=\"https:\/\/sebastienparmentelot.com\/wp-content\/uploads\/2025\/03\/Le-Grand-Jardin-Ile-de-Lerins-Cannes-Sebastien-Parmentelot-65.avif\" data-width=\"2048\" data-height=\"1364\" alt=\"\" ><\/div>\n\t\t\t\t\t\t\t\t\t\t\t<div class=\"elementor-gallery-item__overlay\"><\/div>\n\t\t\t\t\t\t\t\t\t\t\t\t\t\t<\/a>\n\t\t\t\t\t\t\t<a class=\"e-gallery-item elementor-gallery-item elementor-animated-content\" href=\"https:\/\/sebastienparmentelot.com\/wp-content\/uploads\/2025\/03\/Le-Grand-Jardin-Ile-de-Lerins-Cannes-Sebastien-Parmentelot-74.avif\" data-elementor-open-lightbox=\"yes\" data-elementor-lightbox-slideshow=\"all-2c412f6\" data-elementor-lightbox-title=\"Le Grand Jardin Ile de Lerins Cannes S\u00e9bastien Parmentelot-74\" data-e-action-hash=\"#elementor-action%3Aaction%3Dlightbox%26settings%3DeyJpZCI6MTE3NDEsInVybCI6Imh0dHBzOlwvXC9zZWJhc3RpZW5wYXJtZW50ZWxvdC5jb21cL3dwLWNvbnRlbnRcL3VwbG9hZHNcLzIwMjVcLzAzXC9MZS1HcmFuZC1KYXJkaW4tSWxlLWRlLUxlcmlucy1DYW5uZXMtU2ViYXN0aWVuLVBhcm1lbnRlbG90LTc0LmF2aWYiLCJzbGlkZXNob3ciOiJhbGwtMmM0MTJmNiJ9\" data-lbwps-width=\"2048\" data-lbwps-height=\"1364\" data-lbwps-srcsmall=\"https:\/\/sebastienparmentelot.com\/wp-content\/uploads\/2025\/03\/Le-Grand-Jardin-Ile-de-Lerins-Cannes-Sebastien-Parmentelot-74-18x12.avif\">\n\t\t\t\t\t<div class=\"e-gallery-image elementor-gallery-item__image\" data-thumbnail=\"https:\/\/sebastienparmentelot.com\/wp-content\/uploads\/2025\/03\/Le-Grand-Jardin-Ile-de-Lerins-Cannes-Sebastien-Parmentelot-74.avif\" data-width=\"2048\" data-height=\"1364\" alt=\"\" ><\/div>\n\t\t\t\t\t\t\t\t\t\t\t<div class=\"elementor-gallery-item__overlay\"><\/div>\n\t\t\t\t\t\t\t\t\t\t\t\t\t\t<\/a>\n\t\t\t\t\t<\/div>\n\t\t\t\t\t<\/div>\n\t\t\t\t<\/div>\n\t\t\t\t\t<\/div>\n\t\t<\/div>\n\t\t\t\t\t<\/div>\n\t\t<\/section>\n\t\t\t\t<section class=\"elementor-section elementor-top-section elementor-element elementor-element-182f8c1 elementor-section-boxed elementor-section-height-default elementor-section-height-default exad-glass-effect-no exad-sticky-section-no\" data-id=\"182f8c1\" data-element_type=\"section\" data-e-type=\"section\">\n\t\t\t\t\t\t<div class=\"elementor-container elementor-column-gap-default\">\n\t\t\t\t\t<div class=\"elementor-column elementor-col-100 elementor-top-column elementor-element elementor-element-448220c exad-glass-effect-no exad-sticky-section-no\" data-id=\"448220c\" data-element_type=\"column\" data-e-type=\"column\">\n\t\t\t<div class=\"elementor-widget-wrap elementor-element-populated\">\n\t\t\t\t\t\t<div class=\"elementor-element elementor-element-a344cfd exad-sticky-section-no exad-glass-effect-no elementor-widget elementor-widget-gallery\" data-id=\"a344cfd\" data-element_type=\"widget\" data-e-type=\"widget\" data-settings=\"{&quot;columns&quot;:3,&quot;gap&quot;:{&quot;unit&quot;:&quot;px&quot;,&quot;size&quot;:30,&quot;sizes&quot;:[]},&quot;gallery_layout&quot;:&quot;masonry&quot;,&quot;lazyload&quot;:&quot;yes&quot;,&quot;columns_tablet&quot;:2,&quot;columns_mobile&quot;:1,&quot;gap_tablet_extra&quot;:{&quot;unit&quot;:&quot;px&quot;,&quot;size&quot;:10,&quot;sizes&quot;:[]},&quot;gap_tablet&quot;:{&quot;unit&quot;:&quot;px&quot;,&quot;size&quot;:10,&quot;sizes&quot;:[]},&quot;gap_mobile_extra&quot;:{&quot;unit&quot;:&quot;px&quot;,&quot;size&quot;:10,&quot;sizes&quot;:[]},&quot;gap_mobile&quot;:{&quot;unit&quot;:&quot;px&quot;,&quot;size&quot;:10,&quot;sizes&quot;:[]},&quot;link_to&quot;:&quot;file&quot;,&quot;overlay_background&quot;:&quot;yes&quot;,&quot;content_hover_animation&quot;:&quot;fade-in&quot;}\" data-widget_type=\"gallery.default\">\n\t\t\t\t<div class=\"elementor-widget-container\">\n\t\t\t\t\t\t\t<div class=\"elementor-gallery__container\">\n\t\t\t\t\t<\/div>\n\t\t\t\t\t<\/div>\n\t\t\t\t<\/div>\n\t\t\t\t\t<\/div>\n\t\t<\/div>\n\t\t\t\t\t<\/div>\n\t\t<\/section>\n\t\t\t\t<section class=\"elementor-section elementor-top-section elementor-element elementor-element-c2ff0cc elementor-section-boxed elementor-section-height-default elementor-section-height-default exad-glass-effect-no exad-sticky-section-no\" data-id=\"c2ff0cc\" data-element_type=\"section\" data-e-type=\"section\">\n\t\t\t\t\t\t<div class=\"elementor-container elementor-column-gap-default\">\n\t\t\t\t\t<div class=\"elementor-column elementor-col-100 elementor-top-column elementor-element elementor-element-ef82344 exad-glass-effect-no exad-sticky-section-no\" data-id=\"ef82344\" data-element_type=\"column\" data-e-type=\"column\">\n\t\t\t<div class=\"elementor-widget-wrap elementor-element-populated\">\n\t\t\t\t\t\t<div class=\"elementor-element elementor-element-dfce742 exad-sticky-section-no exad-glass-effect-no elementor-widget elementor-widget-heading\" data-id=\"dfce742\" data-element_type=\"widget\" data-e-type=\"widget\" data-widget_type=\"heading.default\">\n\t\t\t\t<div class=\"elementor-widget-container\">\n\t\t\t\t\t<p class=\"elementor-heading-title elementor-size-default\">Are you looking for a hotel photographer in the French Riviera, the Var or in the south of France ? <a href=\"https:\/\/sebastienparmentelot.com\/en\/contact-photographer-antibes\/\" style=\"white-space: normal\"><u>Contact S\u00e9bastien Parmentelot<\/u><\/a>  to reveal and sublimate the different spaces of your establishment, whether it is a luxury hotel, a boutique hotel, a resort, a castle, etc.<br><br>\n<\/p>\t\t\t\t<\/div>\n\t\t\t\t<\/div>\n\t\t\t\t\t<\/div>\n\t\t<\/div>\n\t\t\t\t\t<\/div>\n\t\t<\/section>\n\t\t\t\t<\/div>","protected":false},"excerpt":{"rendered":"<p>LE GRAND JARDIN CANNES Le Grand Jardin, seule propri\u00e9t\u00e9 priv\u00e9e de l\u2019\u00cele Sainte-Marguerite \u00e0 Cannes, est l&rsquo;une des destinations les plus exclusives de la C\u00f4te d\u2019Azur. Le domaine charg\u00e9 d\u2019histoire qui s\u2019\u00e9tend sur 14.000m\u00b2 dont un jardin class\u00e9 \u00ab Remarquable \u00bb est disponible \u00e0 la location et offre un service et des prestations 5*. Architecte [&hellip;]<\/p>\n","protected":false},"author":1,"featured_media":0,"parent":0,"menu_order":0,"comment_status":"closed","ping_status":"closed","template":"page-templates\/home.php","meta":{"footnotes":""},"class_list":["post-7569","page","type-page","status-publish","hentry"],"_links":{"self":[{"href":"https:\/\/sebastienparmentelot.com\/en\/wp-json\/wp\/v2\/pages\/7569","targetHints":{"allow":["GET"]}}],"collection":[{"href":"https:\/\/sebastienparmentelot.com\/en\/wp-json\/wp\/v2\/pages"}],"about":[{"href":"https:\/\/sebastienparmentelot.com\/en\/wp-json\/wp\/v2\/types\/page"}],"author":[{"embeddable":true,"href":"https:\/\/sebastienparmentelot.com\/en\/wp-json\/wp\/v2\/users\/1"}],"replies":[{"embeddable":true,"href":"https:\/\/sebastienparmentelot.com\/en\/wp-json\/wp\/v2\/comments?post=7569"}],"version-history":[{"count":81,"href":"https:\/\/sebastienparmentelot.com\/en\/wp-json\/wp\/v2\/pages\/7569\/revisions"}],"predecessor-version":[{"id":14149,"href":"https:\/\/sebastienparmentelot.com\/en\/wp-json\/wp\/v2\/pages\/7569\/revisions\/14149"}],"wp:attachment":[{"href":"https:\/\/sebastienparmentelot.com\/en\/wp-json\/wp\/v2\/media?parent=7569"}],"curies":[{"name":"wp","href":"https:\/\/api.w.org\/{rel}","templated":true}]}}